{"id":779327,"date":"2025-12-30T11:45:06","date_gmt":"2025-12-30T08:45:06","guid":{"rendered":"https:\/\/roveyayinevi.com.tr\/index.php\/urun\/anilar-belgeler-cilt-2\/"},"modified":"2026-04-15T03:41:34","modified_gmt":"2026-04-15T00:41:34","slug":"anilar-belgeler-cilt-2","status":"publish","type":"product","link":"https:\/\/roveyayinevi.com.tr\/index.php\/urun\/anilar-belgeler-cilt-2\/","title":{"rendered":"An\u0131lar Belgeler \u2013 Cilt 2"},"content":{"rendered":"<p>An\u0131lar-Belgeler-Cilt 2,  Kemal Burkay\u2019\u0131n 5 Ciltlik an\u0131lar\u0131n\u0131n \u0130kinci Cildi\u2019dir. \u0130lk bask\u0131s\u0131 2009 y\u0131l\u0131nda Yurt d\u0131\u015f\u0131nda  Roja Nu Yay\u0131nlar\u0131 aras\u0131nda, 2. Bask\u0131s\u0131 2010 y\u0131l\u0131nda \u0130stanbul\u2019da  Deng Yay\u0131nlar\u0131 aras\u0131nda yap\u0131lm\u0131\u015ft\u0131. Ge\u00e7en s\u00fcre i\u00e7inde t\u00fckendi\u011finden Vakf\u0131m\u0131z Yay\u0131nlar\u0131 aras\u0131nda 3. Bask\u0131s\u0131 Yap\u0131ld\u0131.  Di\u011fer d\u00f6rt cilt de \u00d6zg\u00fcrl\u00fck Yolu Vakf\u0131 Yay\u0131nlar\u0131 aras\u0131nda bas\u0131lm\u0131\u015ft\u0131r ve okuyucu dilerse tamam\u0131n\u0131 temin edebilir.   <\/p>\n","protected":false},"excerpt":{"rendered":"<p>An\u0131lar-Belgeler-Cilt 2, Kemal Burkay\u2019\u0131n 5 Ciltlik an\u0131lar\u0131n\u0131n \u0130kinci Cildi\u2019dir. \u0130lk bask\u0131s\u0131 2009 y\u0131l\u0131nda Yurt d\u0131\u015f\u0131nda Roja Nu Yay\u0131nlar\u0131 aras\u0131nda, 2. Bask\u0131s\u0131 2010 y\u0131l\u0131nda \u0130stanbul\u2019da Deng Yay\u0131nlar\u0131<span class=\"excerpt-hellip\"> [\u2026]<\/span><\/p>\n","protected":false},"featured_media":0,"template":"","meta":{"_monsterinsights_skip_tracking":false,"_monsterinsights_sitenote_active":false,"_monsterinsights_sitenote_note":"","_monsterinsights_sitenote_category":0},"product_brand":[],"product_cat":[13701,12291],"product_tag":[],"class_list":{"0":"post-779327","1":"product","2":"type-product","3":"status-publish","5":"product_cat-ani-mektup-gunluk","6":"product_cat-edebiyat","7":"pa_cilt-ciltli","8":"pa_tur-kitap","9":"pa_yayinevi-ozgurluk-yolu-vakfi-yayinlari","10":"pa_yazar-kemal-burkay","12":"first","13":"instock","14":"sale","15":"shipping-taxable","16":"purchasable","17":"product-type-simple"},"_links":{"self":[{"href":"https:\/\/roveyayinevi.com.tr\/index.php\/wp-json\/wp\/v2\/product\/779327","targetHints":{"allow":["GET"]}}],"collection":[{"href":"https:\/\/roveyayinevi.com.tr\/index.php\/wp-json\/wp\/v2\/product"}],"about":[{"href":"https:\/\/roveyayinevi.com.tr\/index.php\/wp-json\/wp\/v2\/types\/product"}],"wp:attachment":[{"href":"https:\/\/roveyayinevi.com.tr\/index.php\/wp-json\/wp\/v2\/media?parent=779327"}],"wp:term":[{"taxonomy":"product_brand","embeddable":true,"href":"https:\/\/roveyayinevi.com.tr\/index.php\/wp-json\/wp\/v2\/product_brand?post=779327"},{"taxonomy":"product_cat","embeddable":true,"href":"https:\/\/roveyayinevi.com.tr\/index.php\/wp-json\/wp\/v2\/product_cat?post=779327"},{"taxonomy":"product_tag","embeddable":true,"href":"https:\/\/roveyayinevi.com.tr\/index.php\/wp-json\/wp\/v2\/product_tag?post=779327"}],"curies":[{"name":"wp","href":"https:\/\/api.w.org\/{rel}","templated":true}]}}