{"id":779233,"date":"2025-12-30T11:19:04","date_gmt":"2025-12-30T08:19:04","guid":{"rendered":"https:\/\/roveyayinevi.com.tr\/index.php\/urun\/bir-vesayet-orgutu-olarak-nato\/"},"modified":"2026-04-16T03:10:46","modified_gmt":"2026-04-16T00:10:46","slug":"bir-vesayet-orgutu-olarak-nato","status":"publish","type":"product","link":"https:\/\/roveyayinevi.com.tr\/index.php\/urun\/bir-vesayet-orgutu-olarak-nato\/","title":{"rendered":"Bir Vesayet \u00d6rg\u00fct\u00fc Olarak NATO"},"content":{"rendered":"<p>T\u00fcrkiye\u2019de kli\u015fele\u015fmi\u015f siyasi bir s\u00f6ylem vard\u0131r: \u201cAskeri Vesayet\u201d ve \u201cDerin Devlet\u201d. Bu, \u00f6zellikle 1980 Amerikanc\u0131 Kenan Evren darbesi sonras\u0131 sivil siyasette bir ezber gibi tekrarland\u0131. 2002\u2019de AKP\u2019nin iktidara geli\u015finde de bu kli\u015fe s\u00f6ylem etkili bir slogan olarak kullan\u0131ld\u0131. Atat\u00fcrk\u2019\u00fcn askerlerinin hapishaneye at\u0131lmas\u0131nda da rol oynad\u0131 bu s\u00f6ylem. Bu kitapta, s\u00f6z konusu vesayetin NATO \/ ABD vesayeti oldu\u011funu ortaya koydum. Ve bu vesayet esasen askeri de\u011fil, siyasi \/ ekonomik \/ k\u00fclt\u00fcrel bir vesayettir. Bu vesayet a\u015f\u0131lmadan d\u00fcze \u00e7\u0131kmam\u0131z m\u00fcmk\u00fcn de\u011fildir. <\/p>\n","protected":false},"excerpt":{"rendered":"<p>T\u00fcrkiye\u2019de kli\u015fele\u015fmi\u015f siyasi bir s\u00f6ylem vard\u0131r: \u201cAskeri Vesayet\u201d ve \u201cDerin Devlet\u201d. Bu, \u00f6zellikle 1980 Amerikanc\u0131 Kenan Evren darbesi sonras\u0131 sivil siyasette bir ezber gibi tekrarland\u0131. 2002\u2019de<span class=\"excerpt-hellip\"> [\u2026]<\/span><\/p>\n","protected":false},"featured_media":0,"template":"","meta":{"_monsterinsights_skip_tracking":false,"_monsterinsights_sitenote_active":false,"_monsterinsights_sitenote_note":"","_monsterinsights_sitenote_category":0},"product_brand":[],"product_cat":[12337],"product_tag":[],"class_list":{"0":"post-779233","1":"product","2":"type-product","3":"status-publish","5":"product_cat-politika-siyaset","6":"pa_cilt-ciltsiz","7":"pa_tur-kitap","8":"pa_yayinevi-pankus-yayinlari","9":"pa_yazar-hasan-erel-huseyin-vodinali","11":"first","12":"instock","13":"sale","14":"shipping-taxable","15":"purchasable","16":"product-type-simple"},"_links":{"self":[{"href":"https:\/\/roveyayinevi.com.tr\/index.php\/wp-json\/wp\/v2\/product\/779233","targetHints":{"allow":["GET"]}}],"collection":[{"href":"https:\/\/roveyayinevi.com.tr\/index.php\/wp-json\/wp\/v2\/product"}],"about":[{"href":"https:\/\/roveyayinevi.com.tr\/index.php\/wp-json\/wp\/v2\/types\/product"}],"wp:attachment":[{"href":"https:\/\/roveyayinevi.com.tr\/index.php\/wp-json\/wp\/v2\/media?parent=779233"}],"wp:term":[{"taxonomy":"product_brand","embeddable":true,"href":"https:\/\/roveyayinevi.com.tr\/index.php\/wp-json\/wp\/v2\/product_brand?post=779233"},{"taxonomy":"product_cat","embeddable":true,"href":"https:\/\/roveyayinevi.com.tr\/index.php\/wp-json\/wp\/v2\/product_cat?post=779233"},{"taxonomy":"product_tag","embeddable":true,"href":"https:\/\/roveyayinevi.com.tr\/index.php\/wp-json\/wp\/v2\/product_tag?post=779233"}],"curies":[{"name":"wp","href":"https:\/\/api.w.org\/{rel}","templated":true}]}}