{"id":779224,"date":"2025-12-30T11:16:14","date_gmt":"2025-12-30T08:16:14","guid":{"rendered":"https:\/\/roveyayinevi.com.tr\/index.php\/urun\/aile-yasam-dongusu-ve-aile-ici-iliskliler\/"},"modified":"2026-04-16T03:08:48","modified_gmt":"2026-04-16T00:08:48","slug":"aile-yasam-dongusu-ve-aile-ici-iliskliler","status":"publish","type":"product","link":"https:\/\/roveyayinevi.com.tr\/index.php\/urun\/aile-yasam-dongusu-ve-aile-ici-iliskliler\/","title":{"rendered":"Aile Ya\u015fam D\u00f6ng\u00fcs\u00fc ve Aile \u0130\u00e7i \u0130li\u015fkliler"},"content":{"rendered":"<p>Aile Ya\u015fam D\u00f6ng\u00fcs\u00fc ve Aile \u0130\u00e7i \u0130li\u015fkiler, aile ya\u015fam\u0131n\u0131 etkileyen ge\u00e7i\u015f olaylar\u0131n\u0131 ve ya\u015fam s\u00fcrecini, ailelerin ya\u015fam d\u00f6ng\u00fcs\u00fc boyunca sahip olduklar\u0131 g\u00fc\u00e7l\u00fc y\u00f6nleri, kar\u015f\u0131la\u015ft\u0131klar\u0131 zorluklar\u0131, ailede ileti\u015fim ve ili\u015fkileri, aile sistemindeki bireyleri tan\u0131mlayan geli\u015fim a\u015famalar\u0131n\u0131 g\u00f6z \u00f6n\u00fcnde bulundurarak kuramlar ve ara\u015ft\u0131rmalar y\u00f6r\u00fcngesinde inceleyen bir \u00e7al\u0131\u015fmad\u0131r. Ailede ili\u015fkiler ve dinamikler ya\u015fam d\u00f6ng\u00fcs\u00fcne g\u00f6re do\u011fall\u0131\u011f\u0131nda de\u011fi\u015fmekte ve geli\u015fmektedir. Bu t\u00fcr geli\u015fmelerin do\u011fas\u0131nda, de\u011fi\u015fim ve ba\u011fl\u0131l\u0131klar\u0131 anlamak \u00f6nemlidir. Aile, \u00f6\u011frenme, geli\u015fme, \u00f6zveriyi te\u015fvik etme e\u015fler, e\u015fler ve \u00e7ocuklar, \u00e7ocuklar ile \u00e7ocuklar aras\u0131ndaki birlik i\u00e7in bir merkezdir. <\/p>\n","protected":false},"excerpt":{"rendered":"<p>Aile Ya\u015fam D\u00f6ng\u00fcs\u00fc ve Aile \u0130\u00e7i \u0130li\u015fkiler, aile ya\u015fam\u0131n\u0131 etkileyen ge\u00e7i\u015f olaylar\u0131n\u0131 ve ya\u015fam s\u00fcrecini, ailelerin ya\u015fam d\u00f6ng\u00fcs\u00fc boyunca sahip olduklar\u0131 g\u00fc\u00e7l\u00fc y\u00f6nleri, kar\u015f\u0131la\u015ft\u0131klar\u0131 zorluklar\u0131, ailede<span class=\"excerpt-hellip\"> [\u2026]<\/span><\/p>\n","protected":false},"featured_media":0,"template":"","meta":{"_monsterinsights_skip_tracking":false,"_monsterinsights_sitenote_active":false,"_monsterinsights_sitenote_note":"","_monsterinsights_sitenote_category":0},"product_brand":[],"product_cat":[12573,12566],"product_tag":[],"class_list":{"0":"post-779224","1":"product","2":"type-product","3":"status-publish","5":"product_cat-akademik-kitaplar","6":"product_cat-egitim","7":"pa_cilt-ciltsiz","8":"pa_tur-kitap","9":"pa_yayinevi-egiten-kitap","10":"pa_yazar-kolektif","12":"first","13":"instock","14":"sale","15":"shipping-taxable","16":"purchasable","17":"product-type-simple"},"_links":{"self":[{"href":"https:\/\/roveyayinevi.com.tr\/index.php\/wp-json\/wp\/v2\/product\/779224","targetHints":{"allow":["GET"]}}],"collection":[{"href":"https:\/\/roveyayinevi.com.tr\/index.php\/wp-json\/wp\/v2\/product"}],"about":[{"href":"https:\/\/roveyayinevi.com.tr\/index.php\/wp-json\/wp\/v2\/types\/product"}],"wp:attachment":[{"href":"https:\/\/roveyayinevi.com.tr\/index.php\/wp-json\/wp\/v2\/media?parent=779224"}],"wp:term":[{"taxonomy":"product_brand","embeddable":true,"href":"https:\/\/roveyayinevi.com.tr\/index.php\/wp-json\/wp\/v2\/product_brand?post=779224"},{"taxonomy":"product_cat","embeddable":true,"href":"https:\/\/roveyayinevi.com.tr\/index.php\/wp-json\/wp\/v2\/product_cat?post=779224"},{"taxonomy":"product_tag","embeddable":true,"href":"https:\/\/roveyayinevi.com.tr\/index.php\/wp-json\/wp\/v2\/product_tag?post=779224"}],"curies":[{"name":"wp","href":"https:\/\/api.w.org\/{rel}","templated":true}]}}