{"id":779175,"date":"2025-12-30T10:58:50","date_gmt":"2025-12-30T07:58:50","guid":{"rendered":"https:\/\/roveyayinevi.com.tr\/index.php\/urun\/hayat-problem-cozmekmis\/"},"modified":"2026-03-02T03:07:26","modified_gmt":"2026-03-02T00:07:26","slug":"hayat-problem-cozmekmis","status":"publish","type":"product","link":"https:\/\/roveyayinevi.com.tr\/index.php\/urun\/hayat-problem-cozmekmis\/","title":{"rendered":"Hayat Problem \u00c7\u00f6zmekmi\u015f"},"content":{"rendered":"<p>Erdal Aksoy, \u201ckurucu ku\u015fa\u011f\u0131n\u201d temsilcilerinden, \u00fclkenin en k\u00f6kl\u00fc holdinglerinden birini sab\u0131r vetitizlikle in\u015fa etmi\u015f bir i\u015f insan\u0131&#8230; Erken ya\u015fta hayata at\u0131larak ba\u015far\u0131n\u0131n \u015fans veya tesad\u00fcf olmad\u0131\u011f\u0131 inanc\u0131yla hayallerini ger\u00e7ekle\u015ftirme yolculu\u011funda; her daim cesur, hayata pozitif bakan, merakl\u0131, dostluklara\u00f6nem veren, m\u00fccadeleci ve pes etmemeyi se\u00e7en biri oldu. Cesur bir giri\u015fimci ve \u00e7\u00f6z\u00fcm odakl\u0131 bir yat\u0131r\u0131mc\u0131 olarak \u00fclkesine de\u011fer yaratmay\u0131 hedefledi. T\u00fcrkiye\u2019ye yap\u0131lanpek \u00e7ok uluslararas\u0131 yat\u0131r\u0131m\u0131n mimar\u0131yd\u0131. Bug\u00fcne kadar bas\u0131ndaki s\u00f6yle\u015fileri ve hakk\u0131ndaki haberlerle kamuoyunun tan\u0131d\u0131\u011f\u0131 bir isim olan Erdal Aksoy\u2019un, g\u00f6r\u00fcn\u00fcrl\u00fck konusunda o tevazu dolu d\u00fcnyas\u0131nda kendisini kamera ve objektiflerden uzak tuttu\u011funu s\u00f6yleyebiliriz. Bu bir tercihti.  \u015eimdi Erdal Aksoy\u2019un ya\u015fam\u0131n\u0131, hayallerini, de\u011ferlerini ve onu ba\u015far\u0131ya g\u00f6t\u00fcren hayat felsefesini b\u00fct\u00fcn samimiyeti ve \u015feffafl\u0131\u011f\u0131yla bu kitapta bulacaks\u0131n\u0131z. Erdal Aksoy\u2019un bilgi, birikim ve tecr\u00fcbeyle dam\u0131t\u0131lan, aileyle zenginle\u015fen, dostluklarla g\u00fc\u00e7lenen ve ba\u015far\u0131larla dolu ya\u015fam \u00f6yk\u00fcs\u00fcne tan\u0131kl\u0131k etmeye haz\u0131r m\u0131s\u0131n\u0131z? \u0130lham kayna\u011f\u0131 olmas\u0131 dile\u011fiyle&#8230;<\/p>\n","protected":false},"excerpt":{"rendered":"<p>Erdal Aksoy, \u201ckurucu ku\u015fa\u011f\u0131n\u201d temsilcilerinden, \u00fclkenin en k\u00f6kl\u00fc holdinglerinden birini sab\u0131r vetitizlikle in\u015fa etmi\u015f bir i\u015f insan\u0131&#8230; Erken ya\u015fta hayata at\u0131larak ba\u015far\u0131n\u0131n \u015fans veya tesad\u00fcf olmad\u0131\u011f\u0131<span class=\"excerpt-hellip\"> [\u2026]<\/span><\/p>\n","protected":false},"featured_media":0,"template":"","meta":{"_monsterinsights_skip_tracking":false,"_monsterinsights_sitenote_active":false,"_monsterinsights_sitenote_note":"","_monsterinsights_sitenote_category":0},"product_brand":[],"product_cat":[14009,12291],"product_tag":[],"class_list":{"0":"post-779175","1":"product","2":"type-product","3":"status-publish","5":"product_cat-biyografi-otobiyografi-edebiyat","6":"product_cat-edebiyat","7":"pa_cilt-ciltsiz","8":"pa_tur-kitap","9":"pa_yayinevi-dogan-kitap","10":"pa_yazar-ridvan-akar-hilmi-hacaloglu","12":"first","13":"instock","14":"sale","15":"shipping-taxable","16":"purchasable","17":"product-type-simple"},"_links":{"self":[{"href":"https:\/\/roveyayinevi.com.tr\/index.php\/wp-json\/wp\/v2\/product\/779175","targetHints":{"allow":["GET"]}}],"collection":[{"href":"https:\/\/roveyayinevi.com.tr\/index.php\/wp-json\/wp\/v2\/product"}],"about":[{"href":"https:\/\/roveyayinevi.com.tr\/index.php\/wp-json\/wp\/v2\/types\/product"}],"wp:attachment":[{"href":"https:\/\/roveyayinevi.com.tr\/index.php\/wp-json\/wp\/v2\/media?parent=779175"}],"wp:term":[{"taxonomy":"product_brand","embeddable":true,"href":"https:\/\/roveyayinevi.com.tr\/index.php\/wp-json\/wp\/v2\/product_brand?post=779175"},{"taxonomy":"product_cat","embeddable":true,"href":"https:\/\/roveyayinevi.com.tr\/index.php\/wp-json\/wp\/v2\/product_cat?post=779175"},{"taxonomy":"product_tag","embeddable":true,"href":"https:\/\/roveyayinevi.com.tr\/index.php\/wp-json\/wp\/v2\/product_tag?post=779175"}],"curies":[{"name":"wp","href":"https:\/\/api.w.org\/{rel}","templated":true}]}}