{"id":779082,"date":"2025-12-30T10:29:41","date_gmt":"2025-12-30T07:29:41","guid":{"rendered":"https:\/\/roveyayinevi.com.tr\/index.php\/urun\/sanat-dunyamiz-175-mart-nisan-2020\/"},"modified":"2026-03-18T02:42:29","modified_gmt":"2026-03-17T23:42:29","slug":"sanat-dunyamiz-175-mart-nisan-2020","status":"publish","type":"product","link":"https:\/\/roveyayinevi.com.tr\/index.php\/urun\/sanat-dunyamiz-175-mart-nisan-2020\/","title":{"rendered":"Sanat D\u00fcnyam\u0131z 175  \/ Mart-Nisan 2020"},"content":{"rendered":"<p>Sanat D\u00fcnyam\u0131z 175. say\u0131s\u0131nda bahar\u0131n geli\u015fini I\u015f\u0131k G\u00fcner\u2019in bitki resimleriyle kutluyor   Mart Nisan say\u0131s\u0131yla okurla bulu\u015fan Sanat D\u00fcnyam\u0131z dergisi, bitki ressam\u0131 I\u015f\u0131k G\u00fcner\u2019den, Arter\u2019de yer alan Ay\u015fe Erkmen\u2019in \u201cBeyaz\u0131mt\u0131rak\u201d sergisine, Nevhiz s\u00f6yle\u015fisinden, Hisler Ar\u015fivi: \u0130stanbul performans\u0131na, Alexis Gritchenko \u00fczerine bir incelemeden, \u00c7anakkale dosyas\u0131na, sanat\u0131n g\u00fcndemindeki konular\u0131 bir araya getiriyor. Sanat D\u00fcnyam\u0131z dergisinde bu say\u0131yla birlikte her say\u0131 bir sanat\u00e7\u0131n\u0131n okuduklar\u0131na, dinlediklerine, izlediklerine yer verilecek Ajanda k\u00f6\u015fesi ve Sanat \u0130nisiyatifleri S\u00f6yle\u015fi serisi de ba\u015fl\u0131yor.   Yabani bitkilerin kalp \u00e7arp\u0131nt\u0131s\u0131 Edinburg\u2019da ders veren, Rize \u00c7amlihem\u015fin\u2019deki at\u00f6lyesinde \u00e7evrenin bitkilerini kayda ge\u00e7iren ve bitki resimleri \u00fczerine \u00e7al\u0131\u015fmalar\u0131n\u0131 hem bilimsel yay\u0131nlarda hem de sergilerde payla\u015fan I\u015f\u0131k G\u00fcner\u2019in sanat\u0131 \u00fczerine bir incelemeyi Ece Balc\u0131o\u011flu kaleme ald\u0131.   Fahri \u0130stanbullu Alexis \u0130stanbul\u2019a 100 y\u0131l \u00f6nce konuk olmu\u015f Ukraynal\u0131 bir ressam Alexis Gritchenko. T\u00fcrkiye sanat tarihindeki yeri kulaktan kula\u011fa yay\u0131lan, az bilinen bir hikaye. \u015eimdi Meh\u015fer\u2019de 10 May\u0131s\u2019a dek \u201cAlexis Gritchenko: \u0130stanbul Y\u0131llar\u0131\u201d ba\u015fl\u0131\u011f\u0131 alt\u0131ndaki Alexis Gritchenko sergisi bu fahri \u0130stanbulluyu detayl\u0131 bi\u00e7imde ele al\u0131yor. Sanat tarih\u00e7i Ali Kayaalp ressam\u0131n sanat yaz\u0131n\u0131ndaki ke\u015ffini kaleme ald\u0131.   Nevhiz\u2019le bir s\u00f6yle\u015fi 12 Nisan 2020\u2019ye dek \u0130\u015f Sanat Kibele Sanat Galerisi\u2019nde yer alacak Nevhiz retrospektifi \u201cVarl\u0131\u011f\u0131m\u0131n Garip \u015eark\u0131s\u0131\u201d vesilesiyle Merve \u00dcnsal sanat\u00e7\u0131yla bir s\u00f6yle\u015fi ger\u00e7ekle\u015ftirdi. Nevhiz, sanat ya\u015fam\u0131n\u0131 \u201cKaranfil elden ele, misali\u201d diyerek anlat\u0131yor.   Artemisia\u2019n\u0131n izinden D\u00fc\u015fman ordusu i\u00e7ine s\u0131zan Judith gibi, kendisinden s\u00f6k\u00fcp al\u0131nan hayat\u0131n ba\u015fkalar\u0131 i\u00e7in oh ne ala devam etti\u011fi adaletsiz bir d\u00fcnyaya s\u0131zarak tarihi ba\u015fka t\u00fcrl\u00fc okumaya firsat verecek minik ipu\u00e7lar\u0131 b\u0131rakan bir casus Artemisia. National Gallery\u2019de 4 Nisan \u2013 26 Haziran aras\u0131nda devam edecek \u201cArtemisia\u201d sergisi vesilesiyle P\u0131nar \u00dczelt\u00fczenci ressam\u0131 incelemeye ald\u0131.   \u0130leti\u015fim alan\u0131 olarak m\u00fcze \u00c7a\u011fda\u015f sanat\u0131 farkl\u0131 platformlarda ifade etmek i\u00e7in kullan\u0131lan en etkin y\u00f6ntemlerden biri olan dijital m\u00fczeler, ziyaret\u00e7iyle ileti\u015fim alan\u0131 ve k\u00fcrat\u00f6ryel yakla\u015f\u0131mlarda yenilikler vaat ediyor. British Council\u2019in \u201cDuvarlar\u0131 Olmayan M\u00fcze\u201d sergilerinin d\u00f6rd\u00fcnc\u00fcs\u00fc \u201cVarmak \u00dczere\u201d dijital m\u00fczelerin yeni s\u00f6ylemlerine dair g\u00fc\u00e7l\u00fc bir \u00f6rnek. Hatice Utkan \u00d6zden de\u011ferlendirdi.   \u00c7anakkale ve umut etme sebepleri Merkezde tarih yazmaya meyilli sanatin aks\u0131 nas\u0131l ba\u015fka yerlere kayar? Sanat mek\u00e2nlar\u0131n\u0131n \u00f6nemi hangi noktada kar\u015f\u0131m\u0131za \u00e7\u0131kar? Birle\u015ftirici bir g\u00fc\u00e7ten bahsederken neleri kast ederiz? \u00c7anakkale\u2019deki olu\u015fumlar\u0131 ve hareketlili\u011fi bu sorular ekseninde F\u0131rat Arapo\u011flu de\u011ferlendirdi.   Bir devrin tan\u0131\u011f\u0131 \u0130stanbul Modern Foto\u011fraf Galerisi\u2019nde N\u00e2z\u0131m Hikmet, Samuel Beckett ve Ren\u00e9 Char\u2019in aralar\u0131nda bulundu\u011fu isimleri foto\u011fraflayan L\u00fctfi \u00d6zk\u00f6k\u2019\u00fcn 20. y\u00fczy\u0131l portrelerine yer veren sergisi 3 May\u0131s 2020\u2019ye kadar s\u00fcrecek. Sergiyi ve \u00d6zk\u00f6k\u2019\u00fcn ser\u00fcvenini Yasemin El\u00e7i izledi.   Ay\u015fe Erkmen\u2019den \u201cBeyaz\u0131mt\u0131rak\u201d Arter\u2019de 19 Nisan 2020\u2019ye kadar devam eden Ay\u015fe Erkmen\u2019in sergisi \u201cBeyaz\u0131mt\u0131rak\u201d, Erkmen\u2019in prati\u011fini incelemek i\u00e7in f\u0131rsat sunuyor. Sergiyi Nergis Ab\u0131yeva de\u011ferlendirdi.   Sanat \u0130nisiyatifleri S\u00f6yle\u015fileri ba\u015fl\u0131yor: Hayy A\u00e7\u0131k Alan Bu say\u0131da ba\u015flatt\u0131\u011f\u0131m\u0131z Rana Kelleci\u2019nin ger\u00e7ekle\u015ftirdi\u011fi Sanat \u0130nisiyatifleri S\u00f6yle\u015fileri, ba\u011f\u0131ms\u0131z sanat alan\u0131na bir bak\u0131\u015f sunmay\u0131 ve bu alandaki g\u00fcncel akt\u00f6rlerin nelerle u\u011fra\u015ft\u0131\u011f\u0131n\u0131, neler yapt\u0131klar\u0131n\u0131 belgelemeyi hedefliyor. \u0130lk konu\u011fumuz olan Saliha Yavuz ve Ay\u015fe G\u00fcr\u2019\u00fcn kurduklar\u0131 \u0130zmir\u2019deki Hayy A\u00e7\u0131k Alan.   Deneyim \u015eapkalar\u0131 VI S\u00fcreyyya Evren\u2019in kaleme ald\u0131\u011f\u0131 Deneyim \u015eapkalar\u0131 serisinin son yaz\u0131s\u0131nda kararlar, binlerce vazge\u00e7i\u015fler, a\u00e7\u0131klamalara kar\u015f\u0131 deneyimlere bak\u0131yor ve \u015fapkalar\u0131 ask\u0131daki yerlerine b\u0131rak\u0131yoruz.   Prof. Dr. Suraiya Faroqhi: Osmanl\u0131 ya\u015fam\u0131n\u0131n pe\u015fine du\u0308\u015fen bir tarih\u00e7i Tarih\u00e7i Suraiya Faroqhi, Osmanl\u0131 tarihi pe\u015findeki ya\u015fam\u0131n\u0131, e\u011fitimini ve \u00e7al\u0131\u015fmalar\u0131n\u0131 Bellek\/Emek serisinde Nazl\u0131 Pekta\u015f\u2019a anlatt\u0131.   Tarih Edebiyat Sanat K\u00fct\u00fcphanesi Kad\u0131k\u00f6y\u2019de mimarisiyle de ilgi uyand\u0131ran Tarih Edebiyat ve Sanat K\u00fct\u00fcphanesi, k\u00fclt\u00fcrel belle\u011fi diri tutmay\u0131 ama\u00e7l\u0131yor. Sanat K\u00fct\u00fcphaneleri Serisi\u2019nde Ya\u015far Kemal\u2019den Adalet A\u011fao\u011flu\u2019na \u00e7ok say\u0131da yazar\u0131n imzal\u0131 kitab\u0131na, kitap ve hatta m\u00fczik ar\u015fivi koleksiyonlarina ev sahipli\u011fi eden TESAK\u2019\u0131n birim y\u00f6neticisi Eda Akg\u00fcn ile Y\u00fccel Manyas g\u00f6r\u00fc\u015ft\u00fc.   Nalan Y\u0131rtma\u00e7 sergisinin izleri Nalan Y\u0131rtma\u00e7\u2019\u0131n Depo\u2019da, 15 Kas\u0131m-29 Aral\u0131k 2019 Aras\u0131nda \u201c\u0130sim, \u015eehir, Bitki, Hayvan\u201d ismiyle ger\u00e7ekle\u015fen sergisi, bir aradal\u0131k d\u00fczleminin yeniden d\u00fc\u015f\u00fcn\u00fclebilir ve in\u015fa edilebilir olmas\u0131na dair kuvvetli bir kar\u015f\u0131la\u015fma \u00f6neriyordu. Sergiyi derginin \u0130z b\u00f6l\u00fcm\u00fcnde Kevser G\u00fcler kaleme ald\u0131.   Arkada\u015fl\u0131k ve performans \u00fczerine \u201cA Corner In The World\u201d\u00fc 29\u2019 59\u2019\u2019 se\u00e7kisi kapsam\u0131nda Salt Beyo\u011flu\u2019nda sergilenen Yer Yer Hareketli Sunum, biri ses di\u011feri hareketle \u00e7al\u0131\u015fan iki sanat\u00e7\u0131n\u0131n \u00fczerinde \u00e7al\u0131\u015fmaya devam ettikleri bir performans projesi. \u201cHayal g\u00fcc\u00fcn\u00fc harekete ge\u00e7irip \u00e7a\u011fr\u0131\u015f\u0131mlari tetikleyebilen ses ve hareket alanlar\u0131 yaratmak\u201d istediklerini s\u00f6yleyen Burcu Bilgi\u00e7 ve Ekin Bozkurt\u2019un performans\u0131, do\u011fa\u00e7lamalarla \u015fekilleniyor. \u0130ki sanat\u00e7\u0131n\u0131n Sanat D\u00fcnyam\u0131z i\u00e7in haz\u0131rlad\u0131\u011f\u0131 diyalo\u011fu \u0130z b\u00f6l\u00fcm\u00fcnde sunuyoruz.   Hisli Co\u011frafyan\u0131n Kayd\u0131 Moda Sahnesi\u2019nde Aral\u0131k sonunda pr\u00f6miyer yapan ve sezon boyu sahnelenecek olan Hisler Ar\u015fivi: \u0130stanbul, izleyiciyi ya\u015fad\u0131\u011f\u0131m\u0131z \u015fehrin belle\u011fine, bizde b\u0131rakt\u0131\u011f\u0131 hislere bakmaya \u00e7a\u011f\u0131r\u0131yor. Pr\u00f6miyer sonras\u0131 izlenimini \u015e\u00fckran \u00c7akmak kaleme ald\u0131. <\/p>\n","protected":false},"excerpt":{"rendered":"<p>Sanat D\u00fcnyam\u0131z 175. say\u0131s\u0131nda bahar\u0131n geli\u015fini I\u015f\u0131k G\u00fcner\u2019in bitki resimleriyle kutluyor Mart Nisan say\u0131s\u0131yla okurla bulu\u015fan Sanat D\u00fcnyam\u0131z dergisi, bitki ressam\u0131 I\u015f\u0131k G\u00fcner\u2019den, Arter\u2019de yer alan<span class=\"excerpt-hellip\"> [\u2026]<\/span><\/p>\n","protected":false},"featured_media":0,"template":"","meta":{"_monsterinsights_skip_tracking":false,"_monsterinsights_sitenote_active":false,"_monsterinsights_sitenote_note":"","_monsterinsights_sitenote_category":0},"product_brand":[],"product_cat":[22066,13527],"product_tag":[],"class_list":{"0":"post-779082","1":"product","2":"type-product","3":"status-publish","5":"product_cat-sanat-sureli-yayinlar","6":"product_cat-sureli-yayinlar","7":"pa_cilt-ciltsiz","8":"pa_tur-kitap","9":"pa_yayinevi-yapi-kredi-yayinlari-dergi","10":"pa_yazar-kolektif","12":"first","13":"instock","14":"sale","15":"shipping-taxable","16":"purchasable","17":"product-type-simple"},"_links":{"self":[{"href":"https:\/\/roveyayinevi.com.tr\/index.php\/wp-json\/wp\/v2\/product\/779082","targetHints":{"allow":["GET"]}}],"collection":[{"href":"https:\/\/roveyayinevi.com.tr\/index.php\/wp-json\/wp\/v2\/product"}],"about":[{"href":"https:\/\/roveyayinevi.com.tr\/index.php\/wp-json\/wp\/v2\/types\/product"}],"wp:attachment":[{"href":"https:\/\/roveyayinevi.com.tr\/index.php\/wp-json\/wp\/v2\/media?parent=779082"}],"wp:term":[{"taxonomy":"product_brand","embeddable":true,"href":"https:\/\/roveyayinevi.com.tr\/index.php\/wp-json\/wp\/v2\/product_brand?post=779082"},{"taxonomy":"product_cat","embeddable":true,"href":"https:\/\/roveyayinevi.com.tr\/index.php\/wp-json\/wp\/v2\/product_cat?post=779082"},{"taxonomy":"product_tag","embeddable":true,"href":"https:\/\/roveyayinevi.com.tr\/index.php\/wp-json\/wp\/v2\/product_tag?post=779082"}],"curies":[{"name":"wp","href":"https:\/\/api.w.org\/{rel}","templated":true}]}}