{"id":778906,"date":"2025-12-30T09:44:16","date_gmt":"2025-12-30T06:44:16","guid":{"rendered":"https:\/\/roveyayinevi.com.tr\/index.php\/urun\/grek-felsefesi-tarihi\/"},"modified":"2026-04-16T02:05:07","modified_gmt":"2026-04-15T23:05:07","slug":"grek-felsefesi-tarihi","status":"publish","type":"product","link":"https:\/\/roveyayinevi.com.tr\/index.php\/urun\/grek-felsefesi-tarihi\/","title":{"rendered":"Grek Felsefesi Tarihi"},"content":{"rendered":"<p>Eduard Zeller (1814-1908), \u00f6zg\u00fcn teoloji yaz\u0131lar\u0131n\u0131n yan\u0131 s\u0131ra, Yeni Kant\u00e7\u0131l\u0131k ve Yeni Ele\u015ftiri ba\u011flam\u0131ndaki tezleriyle dikkat \u00e7ekmi\u015f, Hegel ve Kant \u00e7al\u0131\u015fmalar\u0131yla d\u00f6neminin k\u00fclt\u00fcr hayat\u0131na damga vurmu\u015f bir Alman filozoftur. Ancak as\u0131l \u00fcn\u00fcn\u00fc, felsefe tarihi alan\u0131nda yapt\u0131\u011f\u0131 \u00e7al\u0131\u015fmalarla elde etmi\u015ftir. Grek Felsefesi Tarihi, yay\u0131mland\u0131\u011f\u0131nda hararetle alk\u0131\u015flanan, d\u00fcnya \u00e7ap\u0131nda itibar g\u00f6ren bir eser olmu\u015f, \u00fczerinden ge\u00e7en onca y\u0131la ra\u011fmen, tazeli\u011finden hi\u00e7bir \u015fey yitirmemi\u015ftir. H\u00e2l\u00e2 antik Yunan felsefesi \u00fczerine yap\u0131lm\u0131\u015f en muteber \u00e7al\u0131\u015fmalar aras\u0131nda g\u00f6sterilmektedir. Zeller, bu eserinde, Sokrates \u00f6ncesinden Roma d\u00f6nemine de\u011fin felsefesiyle \u00f6ne \u00e7\u0131km\u0131\u015f t\u00fcm d\u00fc\u015f\u00fcn\u00fcrleri, bu d\u00fc\u015f\u00fcn\u00fcrlerin eserlerini, belirli bir yayg\u0131nl\u0131\u011fa ula\u015fm\u0131\u015f ak\u0131mlar\u0131, ayr\u0131nt\u0131l\u0131 ve herkesin anlayabilece\u011fi bir dille ele almaktad\u0131r. Zeller&#8217;in deyi\u015fiyle, bu kitapta g\u00fcd\u00fclen ama\u00e7, &#8220;ders verenlerin i\u015fine kar\u0131\u015fmaks\u0131z\u0131n&#8221; \u00f6\u011frencileri hayata yahut s\u0131navlara haz\u0131rlamak ve onlara zaman kazand\u0131ran &#8220;\u00f6nemli referanslar ve kaynaklar sunmak&#8221;t\u0131r. Felsefe tarihine merakl\u0131lar i\u00e7in&#8230; <\/p>\n","protected":false},"excerpt":{"rendered":"<p>Eduard Zeller (1814-1908), \u00f6zg\u00fcn teoloji yaz\u0131lar\u0131n\u0131n yan\u0131 s\u0131ra, Yeni Kant\u00e7\u0131l\u0131k ve Yeni Ele\u015ftiri ba\u011flam\u0131ndaki tezleriyle dikkat \u00e7ekmi\u015f, Hegel ve Kant \u00e7al\u0131\u015fmalar\u0131yla d\u00f6neminin k\u00fclt\u00fcr hayat\u0131na damga vurmu\u015f<span class=\"excerpt-hellip\"> [\u2026]<\/span><\/p>\n","protected":false},"featured_media":0,"template":"","meta":{"_monsterinsights_skip_tracking":false,"_monsterinsights_sitenote_active":false,"_monsterinsights_sitenote_note":"","_monsterinsights_sitenote_category":0},"product_brand":[],"product_cat":[12388,14717],"product_tag":[],"class_list":{"0":"post-778906","1":"product","2":"type-product","3":"status-publish","5":"product_cat-felsefe","6":"product_cat-felsefe-tarihi","7":"pa_cilt-ciltsiz","8":"pa_tur-kitap","9":"pa_yayinevi-say-yayinlari","10":"pa_yazar-eduard-zeller","12":"first","13":"instock","14":"sale","15":"shipping-taxable","16":"purchasable","17":"product-type-simple"},"_links":{"self":[{"href":"https:\/\/roveyayinevi.com.tr\/index.php\/wp-json\/wp\/v2\/product\/778906","targetHints":{"allow":["GET"]}}],"collection":[{"href":"https:\/\/roveyayinevi.com.tr\/index.php\/wp-json\/wp\/v2\/product"}],"about":[{"href":"https:\/\/roveyayinevi.com.tr\/index.php\/wp-json\/wp\/v2\/types\/product"}],"wp:attachment":[{"href":"https:\/\/roveyayinevi.com.tr\/index.php\/wp-json\/wp\/v2\/media?parent=778906"}],"wp:term":[{"taxonomy":"product_brand","embeddable":true,"href":"https:\/\/roveyayinevi.com.tr\/index.php\/wp-json\/wp\/v2\/product_brand?post=778906"},{"taxonomy":"product_cat","embeddable":true,"href":"https:\/\/roveyayinevi.com.tr\/index.php\/wp-json\/wp\/v2\/product_cat?post=778906"},{"taxonomy":"product_tag","embeddable":true,"href":"https:\/\/roveyayinevi.com.tr\/index.php\/wp-json\/wp\/v2\/product_tag?post=778906"}],"curies":[{"name":"wp","href":"https:\/\/api.w.org\/{rel}","templated":true}]}}