{"id":778837,"date":"2025-11-21T12:17:06","date_gmt":"2025-11-21T09:17:06","guid":{"rendered":"https:\/\/roveyayinevi.com.tr\/index.php\/urun\/ardahan-kazasi-1926-1992-tarihi-mulki-siyasi-kulturel-ve-sosyoekonomik-yonleriyle\/"},"modified":"2026-04-15T03:44:13","modified_gmt":"2026-04-15T00:44:13","slug":"ardahan-kazasi-1926-1992-tarihi-mulki-siyasi-kulturel-ve-sosyoekonomik-yonleriyle","status":"publish","type":"product","link":"https:\/\/roveyayinevi.com.tr\/index.php\/urun\/ardahan-kazasi-1926-1992-tarihi-mulki-siyasi-kulturel-ve-sosyoekonomik-yonleriyle\/","title":{"rendered":"Ardahan Kazas\u0131 (1926 &#8211; 1992) Tarihi, M\u00fclki, Siyasi, K\u00fclt\u00fcrel Ve Sosyoekonomik Y\u00f6nleriyle"},"content":{"rendered":"<p>Elviye-i Selase (Kars, Ardahan, Batum) olarak adland\u0131r\u0131lan \u00fc\u00e7 vilayetten biri olan Ardahan, 93 Harbi olarak da bilinen 1877-1878 Osmanl\u0131-Rus Harbi sonunda Kars ve Batum\u2019la beraber sava\u015f tazminat\u0131 kar\u015f\u0131l\u0131\u011f\u0131nda \u00c7arl\u0131k Rusyas\u0131na b\u0131rak\u0131lm\u0131\u015ft\u0131r. Rus y\u00f6netimi alt\u0131nda kald\u0131\u011f\u0131 s\u00fcre boyunca Ermeni ve G\u00fcrc\u00fc tedhi\u015f hareketlerine u\u011frayan \u015fehrin, T\u00fcrk-\u0130slam tebas\u0131 bu i\u015fgal d\u00f6neminde, b\u00fcy\u00fck bir k\u0131y\u0131ma u\u011fram\u0131\u015f ve g\u00f6\u00e7e zorlanm\u0131\u015ft\u0131r. 23 \u015eubat 1921\u2019de T\u00fcrk Ordusu taraf\u0131ndan kurtar\u0131lan Ardahan, yakla\u015f\u0131k k\u0131rk y\u0131l sonra ana vatana yeniden kat\u0131lm\u0131\u015ft\u0131r. Kurtulu\u015fun ard\u0131ndan 1921-1926 y\u0131llar\u0131 aras\u0131nda vilayet stat\u00fcs\u00fcnde olan Ardahan\u2019\u0131n; baz\u0131 devlet g\u00f6revlilerinin ger\u00e7ekle\u015ftirdi\u011fi tetkikler neticesinde vilayetten ziyade daha \u00e7ok bir kaza g\u00f6r\u00fcnt\u00fcs\u00fcnde oldu\u011fu belirtilmi\u015f ve 1926 y\u0131l\u0131nda Ardahan kazaya d\u00f6n\u00fc\u015ft\u00fcr\u00fclerek Kars\u2019a ba\u011flanm\u0131\u015ft\u0131r. Tam 66 y\u0131l Kars\u2019a ba\u011fl\u0131 kaza stat\u00fcs\u00fcnde olan Ardahan, 27 May\u0131s 1992\u2019de tekrar vilayet stat\u00fcs\u00fcne kavu\u015fmu\u015ftur. Uzun y\u0131llar i\u015fgal alt\u0131nda kalm\u0131\u015f ve yerli halk\u0131n\u0131n \u00e7o\u011fu g\u00f6\u00e7 etmi\u015f olan Ardahan kazas\u0131, ba\u015fta e\u011fitim olmak \u00fczere hayat\u0131n her alan\u0131nda geli\u015ftirilmeye muhta\u00e7 idi. Bu y\u00fczden Cumhuriyetin ilk y\u0131llar\u0131ndan itibaren bu do\u011frultuda \u00e7al\u0131\u015fmalar ba\u015flam\u0131\u015f ve ilerleyen y\u0131llarda da devam etmi\u015ftir.<\/p>\n","protected":false},"excerpt":{"rendered":"<p>Elviye-i Selase (Kars, Ardahan, Batum) olarak adland\u0131r\u0131lan \u00fc\u00e7 vilayetten biri olan Ardahan, 93 Harbi olarak da bilinen 1877-1878 Osmanl\u0131-Rus Harbi sonunda Kars ve Batum\u2019la beraber sava\u015f<span class=\"excerpt-hellip\"> [\u2026]<\/span><\/p>\n","protected":false},"featured_media":0,"template":"","meta":{"_monsterinsights_skip_tracking":false,"_monsterinsights_sitenote_active":false,"_monsterinsights_sitenote_note":"","_monsterinsights_sitenote_category":0},"product_brand":[],"product_cat":[12370,12304],"product_tag":[],"class_list":{"0":"post-778837","1":"product","2":"type-product","3":"status-publish","5":"product_cat-arastirma-inceleme","6":"product_cat-tarih","7":"pa_cilt-ciltsiz","8":"pa_tur-kitap","9":"pa_yayinevi-soncag-akademik-kitaplar","10":"pa_yazar-guler-ertem","12":"first","13":"instock","14":"sale","15":"shipping-taxable","16":"purchasable","17":"product-type-simple"},"_links":{"self":[{"href":"https:\/\/roveyayinevi.com.tr\/index.php\/wp-json\/wp\/v2\/product\/778837","targetHints":{"allow":["GET"]}}],"collection":[{"href":"https:\/\/roveyayinevi.com.tr\/index.php\/wp-json\/wp\/v2\/product"}],"about":[{"href":"https:\/\/roveyayinevi.com.tr\/index.php\/wp-json\/wp\/v2\/types\/product"}],"wp:attachment":[{"href":"https:\/\/roveyayinevi.com.tr\/index.php\/wp-json\/wp\/v2\/media?parent=778837"}],"wp:term":[{"taxonomy":"product_brand","embeddable":true,"href":"https:\/\/roveyayinevi.com.tr\/index.php\/wp-json\/wp\/v2\/product_brand?post=778837"},{"taxonomy":"product_cat","embeddable":true,"href":"https:\/\/roveyayinevi.com.tr\/index.php\/wp-json\/wp\/v2\/product_cat?post=778837"},{"taxonomy":"product_tag","embeddable":true,"href":"https:\/\/roveyayinevi.com.tr\/index.php\/wp-json\/wp\/v2\/product_tag?post=778837"}],"curies":[{"name":"wp","href":"https:\/\/api.w.org\/{rel}","templated":true}]}}