{"id":778821,"date":"2025-11-21T12:15:47","date_gmt":"2025-11-21T09:15:47","guid":{"rendered":"https:\/\/roveyayinevi.com.tr\/index.php\/urun\/frantz-fanon\/"},"modified":"2026-03-03T03:56:47","modified_gmt":"2026-03-03T00:56:47","slug":"frantz-fanon","status":"publish","type":"product","link":"https:\/\/roveyayinevi.com.tr\/index.php\/urun\/frantz-fanon\/","title":{"rendered":"Frantz Fanon"},"content":{"rendered":"<p>\u201cFanon, d\u00fc\u015f\u00fcnce d\u00fcnyas\u0131ndaki kolonyal d\u00f6neme\u00e7 dedi\u011fim k\u00fcresel d\u00f6n\u00fc\u015f\u00fcme damgas\u0131n\u0131 en \u00e7ok vuran d\u00fc\u015f\u00fcn\u00fcr. Ki\u015fi \u00f6znel olarak ba\u015fka bir anti-kolonyal d\u00fc\u015f\u00fcn\u00fcr\u00fc daha \u00e7ok sevebilir veya daha \u00f6nemli bulabilir. Fakat nesnel olarak, Fanon\u2019un k\u00fcresel etkisi benzerlerinin \u00e7ok \u00f6tesinde. Zaman\u0131nda s\u0131kl\u0131kla \u2018\u00dc\u00e7\u00fcnc\u00fc D\u00fcnya\u2019n\u0131n Marx\u2019\u0131\u2019 olarak adland\u0131r\u0131lmas\u0131 bo\u015funa de\u011fil. O y\u00fczden bu fark\u0131 genel anti-kolonyal ba\u011flam\u0131n d\u0131\u015f\u0131ndaki ki\u015fisel fakt\u00f6rlerle de anlamaya \u00e7al\u0131\u015fmak gerekiyor.\u201d D\u00fc\u015f\u00fcn\u00fcr\u00fcn do\u011fumunun y\u00fcz\u00fcnc\u00fc y\u0131l\u0131na bir selam say\u0131labilecek olan bu kitapta Bar\u0131\u015f \u00dcnl\u00fc, Frantz Fanon\u2019un bir biyografisini veya el kitab\u0131n\u0131 de\u011fil, geni\u015f ufuklu bir ele\u015ftirel okumas\u0131n\u0131 sunuyor. Fanon\u2019un s\u00f6m\u00fcrgecili\u011fi, \u0131rk\u00e7\u0131l\u0131\u011f\u0131, kapitalizmi, sosyalizmi ku\u015fatan geni\u015f ufkuna keskin bir bak\u0131\u015f sunuyor. Hem b\u00fct\u00fcnsellik arz eden hem de varolu\u015fsal bir gerilim bar\u0131nd\u0131ran \u00fc\u00e7 Fanon\u2019la konu\u015fuyor kitap: D\u00fc\u015f\u00fcn\u00fcr, devrimci ve doktor. Hem kendini hem d\u00fcnyay\u0131 de\u011fi\u015ftirme arzusunun pe\u015finde, d\u00fc\u015f\u00fcn\u00fcr ve devrimci olman\u0131n gerilimi, fanilik ile \u00f6l\u00fcms\u00fczl\u00fck aras\u0131ndaki gerilimi de yans\u0131t\u0131yor. S\u00f6zle\u015fme d\u00fc\u015f\u00fcn\u00fcr\u00fc-s\u00f6m\u00fcrge d\u00fc\u015f\u00fcn\u00fcr\u00fc fark\u0131, kitab\u0131n verimli ikiliklerinden biri. Fanon, \u201cmakbul\u201d \u00f6znelerin hukukuna dayanan s\u00f6zle\u015fmeci tasavvur kar\u015f\u0131s\u0131nda s\u00f6m\u00fcrge \u201cdurumuna\u201d odaklanan d\u00fc\u015f\u00fcnsel \u00e7aban\u0131n \u00f6nc\u00fcs\u00fcyd\u00fc. Bu mukayese ekseni, iki b\u00fcy\u00fck d\u00fc\u015f\u00fcn\u00fcr\u00fcn, Hannah Arendt ile Immanuel Wallerstein\u2019\u0131n Fanon yorumlar\u0131yla da kesi\u015fiyor. \u00dcnl\u00fc, bu yorumlar ekseninde, Fanon\u2019dan \u00f6\u011frenmenin ve \u00f6\u011frenememenin imk\u00e2nlar\u0131n\u0131 tart\u0131\u015f\u0131yor.<\/p>\n","protected":false},"excerpt":{"rendered":"<p>\u201cFanon, d\u00fc\u015f\u00fcnce d\u00fcnyas\u0131ndaki kolonyal d\u00f6neme\u00e7 dedi\u011fim k\u00fcresel d\u00f6n\u00fc\u015f\u00fcme damgas\u0131n\u0131 en \u00e7ok vuran d\u00fc\u015f\u00fcn\u00fcr. Ki\u015fi \u00f6znel olarak ba\u015fka bir anti-kolonyal d\u00fc\u015f\u00fcn\u00fcr\u00fc daha \u00e7ok sevebilir veya daha \u00f6nemli<span class=\"excerpt-hellip\"> [\u2026]<\/span><\/p>\n","protected":false},"featured_media":0,"template":"","meta":{"_monsterinsights_skip_tracking":false,"_monsterinsights_sitenote_active":false,"_monsterinsights_sitenote_note":"","_monsterinsights_sitenote_category":0},"product_brand":[],"product_cat":[13946,12304],"product_tag":[],"class_list":{"0":"post-778821","1":"product","2":"type-product","3":"status-publish","5":"product_cat-biyografi-otobiyografi","6":"product_cat-tarih","7":"pa_cilt-ciltsiz","8":"pa_tur-kitap","9":"pa_yayinevi-iletisim-yayinlari","10":"pa_yazar-baris-unlu","12":"first","13":"instock","14":"sale","15":"shipping-taxable","16":"purchasable","17":"product-type-simple"},"_links":{"self":[{"href":"https:\/\/roveyayinevi.com.tr\/index.php\/wp-json\/wp\/v2\/product\/778821","targetHints":{"allow":["GET"]}}],"collection":[{"href":"https:\/\/roveyayinevi.com.tr\/index.php\/wp-json\/wp\/v2\/product"}],"about":[{"href":"https:\/\/roveyayinevi.com.tr\/index.php\/wp-json\/wp\/v2\/types\/product"}],"wp:attachment":[{"href":"https:\/\/roveyayinevi.com.tr\/index.php\/wp-json\/wp\/v2\/media?parent=778821"}],"wp:term":[{"taxonomy":"product_brand","embeddable":true,"href":"https:\/\/roveyayinevi.com.tr\/index.php\/wp-json\/wp\/v2\/product_brand?post=778821"},{"taxonomy":"product_cat","embeddable":true,"href":"https:\/\/roveyayinevi.com.tr\/index.php\/wp-json\/wp\/v2\/product_cat?post=778821"},{"taxonomy":"product_tag","embeddable":true,"href":"https:\/\/roveyayinevi.com.tr\/index.php\/wp-json\/wp\/v2\/product_tag?post=778821"}],"curies":[{"name":"wp","href":"https:\/\/api.w.org\/{rel}","templated":true}]}}