{"id":778806,"date":"2025-11-21T10:06:17","date_gmt":"2025-11-21T07:06:17","guid":{"rendered":"https:\/\/roveyayinevi.com.tr\/index.php\/urun\/turkiye-cumhuriyeti-tarihi-cilt-2\/"},"modified":"2025-12-30T11:19:34","modified_gmt":"2025-12-30T08:19:34","slug":"turkiye-cumhuriyeti-tarihi-cilt-2","status":"publish","type":"product","link":"https:\/\/roveyayinevi.com.tr\/index.php\/urun\/turkiye-cumhuriyeti-tarihi-cilt-2\/","title":{"rendered":"T\u00fcrkiye Cumhuriyeti Tarihi Cilt: 2"},"content":{"rendered":"<p>Milli M\u00fccadele ba\u015far\u0131s\u0131n\u0131n ard\u0131ndan yap\u0131lan Lozan Bar\u0131\u015f Antla\u015fmas\u0131 ile ba\u011f\u0131ms\u0131z T\u00fcrk Devleti kurulmu\u015f, cumhuriyet rejimi ile ta\u00e7land\u0131r\u0131lm\u0131\u015ft\u0131r. Mustafa Kemal Atat\u00fcrk liderli\u011findeki modernle\u015fme hareketleri ile T\u00fcrk halk\u0131n\u0131n \u00e7a\u011fda\u015f uygarl\u0131k seviyesinin \u00fczerine \u00e7\u0131kmas\u0131 hedeflenmi\u015ftir. \u00c7a\u011fda\u015fl\u0131\u011f\u0131n en \u00f6nemli g\u00f6stergelerinden demokrasiye ge\u00e7i\u015fte \u00e7e\u015fitli sorunlar ya\u015fanm\u0131\u015f, Atat\u00fcrk&#8217;\u00fcn vefat\u0131n\u0131n ard\u0131ndan Cumhurba\u015fkan\u0131 se\u00e7ilen \u0130smet \u0130n\u00f6n\u00fc d\u00f6neminde de 1946&#8217;ya kadar \u00fclke tek parti olan Cumhuriyet Halk Partisi taraf\u0131ndan y\u00f6netilmi\u015ftir. Bu d\u00f6nemde T\u00fcrkiye&#8217;nin \u0130kinci D\u00fcnya Sava\u015f\u0131&#8217;n\u0131n d\u0131\u015f\u0131nda tutulmas\u0131 \u00f6nemli bir ba\u015far\u0131d\u0131r.\u0130kinci D\u00fcnya Sava\u015f\u0131 sonundaki geli\u015fmelere ba\u011fl\u0131 olarak demokratikle\u015fme s\u00fcreci ba\u015flat\u0131lm\u0131\u015f, Demokrat Parti&#8217;nin 1950&#8217;de yap\u0131lan se\u00e7imlerle iktidara gelmesi beyaz devrim olarak nitelendirilmi\u015ftir. Arka arkaya yap\u0131lan \u00fc\u00e7 se\u00e7imi de kazanan Demokrat Parti, 27 May\u0131s 1960&#8217;da yap\u0131lan askeri darbe ile iktidardan uzakla\u015ft\u0131r\u0131lm\u0131\u015f; Ba\u015fbakan Adnan Menderes, D\u0131\u015fi\u015fleri Bakan\u0131 Fatin R\u00fc\u015ft\u00fc Zorlu ve Maliye Bakan\u0131 Hasan Polatkan idam edilmi\u015flerdir. Ortaya \u00e7\u0131kan b\u00fcy\u00fck travman\u0131n etkileri atlat\u0131lmadan 1971 Askeri Muht\u0131ras\u0131 ve 1980 Askeri Darbesi ile demokrasiye m\u00fcdahale neredeyse geleneksel hale gelmi\u015ftir.Bu kitap, yukar\u0131da s\u00f6z\u00fc edilen geli\u015fmeleri 28 \u015eubat s\u00fcreci de dahil olmak \u00fczere akademik y\u00f6ntem ve objektif bak\u0131\u015f a\u00e7\u0131s\u0131yla irdelemek ve 1938&#8217;den itibaren ula\u015f\u0131lan seviyeyi ortaya koyabilmek amac\u0131yla, T\u00fcrkiye&#8217;nin \u00e7e\u015fitli \u00fcniversitelerinden alan\u0131nda yetkin tarih\u00e7iler taraf\u0131ndan kaleme al\u0131nm\u0131\u015ft\u0131r. Ayr\u0131ca ilgili d\u00f6nemdeki d\u0131\u015f politika geli\u015fmelerine de ayr\u0131nt\u0131l\u0131 bi\u00e7imde yer verilmi\u015ftir.<\/p>\n","protected":false},"excerpt":{"rendered":"<p>Milli M\u00fccadele ba\u015far\u0131s\u0131n\u0131n ard\u0131ndan yap\u0131lan Lozan Bar\u0131\u015f Antla\u015fmas\u0131 ile ba\u011f\u0131ms\u0131z T\u00fcrk Devleti kurulmu\u015f, cumhuriyet rejimi ile ta\u00e7land\u0131r\u0131lm\u0131\u015ft\u0131r. Mustafa Kemal Atat\u00fcrk liderli\u011findeki modernle\u015fme hareketleri ile T\u00fcrk halk\u0131n\u0131n<span class=\"excerpt-hellip\"> [\u2026]<\/span><\/p>\n","protected":false},"featured_media":0,"template":"","meta":{"_monsterinsights_skip_tracking":false,"_monsterinsights_sitenote_active":false,"_monsterinsights_sitenote_note":"","_monsterinsights_sitenote_category":0},"product_brand":[],"product_cat":[12304,13493],"product_tag":[],"class_list":{"0":"post-778806","1":"product","2":"type-product","3":"status-publish","5":"product_cat-tarih","6":"product_cat-turkiye-ve-cumhuriyet-tarihi","7":"pa_cilt-ciltsiz","8":"pa_tur-kitap","9":"pa_yayinevi-ideal-kultur-akademik","10":"pa_yazar-ideal-kultur-kolektif","12":"first","13":"instock","14":"sale","15":"shipping-taxable","16":"purchasable","17":"product-type-simple"},"_links":{"self":[{"href":"https:\/\/roveyayinevi.com.tr\/index.php\/wp-json\/wp\/v2\/product\/778806","targetHints":{"allow":["GET"]}}],"collection":[{"href":"https:\/\/roveyayinevi.com.tr\/index.php\/wp-json\/wp\/v2\/product"}],"about":[{"href":"https:\/\/roveyayinevi.com.tr\/index.php\/wp-json\/wp\/v2\/types\/product"}],"wp:attachment":[{"href":"https:\/\/roveyayinevi.com.tr\/index.php\/wp-json\/wp\/v2\/media?parent=778806"}],"wp:term":[{"taxonomy":"product_brand","embeddable":true,"href":"https:\/\/roveyayinevi.com.tr\/index.php\/wp-json\/wp\/v2\/product_brand?post=778806"},{"taxonomy":"product_cat","embeddable":true,"href":"https:\/\/roveyayinevi.com.tr\/index.php\/wp-json\/wp\/v2\/product_cat?post=778806"},{"taxonomy":"product_tag","embeddable":true,"href":"https:\/\/roveyayinevi.com.tr\/index.php\/wp-json\/wp\/v2\/product_tag?post=778806"}],"curies":[{"name":"wp","href":"https:\/\/api.w.org\/{rel}","templated":true}]}}