{"id":778736,"date":"2025-11-20T00:28:03","date_gmt":"2025-11-19T21:28:03","guid":{"rendered":"https:\/\/roveyayinevi.com.tr\/index.php\/urun\/arden-2-ciltli\/"},"modified":"2026-04-14T03:41:36","modified_gmt":"2026-04-14T00:41:36","slug":"arden-2-ciltli","status":"publish","type":"product","link":"https:\/\/roveyayinevi.com.tr\/index.php\/urun\/arden-2-ciltli\/","title":{"rendered":"Arden 2 (Ciltli)"},"content":{"rendered":"<p>Vasilko\u2019nun talimat\u0131yla \u0130stanbul\u2019a gelen Arden\u2019in yeni g\u00f6rev yeri bellidir: Beyaz Ev. PLAZA\u2019n\u0131n sa\u011flad\u0131\u011f\u0131 imk\u00e2nlarla yeni bir eve ve ofise yerle\u015fen Arden\u2019in, Beyefendi\u2019nin malik\u00e2nesine yani Beyaz Ev\u2019e girmesi i\u00e7in \u00f6n\u00fcnde yaln\u0131zca bir se\u00e7enek vard\u0131r: Eren\u2026 Hedeflerine odaklanm\u0131\u015fken, bir yandan PLAZA\u2019n\u0131n soru\u015fturmalar\u0131yla di\u011fer yandan da Beyaz Ev\u2019in merkezinde d\u00f6nen karanl\u0131k olaylarla u\u011fra\u015fmas\u0131 gerekir. Evin s\u0131n\u0131r\u0131ndaki ormanda bulunan insan uzuvlar\u0131 y\u00fcz\u00fcnden \u0130stanbul\u2019daki yeni g\u00f6revi tehlikeye giren Arden, olaylar\u0131 \u00e7\u00f6zmeye \u00e7al\u0131\u015fan Komiser Emris ve ekibiyle de m\u00fccadele etmek zorunda kal\u0131r. Ancak hi\u00e7bir plan, hi\u00e7bir e\u011fitim, onu Eren\u2019le yollar\u0131n\u0131n kesi\u015fece\u011fi ana haz\u0131rlamam\u0131\u015ft\u0131r. \u00c7\u00fcnk\u00fc kalbini ona kapt\u0131raca\u011f\u0131n\u0131 hi\u00e7 hesaba katmam\u0131\u015ft\u0131r. T\u00fcm bu karma\u015fada Arden\u2019e yard\u0131m eli uzatan tek ki\u015fi ise Romanya\u2019dan ge\u00e7mi\u015fin g\u00f6lgeleriyle birlikte gelen, \u00e7oktan mezarda olmas\u0131 gereken eski bir dosttur. T\u00fcnelden \u00d6nceki Beyaz Ev evrenine dair merak edilen bir\u00e7ok soru, bu kez Arden\u2019in g\u00f6zlerinden yan\u0131t buluyor\u2026 Beyaz Ev\u2019in kap\u0131lar\u0131 bir kez daha a\u00e7\u0131l\u0131yor\u2026 Bu kez, i\u00e7eri girmeye cesaretin var m\u0131? <\/p>\n","protected":false},"excerpt":{"rendered":"<p>Vasilko\u2019nun talimat\u0131yla \u0130stanbul\u2019a gelen Arden\u2019in yeni g\u00f6rev yeri bellidir: Beyaz Ev. PLAZA\u2019n\u0131n sa\u011flad\u0131\u011f\u0131 imk\u00e2nlarla yeni bir eve ve ofise yerle\u015fen Arden\u2019in, Beyefendi\u2019nin malik\u00e2nesine yani Beyaz Ev\u2019e<span class=\"excerpt-hellip\"> [\u2026]<\/span><\/p>\n","protected":false},"featured_media":0,"template":"","meta":{"_monsterinsights_skip_tracking":false,"_monsterinsights_sitenote_active":false,"_monsterinsights_sitenote_note":"","_monsterinsights_sitenote_category":0},"product_brand":[],"product_cat":[12291,17033],"product_tag":[],"class_list":{"0":"post-778736","1":"product","2":"type-product","3":"status-publish","5":"product_cat-edebiyat","6":"product_cat-korku-gerilim","7":"pa_cilt-ciltli","8":"pa_tur-kitap","9":"pa_yayinevi-artemis-yayinlari","10":"pa_yazar-isil-isik","12":"first","13":"instock","14":"sale","15":"shipping-taxable","16":"purchasable","17":"product-type-simple"},"_links":{"self":[{"href":"https:\/\/roveyayinevi.com.tr\/index.php\/wp-json\/wp\/v2\/product\/778736","targetHints":{"allow":["GET"]}}],"collection":[{"href":"https:\/\/roveyayinevi.com.tr\/index.php\/wp-json\/wp\/v2\/product"}],"about":[{"href":"https:\/\/roveyayinevi.com.tr\/index.php\/wp-json\/wp\/v2\/types\/product"}],"wp:attachment":[{"href":"https:\/\/roveyayinevi.com.tr\/index.php\/wp-json\/wp\/v2\/media?parent=778736"}],"wp:term":[{"taxonomy":"product_brand","embeddable":true,"href":"https:\/\/roveyayinevi.com.tr\/index.php\/wp-json\/wp\/v2\/product_brand?post=778736"},{"taxonomy":"product_cat","embeddable":true,"href":"https:\/\/roveyayinevi.com.tr\/index.php\/wp-json\/wp\/v2\/product_cat?post=778736"},{"taxonomy":"product_tag","embeddable":true,"href":"https:\/\/roveyayinevi.com.tr\/index.php\/wp-json\/wp\/v2\/product_tag?post=778736"}],"curies":[{"name":"wp","href":"https:\/\/api.w.org\/{rel}","templated":true}]}}