{"id":778615,"date":"2025-11-20T00:23:15","date_gmt":"2025-11-19T21:23:15","guid":{"rendered":"https:\/\/roveyayinevi.com.tr\/index.php\/urun\/dunden-bugune-kirklareli-edebiyat-dil-ve-kultur-1-cilt\/"},"modified":"2026-04-15T03:43:45","modified_gmt":"2026-04-15T00:43:45","slug":"dunden-bugune-kirklareli-edebiyat-dil-ve-kultur-1-cilt","status":"publish","type":"product","link":"https:\/\/roveyayinevi.com.tr\/index.php\/urun\/dunden-bugune-kirklareli-edebiyat-dil-ve-kultur-1-cilt\/","title":{"rendered":"D\u00fcnden Bug\u00fcne K\u0131rklareli (Edebiyat, Dil Ve K\u00fclt\u00fcr) 1. Cilt"},"content":{"rendered":"<p>\u00b7         \u0130\u00e7indekiler :     \u00b7         Trakya\u2019da Bir Cevel\u00e2n: 1919\u2019da K\u0131rklareli (K\u0131rkkilise) ve \u00c7evresine Dair Bir Seyahat Yaz\u0131s\u0131    \u00b7         K\u0131rkkiliseli Dervi\u015f Ali (\u00d6. XIX.YY.?)\u2019nin Sultan Abd\u00fclaziz\u2019e Sundu\u011fu Arzuh\u00e2li ve C\u00fclusuna D\u00fc\u015f\u00fcrd\u00fc\u011f\u00fc Tarihler ile Medhiyesi      \u00b7         17. Y\u00fczy\u0131l \u015eairi K\u0131rkkiliseli Hayl\u00ee\u2019nin Tarih Manzumeleri    \u00b7         Vizeli Behi\u015ft\u00ee\u2019nin (Behi\u015ft\u00ee Ramazan Efendi) D\u00eev\u00e2n\u2019\u0131ndaki Kerbel\u00e2 Mersiyesi\u2019nde Hz. H\u00fcseyin ve Kerbel\u00e2 Hadisesinin \u0130\u015fleni\u015fi \u00dczerine Tespitler           \u00b7         Cahit Irgat\u2019\u0131n Hat\u0131ralar\u0131           \u00b7         \u0130smail G\u00fcm\u00fc\u015f\u2019\u00fcn Hik\u00e2yelerinde K\u0131rklareli\u2019nin \u0130zleri            \u00b7         Halide Nusret Zorlutuna\u2019n\u0131n Hayat\u0131nda K\u0131rklareli\u2019nin Yeri                    \u00b7         S\u00f6zl\u00fc K\u00fclt\u00fcr-S\u00f6zl\u00fc Tarih \u0130li\u015fkisi Ba\u011flam\u0131nda \u00c2\u015f\u0131k Tarz\u0131 Destanlar\u0131n G\u00f6z\u00fcnden II. Balkan Sava\u015f\u0131\u2019nda K\u0131rklareli ve Civar\u0131n\u0131n Kurtulu\u015fu       \u00b7         K\u0131rklareli Y\u00f6resi Alt A\u011f\u0131zlar\u0131nda Kullan\u0131lan \u015eimdiki Zaman Eki De\u011fi\u015fkelerinin Demografik Yap\u0131yla \u0130\u015faretlendirilmesi \u00dczerine        \u00b7         K\u0131rklareli A\u011f\u0131zlar\u0131ndan Derlenmi\u015f S\u00f6zc\u00fcklere Etimolojik Bir Bak\u0131\u015f: Derleme S\u00f6zl\u00fc\u011f\u00fc \u201cB\u201d Maddesi      \u00b7         K\u00fclt\u00fcrel Miras Aktar\u0131m\u0131nda K\u0131rklareli Y\u00f6resel K\u0131yafetlerinin Yeni Yorumlar\u0131       \u00b7         K\u0131rklareli\u2019nin \u0130ki Geleneksel Dokumas\u0131: \u015eayak ve Poyral\u0131&#8217;n\u0131n \u00c7a\u011fda\u015f Tekstil Sanat\u0131 ile Bulu\u015fmas\u0131          \u00b7         K\u0131rklareli M\u00fczik K\u00fclt\u00fcr\u00fc \u00dczerine Bir De\u011ferlendirme           \u00b7         T\u00fcrk Musikisinin Babaeski Do\u011fumlu \u0130ki Ses Sanatk\u00e2r\u0131, T\u00fcrk\u00e2n Dizer ve Mediha \u015een Sancako\u011flu: Radyo\u2019da \u0130cran\u0131n Prangalar\u0131yla Oynamak      \u00b7         K\u0131rkkilisev\u00ee Hattat Seyyid Yahya \u015e\u00fckr\u00ee\u2019nin \u00d6\u011frencisi M\u00eer Muhammed Cel\u00e2l\u2019in Verdi\u011fi Hat \u0130cazetn\u00e2mesi     \u00b7         L\u00fcleburgaz \u0130l\u00e7esi Evlenme Gelenekleri \u00dczerine Bir De\u011ferlendirme            \u00b7         L\u00fcleburgazda Yerel Takvim ve Takvime Ba\u011fl\u0131 Gelenekler \u00dczerine Bir De\u011ferlendirme     \u00b7         Ge\u00e7mi\u015ften G\u00fcn\u00fcm\u00fcze Bir S\u0131n\u0131r Kenti Olarak K\u0131rklareli        \u00b7         K\u0131rkkilise Achilles Zo\u00efros Foto\u011frafhanesi      \u00b7         Mimarl\u0131k K\u00fclt\u00fcr\u00fcn\u00fcn Gelece\u011fe Aktar\u0131lmas\u0131nda K\u0131rklareli Yayla Mahallesinin Yeri ve \u00d6nemi   \u00b7         K\u0131rklareli Geleneksel Konut K\u00fclt\u00fcr\u00fc              \u00b7         K\u0131rklareli\u2019nin Betimlendi\u011fi G\u00f6rsel Malzemeler I\u015f\u0131\u011f\u0131nda; Baz\u0131 Tarih\u00ee Yap\u0131lar\u0131n De\u011ferlendirilmesi  <\/p>\n","protected":false},"excerpt":{"rendered":"<p>\u00b7 \u0130\u00e7indekiler : \u00b7 Trakya\u2019da Bir Cevel\u00e2n: 1919\u2019da K\u0131rklareli (K\u0131rkkilise) ve \u00c7evresine Dair Bir Seyahat Yaz\u0131s\u0131 \u00b7 K\u0131rkkiliseli Dervi\u015f Ali (\u00d6. XIX.YY.?)\u2019nin Sultan Abd\u00fclaziz\u2019e Sundu\u011fu Arzuh\u00e2li<span class=\"excerpt-hellip\"> [\u2026]<\/span><\/p>\n","protected":false},"featured_media":0,"template":"","meta":{"_monsterinsights_skip_tracking":false,"_monsterinsights_sitenote_active":false,"_monsterinsights_sitenote_note":"","_monsterinsights_sitenote_category":0},"product_brand":[],"product_cat":[13005,40995],"product_tag":[],"class_list":{"0":"post-778615","1":"product","2":"type-product","3":"status-publish","5":"product_cat-bilim-muhendislik","6":"product_cat-sosyal-bilimler","7":"pa_cilt-ciltsiz","8":"pa_tur-kitap","9":"pa_yayinevi-gazi-kitabevi","10":"pa_yazar-kolektif","12":"first","13":"instock","14":"sale","15":"shipping-taxable","16":"purchasable","17":"product-type-simple"},"_links":{"self":[{"href":"https:\/\/roveyayinevi.com.tr\/index.php\/wp-json\/wp\/v2\/product\/778615","targetHints":{"allow":["GET"]}}],"collection":[{"href":"https:\/\/roveyayinevi.com.tr\/index.php\/wp-json\/wp\/v2\/product"}],"about":[{"href":"https:\/\/roveyayinevi.com.tr\/index.php\/wp-json\/wp\/v2\/types\/product"}],"wp:attachment":[{"href":"https:\/\/roveyayinevi.com.tr\/index.php\/wp-json\/wp\/v2\/media?parent=778615"}],"wp:term":[{"taxonomy":"product_brand","embeddable":true,"href":"https:\/\/roveyayinevi.com.tr\/index.php\/wp-json\/wp\/v2\/product_brand?post=778615"},{"taxonomy":"product_cat","embeddable":true,"href":"https:\/\/roveyayinevi.com.tr\/index.php\/wp-json\/wp\/v2\/product_cat?post=778615"},{"taxonomy":"product_tag","embeddable":true,"href":"https:\/\/roveyayinevi.com.tr\/index.php\/wp-json\/wp\/v2\/product_tag?post=778615"}],"curies":[{"name":"wp","href":"https:\/\/api.w.org\/{rel}","templated":true}]}}