{"id":778611,"date":"2025-11-20T00:23:00","date_gmt":"2025-11-19T21:23:00","guid":{"rendered":"https:\/\/roveyayinevi.com.tr\/index.php\/urun\/taht-adina-ciltli\/"},"modified":"2026-04-15T03:43:44","modified_gmt":"2026-04-15T00:43:44","slug":"taht-adina-ciltli","status":"publish","type":"product","link":"https:\/\/roveyayinevi.com.tr\/index.php\/urun\/taht-adina-ciltli\/","title":{"rendered":"Taht Ad\u0131na (Ciltli)"},"content":{"rendered":"<p>EFSANELER DER K\u0130:\u0130K\u0130 KIZ \u00c7OCU\u011eU DO\u011eAR;B\u0130R\u0130 TAHT, D\u0130\u011eER\u0130 KURT ADINA. Red ve Kurt, Be\u015f Kral\u2019\u0131n yaratt\u0131\u011f\u0131 tehdidi nihayet kontrol alt\u0131na alsalar da bunun bedeli \u00e7ok a\u011f\u0131r olmu\u015ftu. Red\u2019in biricik k\u0131z karde\u015fi, \u0130lk K\u0131z \u00c7ocu\u011fu Neve\u2019in kaderi art\u0131k G\u00f6lge Topraklar\u2019a ba\u011fl\u0131yd\u0131. Ya\u015fad\u0131klar\u0131 d\u00fcnyan\u0131n tersine d\u00f6nm\u00fc\u015f bir yans\u0131mas\u0131 olan bu diyar, efsanelerdeki gaddar tanr\u0131lar\u0131n y\u00fczy\u0131llard\u0131r hapsedildi\u011fi yerdi. Be\u015f Kral ise bu krall\u0131\u011f\u0131n kontrol\u00fcn\u00fc yava\u015f yava\u015f ele ge\u00e7iriyordu.Neve\u2019in bir daha asla konu\u015fmak istemedi\u011fi bir m\u00fcttefiki vard\u0131: D\u00fc\u015fm\u00fc\u015f Kral Solmir. Solmir ise G\u00f6lge Topraklar\u2019\u0131 yok etmeyi istiyor ve Neve\u2019e yard\u0131m etmenin bunun anahtar\u0131 oldu\u011funa inan\u0131yordu. Ancak bunu ba\u015farmak i\u00e7in tehlikelerle dolu G\u00f6lge Topraklar\u2019da yolculuk etmeleri, gizemli Kalp A\u011fac\u0131\u2019n\u0131 bulmalar\u0131 ve tanr\u0131lar\u0131n karanl\u0131k, \u00e7arp\u0131k g\u00fc\u00e7lerini ele ge\u00e7irmeleri gerekiyordu.Efsaneye son noktay\u0131 koyarken Red ve Neve son kez b\u00fcy\u00fck bir maceraya at\u0131lacak, \u00f6l\u00fcm ya\u015fam aras\u0131ndaki ince \u00e7izgide kaderlerini s\u0131nayacaklard\u0131. \u201cWhitten klasik masallar\u0131 ustal\u0131kla yeniden yorumlarken, hik\u00e2ye boyunca okuru diken \u00fcst\u00fcnde tutmay\u0131 ba\u015far\u0131yor.\u201d\u2014BOOKLIST G\u00fczel ve \u00c7irkin, bu etkileyici ve karanl\u0131k d\u00fcnyada yeniden kurgulan\u0131yor. Naomi Novik tarz\u0131 masals\u0131 anlat\u0131lardan ho\u015flanan okurlar i\u00e7in harika bir kurgu.\u201d\u2014BUZZFEED BOOKS \u201cWhitten\u2019\u0131n kurdu\u011fu masals\u0131 d\u00fcnya, bu kitapta da g\u00fc\u00e7l\u00fc bir bi\u00e7imde varl\u0131\u011f\u0131n\u0131 s\u00fcrd\u00fcr\u00fcyor. Aksiyon ve s\u00fcrprizlerle dolu olay \u00f6rg\u00fcs\u00fc, yazar\u0131n zarif\u00e7e dokudu\u011fu bir hik\u00e2yeye d\u00f6n\u00fc\u015fm\u00fc\u015f. Ger\u00e7ekten de seriye yak\u0131\u015f\u0131r bir final.\u201d\u2014PUBLISHERS WEEKLY \u201cNefes kesici bir final. Birbirinden farkl\u0131 bi\u00e7imlerdeki sevgiyi ustaca dengeleyen Taht Ad\u0131na, yaln\u0131zca Kurt Ad\u0131na ile ba\u015flayan hik\u00e2yenin tatmin edici bir sonu de\u011fil; ayn\u0131 zamanda elimizden gelenin en iyisini yaparak, sevdiklerimizle birlikte bir gelecek kurmaya \u00e7al\u0131\u015fmam\u0131z gerekti\u011fini hat\u0131rlatan h\u00fcz\u00fcnl\u00fc bir masal.\u201d\u2014PASTE MAGAZINE \u201cAksiyonun hi\u00e7 eksilmedi\u011fi, sars\u0131c\u0131 bir final\u2026 Taht Ad\u0131na, seriyi unutulmaz bir \u015fekilde noktal\u0131yor.\u201d\u2014BRITISH FANTASY SOCIETY Uyar\u0131: Yeti\u015fkin okurlar i\u00e7indir.<\/p>\n","protected":false},"excerpt":{"rendered":"<p>EFSANELER DER K\u0130:\u0130K\u0130 KIZ \u00c7OCU\u011eU DO\u011eAR;B\u0130R\u0130 TAHT, D\u0130\u011eER\u0130 KURT ADINA. Red ve Kurt, Be\u015f Kral\u2019\u0131n yaratt\u0131\u011f\u0131 tehdidi nihayet kontrol alt\u0131na alsalar da bunun bedeli \u00e7ok a\u011f\u0131r<span class=\"excerpt-hellip\"> [\u2026]<\/span><\/p>\n","protected":false},"featured_media":0,"template":"","meta":{"_monsterinsights_skip_tracking":false,"_monsterinsights_sitenote_active":false,"_monsterinsights_sitenote_note":"","_monsterinsights_sitenote_category":0},"product_brand":[],"product_cat":[12291,14777],"product_tag":[],"class_list":{"0":"post-778611","1":"product","2":"type-product","3":"status-publish","5":"product_cat-edebiyat","6":"product_cat-fantastik","7":"pa_cilt-ciltli","8":"pa_tur-kitap","9":"pa_yayinevi-yabanci-yayinevi","10":"pa_yazar-hannah-whitten","12":"first","13":"instock","14":"sale","15":"shipping-taxable","16":"purchasable","17":"product-type-simple"},"_links":{"self":[{"href":"https:\/\/roveyayinevi.com.tr\/index.php\/wp-json\/wp\/v2\/product\/778611","targetHints":{"allow":["GET"]}}],"collection":[{"href":"https:\/\/roveyayinevi.com.tr\/index.php\/wp-json\/wp\/v2\/product"}],"about":[{"href":"https:\/\/roveyayinevi.com.tr\/index.php\/wp-json\/wp\/v2\/types\/product"}],"wp:attachment":[{"href":"https:\/\/roveyayinevi.com.tr\/index.php\/wp-json\/wp\/v2\/media?parent=778611"}],"wp:term":[{"taxonomy":"product_brand","embeddable":true,"href":"https:\/\/roveyayinevi.com.tr\/index.php\/wp-json\/wp\/v2\/product_brand?post=778611"},{"taxonomy":"product_cat","embeddable":true,"href":"https:\/\/roveyayinevi.com.tr\/index.php\/wp-json\/wp\/v2\/product_cat?post=778611"},{"taxonomy":"product_tag","embeddable":true,"href":"https:\/\/roveyayinevi.com.tr\/index.php\/wp-json\/wp\/v2\/product_tag?post=778611"}],"curies":[{"name":"wp","href":"https:\/\/api.w.org\/{rel}","templated":true}]}}