{"id":778610,"date":"2025-11-20T00:22:57","date_gmt":"2025-11-19T21:22:57","guid":{"rendered":"https:\/\/roveyayinevi.com.tr\/index.php\/urun\/kurt-adina-ciltli\/"},"modified":"2026-04-15T03:43:44","modified_gmt":"2026-04-15T00:43:44","slug":"kurt-adina-ciltli","status":"publish","type":"product","link":"https:\/\/roveyayinevi.com.tr\/index.php\/urun\/kurt-adina-ciltli\/","title":{"rendered":"Kurt Ad\u0131na (Ciltli)"},"content":{"rendered":"<p>EFSANELER DER K\u0130:\u0130K\u0130 KIZ \u00c7OCU\u011eU DO\u011eAR;B\u0130R\u0130 TAHT, D\u0130\u011eER\u0130 KURT ADINA. Y\u00fczy\u0131llar sonra ilk kez d\u00fcnyaya gelen \u201c\u0130kinci K\u0131z \u00c7ocu\u011fu\u201d Red, ne taht ne de \u00f6zg\u00fcrl\u00fck i\u00e7in do\u011fmu\u015ftu. Efsanenin b\u00fcy\u00fcs\u00fcyle m\u00fch\u00fcrlenen kaderi, daha ilk nefesinde yaz\u0131lm\u0131\u015ft\u0131: Tutsak tanr\u0131lar\u0131 geri getirmesi i\u00e7in Kurt ad\u0131na kurban edilmeliydi.Ancak Yabanorman\u2019\u0131n \u00e7a\u011fr\u0131s\u0131 kan\u0131nda yank\u0131lan\u0131yordu. \u0130\u00e7inde filizlenen karanl\u0131k g\u00fc\u00e7 orman\u0131n f\u0131s\u0131lt\u0131lar\u0131yla birlikte b\u00fcy\u00fcyor, Red\u2019in ge\u00e7mi\u015fi ve gelece\u011fi aras\u0131ndaki s\u0131n\u0131rlar belirsizle\u015fmeye ba\u015fl\u0131yordu. Peki ya efsaneler yanl\u0131\u015fsa? Ya Kurt, bir avc\u0131 de\u011fil de yaln\u0131zca bir ba\u015fka kurbansa?\u201cK\u0131rm\u0131z\u0131 Ba\u015fl\u0131kl\u0131 K\u0131z\u2019\u0131n, t\u00fcyler \u00fcrpertici g\u00fczellikteki yeniden anlat\u0131m\u0131. Karanl\u0131k, duygusal ve aksiyon dolu; Whitten\u2019\u0131n \u00e7\u0131k\u0131\u015f roman\u0131 okurlar\u0131na b\u00fcy\u00fcleyici bir hik\u00e2ye sunuyor.\u201d\u2014LIBRARY JOURNAL\u201c\u00dcrk\u00fct\u00fcc\u00fc, iliklerine kadar do\u011fayla i\u00e7 i\u00e7e ve kadim b\u00fcy\u00fcyle dolu. Hannah Whitten kesinlikle okunmas\u0131 gereken bir yazar.\u201d \u2014ANNA BRIGHT \u201cWhitten, bu etkileyici \u00e7\u0131k\u0131\u015f roman\u0131nda yan karakterleri bile eski dostlar\u0131n\u0131z gibi g\u00f6rebilece\u011finiz bir hik\u00e2ye anlat\u0131yor. K\u0131rm\u0131z\u0131 Ba\u015fl\u0131kl\u0131 K\u0131z ile G\u00fczel ve \u00c7irkin\u2019i ustal\u0131kla harmanlayan bu masal; g\u00f6rev, a\u015fk ve kayb\u0131n s\u0131n\u0131rlar\u0131n\u0131 ke\u015ffeden, elden b\u0131rak\u0131lmas\u0131 imk\u00e2ns\u0131z bir anlat\u0131. Fantastik edebiyat\u0131n mutlaka okunmas\u0131 gereken yeni seslerinden, ustaca bir \u00e7\u0131k\u0131\u015f roman\u0131.\u201d \u2014KIRKUS \u201cZekice kurgulanm\u0131\u015f, karanl\u0131k bir fantastik roman. Bay\u0131ld\u0131m! Kurulan evren, karakterler, anlatan\u0131n zarifli\u011fi ve g\u00fczelli\u011fi\u2026 Her \u015fey beni b\u00fcy\u00fcledi.\u201d \u2014JODI PICOULT\u201cKeskin ve etkileyici bir \u00fcslupla yaz\u0131lm\u0131\u015f Kurt Ad\u0131na, karanl\u0131k ve derin ormanlarda ge\u00e7en g\u00f6rkemli bir yolculuk. B\u00fcy\u00fcleyici bir \u00e7\u0131k\u0131\u015f roman\u0131.\u201d \u2014ERIN CRAIG \u201cWhitten; K\u0131rm\u0131z\u0131 Ba\u015fl\u0131kl\u0131 K\u0131z, G\u00fczel ve \u00c7irkin, Pamuk Prenses gibi masallardan ald\u0131\u011f\u0131 unsurlar\u0131 ustal\u0131kla harmanlarken tamamen kendine ait bir hik\u00e2ye yarat\u0131yor. S\u00fcr\u00fckleyici \u00fcslubu ve korku unsurlar\u0131yla bu eser kesinlikle b\u00fcy\u00fcleyici.\u201d \u2014PUBLISHERS WEEKLY Uyar\u0131: Yeti\u015fkin okurlar i\u00e7indir. <\/p>\n","protected":false},"excerpt":{"rendered":"<p>EFSANELER DER K\u0130:\u0130K\u0130 KIZ \u00c7OCU\u011eU DO\u011eAR;B\u0130R\u0130 TAHT, D\u0130\u011eER\u0130 KURT ADINA. Y\u00fczy\u0131llar sonra ilk kez d\u00fcnyaya gelen \u201c\u0130kinci K\u0131z \u00c7ocu\u011fu\u201d Red, ne taht ne de \u00f6zg\u00fcrl\u00fck i\u00e7in<span class=\"excerpt-hellip\"> [\u2026]<\/span><\/p>\n","protected":false},"featured_media":0,"template":"","meta":{"_monsterinsights_skip_tracking":false,"_monsterinsights_sitenote_active":false,"_monsterinsights_sitenote_note":"","_monsterinsights_sitenote_category":0},"product_brand":[],"product_cat":[12291,14777],"product_tag":[],"class_list":{"0":"post-778610","1":"product","2":"type-product","3":"status-publish","5":"product_cat-edebiyat","6":"product_cat-fantastik","7":"pa_cilt-ciltli","8":"pa_tur-kitap","9":"pa_yayinevi-yabanci-yayinevi","10":"pa_yazar-hannah-whitten","12":"first","13":"instock","14":"sale","15":"shipping-taxable","16":"purchasable","17":"product-type-simple"},"_links":{"self":[{"href":"https:\/\/roveyayinevi.com.tr\/index.php\/wp-json\/wp\/v2\/product\/778610","targetHints":{"allow":["GET"]}}],"collection":[{"href":"https:\/\/roveyayinevi.com.tr\/index.php\/wp-json\/wp\/v2\/product"}],"about":[{"href":"https:\/\/roveyayinevi.com.tr\/index.php\/wp-json\/wp\/v2\/types\/product"}],"wp:attachment":[{"href":"https:\/\/roveyayinevi.com.tr\/index.php\/wp-json\/wp\/v2\/media?parent=778610"}],"wp:term":[{"taxonomy":"product_brand","embeddable":true,"href":"https:\/\/roveyayinevi.com.tr\/index.php\/wp-json\/wp\/v2\/product_brand?post=778610"},{"taxonomy":"product_cat","embeddable":true,"href":"https:\/\/roveyayinevi.com.tr\/index.php\/wp-json\/wp\/v2\/product_cat?post=778610"},{"taxonomy":"product_tag","embeddable":true,"href":"https:\/\/roveyayinevi.com.tr\/index.php\/wp-json\/wp\/v2\/product_tag?post=778610"}],"curies":[{"name":"wp","href":"https:\/\/api.w.org\/{rel}","templated":true}]}}