{"id":778583,"date":"2025-11-20T00:18:09","date_gmt":"2025-11-19T21:18:09","guid":{"rendered":"https:\/\/roveyayinevi.com.tr\/index.php\/urun\/kayip-cografyanin-izinde-dogu-turkistan-seyahatnamesi\/"},"modified":"2026-04-15T03:43:06","modified_gmt":"2026-04-15T00:43:06","slug":"kayip-cografyanin-izinde-dogu-turkistan-seyahatnamesi","status":"publish","type":"product","link":"https:\/\/roveyayinevi.com.tr\/index.php\/urun\/kayip-cografyanin-izinde-dogu-turkistan-seyahatnamesi\/","title":{"rendered":"Kay\u0131p Co\u011frafyan\u0131n \u0130zinde: Do\u011fu T\u00fcrkistan Seyahatnamesi"},"content":{"rendered":"<p>\u201cOkuyaca\u011f\u0131n\u0131z metin, beklemedi\u011fim bir anda \u00e7\u0131kt\u0131\u011f\u0131m zor, gerilimli ve hazin hat\u0131ralarla dolu bir seyahatin notlar\u0131. Uzun y\u0131llard\u0131r konu\u015ftu\u011fumuz, dert etti\u011fimiz, and\u0131\u011f\u0131m\u0131z ve anlamaya \u00e7al\u0131\u015ft\u0131\u011f\u0131m\u0131z Do\u011fu T\u00fcrkistan\u2019da bizzat ya\u015fad\u0131klar\u0131m, \u015fahit olduklar\u0131m ve g\u00f6rd\u00fcklerimin bana d\u00fc\u015f\u00fcnd\u00fcrd\u00fckleri, m\u00fcstakil bir kitap olarak \u015fimdi elinizin alt\u0131nda. B\u00f6yle bir kitab\u0131 kaleme almaktaki \u00f6ncelikli hedefim, M\u00fcsl\u00fcman Uygurlar\u0131n kar\u015f\u0131 kar\u015f\u0131ya bulundu\u011fu dram\u0131 ve ger\u00e7ekli\u011fi, m\u00fcmk\u00fcn oldu\u011funca anla\u015f\u0131l\u0131r bi\u00e7imde aktarmak. Do\u011fu T\u00fcrkistan meselesi, hem sahadan do\u011fru haber alman\u0131n zorluklar\u0131 hem de \u00c7in\u2019in uygulad\u0131\u011f\u0131 \u00e7ok boyutlu dezenformasyon sebebiyle, \u00fclkemizde ne yaz\u0131k ki hak etti\u011fi ilgiyi g\u00f6remiyor. \u201cG\u00f6zden \u0131rak olan g\u00f6n\u00fclden de \u0131rak olur\u201d misali, kendi yak\u0131n \u00e7evremizdeki krizlerin gerisinde ve g\u00f6lgesinde kalan bir dava Do\u011fu T\u00fcrkistan. \u0130kinci hedefim, gelece\u011fe ve bizden sonraki nesillere, bug\u00fcnlere dair bir kan\u0131t ve kay\u0131t b\u0131rakmak. \u0130\u00e7inden ge\u00e7ti\u011fimiz d\u00f6nemde Do\u011fu T\u00fcrkistan ne durumda? D\u00fcnden bug\u00fcne neler ya\u015fand\u0131? Yar\u0131n neler olabilir? D\u00f6n\u00fc\u015f\u00fcmlerin istikameti nereye do\u011fru? \u015eimdi devam eden s\u00fcre\u00e7lerin somut neticelerini kendi g\u00f6zleriyle g\u00f6recek olan istikbalin M\u00fcsl\u00fcmanlar\u0131, 2025 y\u0131l\u0131nda b\u00f6lgeyi ad\u0131mlam\u0131\u015f birinin sat\u0131r aralar\u0131ndan epey ipucu yakalayacakt\u0131r diye d\u00fc\u015f\u00fcn\u00fcyorum. \u00dc\u00e7\u00fcnc\u00fc bir hedefim de, Do\u011fu T\u00fcrkistan havzas\u0131n\u0131n co\u011frafi, tarihi ve k\u00fclt\u00fcrel bak\u0131mdan daha iyi anla\u015f\u0131lmas\u0131na m\u00fctevaz\u0131 bir katk\u0131da bulunmak. Seyahatname\u2019yi okurken, b\u00f6lgenin, T\u00fcrkiye\u2019den bak\u0131nca belki hi\u00e7 g\u00f6remedi\u011fimiz ve fark edemedi\u011fimiz bir derinli\u011finin bulundu\u011funa \u015fahitlik edeceksiniz. Hatta belki baz\u0131 isimler ve mek\u00e2nlar, sizi daha kapsaml\u0131 okumalara sevk eden birer i\u015faret fi\u015fe\u011fine d\u00f6n\u00fc\u015fecek.\u201d<\/p>\n","protected":false},"excerpt":{"rendered":"<p>\u201cOkuyaca\u011f\u0131n\u0131z metin, beklemedi\u011fim bir anda \u00e7\u0131kt\u0131\u011f\u0131m zor, gerilimli ve hazin hat\u0131ralarla dolu bir seyahatin notlar\u0131. Uzun y\u0131llard\u0131r konu\u015ftu\u011fumuz, dert etti\u011fimiz, and\u0131\u011f\u0131m\u0131z ve anlamaya \u00e7al\u0131\u015ft\u0131\u011f\u0131m\u0131z Do\u011fu T\u00fcrkistan\u2019da<span class=\"excerpt-hellip\"> [\u2026]<\/span><\/p>\n","protected":false},"featured_media":0,"template":"","meta":{"_monsterinsights_skip_tracking":false,"_monsterinsights_sitenote_active":false,"_monsterinsights_sitenote_note":"","_monsterinsights_sitenote_category":0},"product_brand":[],"product_cat":[74169],"product_tag":[],"class_list":{"0":"post-778583","1":"product","2":"type-product","3":"status-publish","5":"product_cat-cografya","6":"pa_cilt-ciltsiz","7":"pa_tur-kitap","8":"pa_yayinevi-ketebe-yayinlari","9":"pa_yazar-taha-kilinc","11":"first","12":"instock","13":"sale","14":"shipping-taxable","15":"purchasable","16":"product-type-simple"},"_links":{"self":[{"href":"https:\/\/roveyayinevi.com.tr\/index.php\/wp-json\/wp\/v2\/product\/778583","targetHints":{"allow":["GET"]}}],"collection":[{"href":"https:\/\/roveyayinevi.com.tr\/index.php\/wp-json\/wp\/v2\/product"}],"about":[{"href":"https:\/\/roveyayinevi.com.tr\/index.php\/wp-json\/wp\/v2\/types\/product"}],"wp:attachment":[{"href":"https:\/\/roveyayinevi.com.tr\/index.php\/wp-json\/wp\/v2\/media?parent=778583"}],"wp:term":[{"taxonomy":"product_brand","embeddable":true,"href":"https:\/\/roveyayinevi.com.tr\/index.php\/wp-json\/wp\/v2\/product_brand?post=778583"},{"taxonomy":"product_cat","embeddable":true,"href":"https:\/\/roveyayinevi.com.tr\/index.php\/wp-json\/wp\/v2\/product_cat?post=778583"},{"taxonomy":"product_tag","embeddable":true,"href":"https:\/\/roveyayinevi.com.tr\/index.php\/wp-json\/wp\/v2\/product_tag?post=778583"}],"curies":[{"name":"wp","href":"https:\/\/api.w.org\/{rel}","templated":true}]}}