{"id":778581,"date":"2025-11-20T00:17:24","date_gmt":"2025-11-19T21:17:24","guid":{"rendered":"https:\/\/roveyayinevi.com.tr\/index.php\/urun\/kivaminda-irkcilik\/"},"modified":"2026-04-15T03:43:03","modified_gmt":"2026-04-15T00:43:03","slug":"kivaminda-irkcilik","status":"publish","type":"product","link":"https:\/\/roveyayinevi.com.tr\/index.php\/urun\/kivaminda-irkcilik\/","title":{"rendered":"K\u0131vam\u0131nda Irk\u00e7\u0131l\u0131k"},"content":{"rendered":"<p>\u201cIrks\u0131z \u0131rk\u00e7\u0131l\u0131k\u201d g\u00fcn\u00fcm\u00fcz \u0131rk\u00e7\u0131l\u0131k ele\u015ftirisinde yayg\u0131n bir tezdir. Buna kar\u015f\u0131l\u0131k Emre Arslan, \u201c\u0131rk\u00e7\u0131l\u0131ks\u0131z \u0131rk\u201d tezini form\u00fcle eder ve sosyoanalitik bir perspektifle \u0131rk\u00e7\u0131l\u0131\u011f\u0131n \u00e7ok boyutlulu\u011funu ortaya koyar. Bunun i\u00e7in ili\u015fkisel \u00f6znele\u015ftirme teorisi geli\u015ftirir ve g\u00f6\u00e7men \u00f6znenin i\u00e7erici bir \u015fekilde de\u011fersizle\u015ftirilmesini \u0131rk\u00e7\u0131l\u0131\u011f\u0131n ana hatt\u0131 olarak belirler: G\u00f6\u00e7men \u00f6zne bor\u00e7lar, yaralar ve y\u00fckler alt\u0131nda ezilirken, beyaz \u00f6zne ayn\u0131 \u00f6znele\u015ftirme s\u00fcrecinde sermaye, \u00f6zg\u00fcven ve hafiflik ya\u015far. G\u00f6\u00e7men \u00f6znenin de\u011fersizle\u015ftirilmesi ve beyaz \u00f6znenin de\u011fer kazanmas\u0131 ise uzun vadede sadece k\u00fcresel egemenlik ve s\u00f6m\u00fcr\u00fc ili\u015fkileri ba\u011flam\u0131nda tam anlam\u0131n\u0131 kazan\u0131r. Arslan, g\u00fcn\u00fcm\u00fcz \u0131rk\u00e7\u0131l\u0131\u011f\u0131n\u0131n bu hegemonik bi\u00e7imini \u201ck\u0131vam\u0131nda \u0131rk\u00e7\u0131l\u0131k\u201d olarak adland\u0131r\u0131yor ve bu hegomonik \u0131rk\u00e7\u0131l\u0131\u011f\u0131n, esas olarak \u00e7o\u011funluk toplumunun tam e\u015fitlik ve yak\u0131c\u0131 \u0131rk\u00e7\u0131l\u0131k aras\u0131nda gezinen d\u00fcnya duygusuyla \u015fekillenmi\u015f bir Irk\u00e7\u0131l\u0131k Bar\u0131\u015f\u0131 zemininde ger\u00e7ekle\u015fti\u011fini \u00f6ne s\u00fcr\u00fcyor. <\/p>\n","protected":false},"excerpt":{"rendered":"<p>\u201cIrks\u0131z \u0131rk\u00e7\u0131l\u0131k\u201d g\u00fcn\u00fcm\u00fcz \u0131rk\u00e7\u0131l\u0131k ele\u015ftirisinde yayg\u0131n bir tezdir. Buna kar\u015f\u0131l\u0131k Emre Arslan, \u201c\u0131rk\u00e7\u0131l\u0131ks\u0131z \u0131rk\u201d tezini form\u00fcle eder ve sosyoanalitik bir perspektifle \u0131rk\u00e7\u0131l\u0131\u011f\u0131n \u00e7ok boyutlulu\u011funu ortaya koyar.<span class=\"excerpt-hellip\"> [\u2026]<\/span><\/p>\n","protected":false},"featured_media":0,"template":"","meta":{"_monsterinsights_skip_tracking":false,"_monsterinsights_sitenote_active":false,"_monsterinsights_sitenote_note":"","_monsterinsights_sitenote_category":0},"product_brand":[],"product_cat":[12337,14706],"product_tag":[],"class_list":{"0":"post-778581","1":"product","2":"type-product","3":"status-publish","5":"product_cat-politika-siyaset","6":"product_cat-siyaset-bilimi","7":"pa_cilt-ciltsiz","8":"pa_tur-kitap","9":"pa_yayinevi-nika-yayinevi","10":"pa_yazar-emre-arslan","12":"first","13":"instock","14":"sale","15":"shipping-taxable","16":"purchasable","17":"product-type-simple"},"_links":{"self":[{"href":"https:\/\/roveyayinevi.com.tr\/index.php\/wp-json\/wp\/v2\/product\/778581","targetHints":{"allow":["GET"]}}],"collection":[{"href":"https:\/\/roveyayinevi.com.tr\/index.php\/wp-json\/wp\/v2\/product"}],"about":[{"href":"https:\/\/roveyayinevi.com.tr\/index.php\/wp-json\/wp\/v2\/types\/product"}],"wp:attachment":[{"href":"https:\/\/roveyayinevi.com.tr\/index.php\/wp-json\/wp\/v2\/media?parent=778581"}],"wp:term":[{"taxonomy":"product_brand","embeddable":true,"href":"https:\/\/roveyayinevi.com.tr\/index.php\/wp-json\/wp\/v2\/product_brand?post=778581"},{"taxonomy":"product_cat","embeddable":true,"href":"https:\/\/roveyayinevi.com.tr\/index.php\/wp-json\/wp\/v2\/product_cat?post=778581"},{"taxonomy":"product_tag","embeddable":true,"href":"https:\/\/roveyayinevi.com.tr\/index.php\/wp-json\/wp\/v2\/product_tag?post=778581"}],"curies":[{"name":"wp","href":"https:\/\/api.w.org\/{rel}","templated":true}]}}