{"id":778543,"date":"2025-11-19T21:39:10","date_gmt":"2025-11-19T18:39:10","guid":{"rendered":"https:\/\/roveyayinevi.com.tr\/index.php\/urun\/savasin-diplomasi-cephesi\/"},"modified":"2026-04-16T03:07:20","modified_gmt":"2026-04-16T00:07:20","slug":"savasin-diplomasi-cephesi","status":"publish","type":"product","link":"https:\/\/roveyayinevi.com.tr\/index.php\/urun\/savasin-diplomasi-cephesi\/","title":{"rendered":"Sava\u015f\u0131n Diplomasi Cephesi"},"content":{"rendered":"<p>T\u00fcrkiye, iki sava\u015f aras\u0131 d\u00f6nemde d\u00fcnya bar\u0131\u015f\u0131n\u0131n devaml\u0131l\u0131\u011f\u0131 temelinde bir d\u0131\u015f politika takip etmi\u015ftir. Bu nedenle Trianon Antla\u015fmas\u0131\u2019n\u0131n a\u011f\u0131r ko\u015fullar\u0131ndan kurtulmak amac\u0131yla revizyonist bir politika ekseninde hareket eden Macaristan ile T\u00fcrkiye\u2019nin d\u0131\u015f politika hedefleri iki sava\u015f aras\u0131 d\u00f6nemde farkl\u0131l\u0131klar i\u00e7erir. \u0130ki \u00fclke aras\u0131ndaki siyasi ili\u015fkiler 1930\u2019lu y\u0131llar\u0131n ikinci yar\u0131s\u0131ndan itibaren zay\u0131flamaya ba\u015flarken Macaristan\u2019\u0131n \u0130kinci D\u00fcnya Sava\u015f\u0131\u2019nda Mihver g\u00fc\u00e7leri saf\u0131nda sava\u015fa girmesiyle bu durum devam etmi\u015ftir. Ancak Atat\u00fcrk d\u00f6neminde iyi bir \u00e7izgide devam eden k\u00fclt\u00fcrel ili\u015fkilerin \u0130kinci D\u00fcnya Sava\u015f\u0131\u2019nda da pozitif anlamda ilerledi\u011fi g\u00f6r\u00fcl\u00fcr. Bu kitap, farkl\u0131 ideolojik g\u00f6r\u00fc\u015flere sahip olan gazetelerin haberlerini esas alarak \u0130kinci D\u00fcnya Sava\u015f\u0131 boyunca T\u00fcrkiye\u2019nin sava\u015f d\u0131\u015f\u0131 kalma \u00e7abas\u0131n\u0131n ve T\u00fcrk d\u0131\u015f politikas\u0131n\u0131n Macar bas\u0131n\u0131nda nas\u0131l yorumland\u0131\u011f\u0131n\u0131 ortaya koymaktad\u0131r. B\u00f6ylece revizyonist bir politika dahilinde hareket eden Macaristan\u2019\u0131n bas\u0131n-yay\u0131n faaliyetleri yoluyla T\u00fcrkiye\u2019nin d\u0131\u015f politikas\u0131n\u0131 nas\u0131l ele ald\u0131klar\u0131 sorusuna cevap aranm\u0131\u015ft\u0131r. <\/p>\n","protected":false},"excerpt":{"rendered":"<p>T\u00fcrkiye, iki sava\u015f aras\u0131 d\u00f6nemde d\u00fcnya bar\u0131\u015f\u0131n\u0131n devaml\u0131l\u0131\u011f\u0131 temelinde bir d\u0131\u015f politika takip etmi\u015ftir. Bu nedenle Trianon Antla\u015fmas\u0131\u2019n\u0131n a\u011f\u0131r ko\u015fullar\u0131ndan kurtulmak amac\u0131yla revizyonist bir politika ekseninde<span class=\"excerpt-hellip\"> [\u2026]<\/span><\/p>\n","protected":false},"featured_media":0,"template":"","meta":{"_monsterinsights_skip_tracking":false,"_monsterinsights_sitenote_active":false,"_monsterinsights_sitenote_note":"","_monsterinsights_sitenote_category":0},"product_brand":[],"product_cat":[48062,12337],"product_tag":[],"class_list":{"0":"post-778543","1":"product","2":"type-product","3":"status-publish","5":"product_cat-dis-politika","6":"product_cat-politika-siyaset","7":"pa_cilt-ciltsiz","8":"pa_tur-kitap","9":"pa_yayinevi-soncag-akademik-kitaplar","10":"pa_yazar-mujdat-karagulmez","12":"first","13":"instock","14":"sale","15":"shipping-taxable","16":"purchasable","17":"product-type-simple"},"_links":{"self":[{"href":"https:\/\/roveyayinevi.com.tr\/index.php\/wp-json\/wp\/v2\/product\/778543","targetHints":{"allow":["GET"]}}],"collection":[{"href":"https:\/\/roveyayinevi.com.tr\/index.php\/wp-json\/wp\/v2\/product"}],"about":[{"href":"https:\/\/roveyayinevi.com.tr\/index.php\/wp-json\/wp\/v2\/types\/product"}],"wp:attachment":[{"href":"https:\/\/roveyayinevi.com.tr\/index.php\/wp-json\/wp\/v2\/media?parent=778543"}],"wp:term":[{"taxonomy":"product_brand","embeddable":true,"href":"https:\/\/roveyayinevi.com.tr\/index.php\/wp-json\/wp\/v2\/product_brand?post=778543"},{"taxonomy":"product_cat","embeddable":true,"href":"https:\/\/roveyayinevi.com.tr\/index.php\/wp-json\/wp\/v2\/product_cat?post=778543"},{"taxonomy":"product_tag","embeddable":true,"href":"https:\/\/roveyayinevi.com.tr\/index.php\/wp-json\/wp\/v2\/product_tag?post=778543"}],"curies":[{"name":"wp","href":"https:\/\/api.w.org\/{rel}","templated":true}]}}