{"id":778531,"date":"2025-11-19T20:14:08","date_gmt":"2025-11-19T17:14:08","guid":{"rendered":"https:\/\/roveyayinevi.com.tr\/index.php\/urun\/demirhisar-mubadilleri\/"},"modified":"2026-04-02T03:04:35","modified_gmt":"2026-04-02T00:04:35","slug":"demirhisar-mubadilleri","status":"publish","type":"product","link":"https:\/\/roveyayinevi.com.tr\/index.php\/urun\/demirhisar-mubadilleri\/","title":{"rendered":"Demirhisar M\u00fcbadilleri"},"content":{"rendered":"<p>\u0130nsan\u0131n en b\u00fcy\u00fck ve en anlaml\u0131 yolculu\u011fu kendine yapm\u0131\u015f oldu\u011fu yolculuktur. K\u00f6klerine inerek yap\u0131lan bu yolculuk, ki\u015finin kendini tan\u0131mas\u0131n\u0131, dolay\u0131s\u0131yla kendini daha iyi bilmesini sa\u011flar. Ancak kendini bilen insan ve topluluklar daha iyi bir gelecek in\u015fa edebilirler. T\u00fcrk toplumu olarak, avc\u0131-toplay\u0131c\u0131 ve tar\u0131m d\u00f6nemlerinin tart\u0131\u015fmas\u0131z en iyilerinden, binlerce y\u0131ld\u0131r devlet kurma gelene\u011finden gelen, imparatorluk bakiyesi olan bir toplumuz. Bir\u00e7ok g\u00fcvenilir tarih\u00e7inin kabul etti\u011fi gibi, 20. y\u00fczy\u0131l\u0131n ilk soyk\u0131r\u0131m\u0131 Balkanlar ve Kafkaslarda T\u00fcrklere kar\u015f\u0131 yap\u0131lm\u0131\u015ft\u0131r. T\u00fcrk toplumu sanayi toplumuna ge\u00e7i\u015fi, ATAT\u00dcRK ve arkada\u015flar\u0131 sayesinde, Kurtulu\u015f Sava\u015f\u0131, Lozan Bar\u0131\u015f Antla\u015fmas\u0131 ve Cumhuriyetin ilan\u0131 gibi zorlu ad\u0131mlarla ba\u015farm\u0131\u015ft\u0131r. T\u00f6re ve \u0130slamiyet aras\u0131na s\u0131k\u0131\u015fan T\u00fcrk toplumunun iyiye d\u00f6n\u00fc\u015f\u00fcm\u00fc, \u00e7\u00f6llerde hayata ge\u00e7irilen geleneklere ve diline bakarak ger\u00e7ekle\u015femez. Ge\u00e7mi\u015fte oldu\u011fu gibi, ATAT\u00dcRK ve arkada\u015flar\u0131n\u0131n izinden giderek, Anadolu ve Balkan topraklar\u0131n\u0131n sundu\u011fu bereket ve bolluk i\u00e7inde, kendi dili ve k\u00fclt\u00fcr\u00fcnde, ak\u0131l ve bilimden g\u00fc\u00e7 alarak, inanmaktan daha \u00e7ok bilerek, \u00e7al\u0131\u015farak ve \u00fcreterek gelece\u011fi in\u015fa edece\u011fiz. Lozan Bar\u0131\u015f Antla\u015fmas\u0131\u2019yla, i\u00e7inde ya\u015fad\u0131\u011f\u0131m\u0131z T\u00fcrkiye\u2019nin s\u0131n\u0131rlar\u0131, az\u0131nl\u0131klar, kapit\u00fclasyonlar, n\u00fcfus de\u011fi\u015fimi, bo\u011fazlar ve  \u0130stanbul\u2019u yeniden T\u00fcrk topraklar\u0131 yapan s\u00fcre\u00e7lerin \u00f6nemli ad\u0131mlar\u0131 at\u0131lm\u0131\u015ft\u0131r. T\u00fcm d\u00fcnyaya kar\u015f\u0131 T\u00fcrk\u2019\u00fcn onurunu koruyan ve iade-i itibar sa\u011flayan gen\u00e7 T\u00fcrkiye Cumhuriyeti kurucu ekibine, aya\u011fa kalkarak y\u00fcrekten sonsuz sayg\u0131 g\u00f6steriyorum. Bizler, pergel gibi olmal\u0131y\u0131z. Pergelin bir aya\u011f\u0131 k\u00f6klerimizin bulundu\u011fu k\u00fclt\u00fcr ve co\u011frafyada, di\u011fer aya\u011f\u0131 ak\u0131l, bilim ve teknolojiyle dijital ve ye\u015fil dengeli gelece\u011fe uzanmal\u0131d\u0131r. Bu sat\u0131rlar\u0131n kaleme al\u0131nd\u0131\u011f\u0131 zamanlarda d\u00fcnya ve toplumlar, de\u011fi\u015ferek d\u00f6n\u00fc\u015f\u00fcm\u00fcn i\u00e7ine girmi\u015f bulunuyor. Bundan y\u00fcz y\u0131l \u00f6nce d\u00f6n\u00fc\u015f\u00fcm\u00fc s\u0131rtlayan atalar\u0131m\u0131z\u0131n yapt\u0131\u011f\u0131 gibi, yeni d\u00fcnya ve toplum d\u00fczeni bu ku\u015fa\u011f\u0131n omuzlar\u0131nda y\u00fckselecek. <\/p>\n","protected":false},"excerpt":{"rendered":"<p>\u0130nsan\u0131n en b\u00fcy\u00fck ve en anlaml\u0131 yolculu\u011fu kendine yapm\u0131\u015f oldu\u011fu yolculuktur. K\u00f6klerine inerek yap\u0131lan bu yolculuk, ki\u015finin kendini tan\u0131mas\u0131n\u0131, dolay\u0131s\u0131yla kendini daha iyi bilmesini sa\u011flar. Ancak<span class=\"excerpt-hellip\"> [\u2026]<\/span><\/p>\n","protected":false},"featured_media":0,"template":"","meta":{"_monsterinsights_skip_tracking":false,"_monsterinsights_sitenote_active":false,"_monsterinsights_sitenote_note":"","_monsterinsights_sitenote_category":0},"product_brand":[],"product_cat":[12312,12304],"product_tag":[],"class_list":{"0":"post-778531","1":"product","2":"type-product","3":"status-publish","5":"product_cat-diger","6":"product_cat-tarih","7":"pa_cilt-ciltsiz","8":"pa_tur-kitap","9":"pa_yayinevi-platanus-publishing","10":"pa_yazar-yusuf-deniz-inan","12":"first","13":"instock","14":"sale","15":"shipping-taxable","16":"purchasable","17":"product-type-simple"},"_links":{"self":[{"href":"https:\/\/roveyayinevi.com.tr\/index.php\/wp-json\/wp\/v2\/product\/778531","targetHints":{"allow":["GET"]}}],"collection":[{"href":"https:\/\/roveyayinevi.com.tr\/index.php\/wp-json\/wp\/v2\/product"}],"about":[{"href":"https:\/\/roveyayinevi.com.tr\/index.php\/wp-json\/wp\/v2\/types\/product"}],"wp:attachment":[{"href":"https:\/\/roveyayinevi.com.tr\/index.php\/wp-json\/wp\/v2\/media?parent=778531"}],"wp:term":[{"taxonomy":"product_brand","embeddable":true,"href":"https:\/\/roveyayinevi.com.tr\/index.php\/wp-json\/wp\/v2\/product_brand?post=778531"},{"taxonomy":"product_cat","embeddable":true,"href":"https:\/\/roveyayinevi.com.tr\/index.php\/wp-json\/wp\/v2\/product_cat?post=778531"},{"taxonomy":"product_tag","embeddable":true,"href":"https:\/\/roveyayinevi.com.tr\/index.php\/wp-json\/wp\/v2\/product_tag?post=778531"}],"curies":[{"name":"wp","href":"https:\/\/api.w.org\/{rel}","templated":true}]}}