{"id":778379,"date":"2025-11-09T11:59:08","date_gmt":"2025-11-09T08:59:08","guid":{"rendered":"https:\/\/roveyayinevi.com.tr\/index.php\/urun\/islamda-aklin-hikayesi\/"},"modified":"2026-04-15T03:43:39","modified_gmt":"2026-04-15T00:43:39","slug":"islamda-aklin-hikayesi","status":"publish","type":"product","link":"https:\/\/roveyayinevi.com.tr\/index.php\/urun\/islamda-aklin-hikayesi\/","title":{"rendered":"\u0130slam\u2019da Akl\u0131n Hikayesi"},"content":{"rendered":"<p>Filistinli yazar ve akademisyen Sari Nusseibeh \u0130slam\u2019da Akl\u0131n Hik\u00e2yesi adl\u0131 bu eserinde, \u0130slam d\u00fc\u015f\u00fcncesinin te\u015fekk\u00fcl d\u00f6nemini ve sonras\u0131ndaki seyrini hem tarihsel hem felsefi bir perspektiften ele al\u0131yor. Eserde akl\u0131n hik\u00e2yesi, onun \u015fiirle kurdu\u011fu estetik ili\u015fkiden kel\u00e2m gelene\u011fine, \u00f6zg\u00fcr irade tart\u0131\u015fmalar\u0131ndan Kur\u2019\u00e2n\u2019\u0131n ontolojik stat\u00fcs\u00fcne pek \u00e7ok mesele ba\u011flam\u0131nda inceleniyor. Ancak yazar\u0131n izini s\u00fcrd\u00fc\u011f\u00fc bu hik\u00e2ye, basit bir \u201cilerleme ve gerileme\u201d diyalekti\u011fine dayanm\u0131yor; akl\u0131n mahiyetini, kim taraf\u0131ndan temsil edildi\u011fini ve hangi siyasi-toplumsal ba\u011flamlarda s\u0131n\u0131rland\u0131r\u0131ld\u0131\u011f\u0131n\u0131 sorgulayan ele\u015ftirel bir bak\u0131\u015f a\u00e7\u0131s\u0131 da i\u00e7eriyor. Bununla birlikte Nusseibeh\u2019in yer yer nostaljik bir alt\u0131n \u00e7a\u011f aray\u0131\u015f\u0131n\u0131 \u00e7a\u011fr\u0131\u015ft\u0131ran anlat\u0131s\u0131ndaki baz\u0131 noktalar ele\u015ftiriye ve itiraza a\u00e7\u0131k. Bu y\u00f6n\u00fcyle bu nostaljinin \u00fczerine d\u00fc\u015f\u00fcnmeye de te\u015fvik eden eser, \u0130slam d\u00fc\u015f\u00fcnce tarihinin, s\u00fcregelen felsefi ve teolojik tart\u0131\u015fmalarla olan ba\u011f\u0131n\u0131 anlamak isteyen herkes i\u00e7in bir ba\u015flang\u0131\u00e7 noktas\u0131 sunuyor. <\/p>\n","protected":false},"excerpt":{"rendered":"<p>Filistinli yazar ve akademisyen Sari Nusseibeh \u0130slam\u2019da Akl\u0131n Hik\u00e2yesi adl\u0131 bu eserinde, \u0130slam d\u00fc\u015f\u00fcncesinin te\u015fekk\u00fcl d\u00f6nemini ve sonras\u0131ndaki seyrini hem tarihsel hem felsefi bir perspektiften ele<span class=\"excerpt-hellip\"> [\u2026]<\/span><\/p>\n","protected":false},"featured_media":0,"template":"","meta":{"_monsterinsights_skip_tracking":false,"_monsterinsights_sitenote_active":false,"_monsterinsights_sitenote_note":"","_monsterinsights_sitenote_category":0},"product_brand":[],"product_cat":[19998,12388],"product_tag":[],"class_list":{"0":"post-778379","1":"product","2":"type-product","3":"status-publish","5":"product_cat-din-felsefesi","6":"product_cat-felsefe","7":"pa_cilt-ciltsiz","8":"pa_tur-kitap","9":"pa_yayinevi-vakifbank-kultur-yayinlari","10":"pa_yazar-sari-nusseibeh","12":"first","13":"instock","14":"sale","15":"shipping-taxable","16":"purchasable","17":"product-type-simple"},"_links":{"self":[{"href":"https:\/\/roveyayinevi.com.tr\/index.php\/wp-json\/wp\/v2\/product\/778379","targetHints":{"allow":["GET"]}}],"collection":[{"href":"https:\/\/roveyayinevi.com.tr\/index.php\/wp-json\/wp\/v2\/product"}],"about":[{"href":"https:\/\/roveyayinevi.com.tr\/index.php\/wp-json\/wp\/v2\/types\/product"}],"wp:attachment":[{"href":"https:\/\/roveyayinevi.com.tr\/index.php\/wp-json\/wp\/v2\/media?parent=778379"}],"wp:term":[{"taxonomy":"product_brand","embeddable":true,"href":"https:\/\/roveyayinevi.com.tr\/index.php\/wp-json\/wp\/v2\/product_brand?post=778379"},{"taxonomy":"product_cat","embeddable":true,"href":"https:\/\/roveyayinevi.com.tr\/index.php\/wp-json\/wp\/v2\/product_cat?post=778379"},{"taxonomy":"product_tag","embeddable":true,"href":"https:\/\/roveyayinevi.com.tr\/index.php\/wp-json\/wp\/v2\/product_tag?post=778379"}],"curies":[{"name":"wp","href":"https:\/\/api.w.org\/{rel}","templated":true}]}}