{"id":778051,"date":"2025-10-29T02:42:44","date_gmt":"2025-10-28T23:42:44","guid":{"rendered":"https:\/\/roveyayinevi.com.tr\/index.php\/urun\/mutareke-ve-surgun-hatiralari\/"},"modified":"2025-11-07T02:43:58","modified_gmt":"2025-11-06T23:43:58","slug":"mutareke-ve-surgun-hatiralari","status":"publish","type":"product","link":"https:\/\/roveyayinevi.com.tr\/index.php\/urun\/mutareke-ve-surgun-hatiralari\/","title":{"rendered":"M\u00fctareke ve S\u00fcrg\u00fcn Hat\u0131ralar\u0131"},"content":{"rendered":"<p>A\u011fao\u011flu\u2019nun s\u00fcrg\u00fcn s\u0131ras\u0131nda tuttu\u011fu g\u00fcnl\u00fck birka\u00e7 a\u00e7\u0131dan \u00f6nemlidir: \u00d6ncelikle M\u00fctareke y\u0131llar\u0131nda sorumlu h\u00fck\u00fcmetin ve \u0130tilaf\u00e7\u0131 kadrolar\u0131n \u0130tilaf devletleriyle kurduklar\u0131 ili\u015fkiler, sorumsuz ve teslimiyet\u00e7i tutumlar\u0131, \u0130stanbul\u2019un bo\u011fucu ortam\u0131, Beyaz\u0131t\u2019ta ger\u00e7ekle\u015ftirilen idamlar, halk\u0131n ya\u015fad\u0131\u011f\u0131 a\u011f\u0131r ko\u015fullar ve i\u00e7ine d\u00fc\u015ft\u00fc\u011f\u00fc \u00fcmitsizlik, birtak\u0131m z\u00fcmrelerin bu olumsuz ko\u015fullar\u0131 kendi menfaatlerine d\u00f6n\u00fc\u015ft\u00fcrme gayretleri, gayrim\u00fcslimlerin yapt\u0131klar\u0131 ta\u015fk\u0131nl\u0131klar, \u0130ttihat\u00e7\u0131 av\u0131, Bekira\u011fa B\u00f6l\u00fc\u011f\u00fc\u2019nde tutuklu ge\u00e7en aylar; k\u0131sacas\u0131 A\u011fao\u011flu\u2019nun d\u00f6nemin \u0130stanbul\u2019unda bizzat tan\u0131k oldu\u011fu manzaralar g\u00f6z\u00fcm\u00fcz\u00fcn \u00f6n\u00fcnde canlanmaktad\u0131r. \u0130kinci olarak, hat\u0131ralar, Limni ve Malta s\u00fcrg\u00fcn\u00fcn\u00fcn farkl\u0131 y\u00f6nlerini ayd\u0131nlatacak mahiyettedir. S\u00fcrg\u00fcn ko\u015fullar\u0131, tutuklular\u0131n moral durumlar\u0131, ya\u015fad\u0131klar\u0131 fikir bunal\u0131m\u0131 ve s\u00fcrg\u00fcndeki ayd\u0131nlar aras\u0131ndaki felsefi-politik tart\u0131\u015fmalar hakk\u0131nda birinci derecede g\u00f6zlemler i\u00e7ermektedir. \u0130lgi \u00e7ekici olan, bu s\u00fcrg\u00fcnden sonra hi\u00e7bir \u0130ttihat\u00e7\u0131n\u0131n eski angajmanlar\u0131n\u0131 hat\u0131rlamak bile istememesidir. Diren\u00e7leri k\u0131r\u0131lm\u0131\u015ft\u0131r. S\u00fcrg\u00fcnden sonra yurda d\u00f6nerek yeni siyasi kadrolar i\u00e7inde yer alacak olanlar\u0131 bamba\u015fka bir ortam ve yeni ko\u015fullar beklemektedir. \u00dc\u00e7\u00fcnc\u00fcs\u00fc, hat\u0131ralar, M\u00fctareke ve i\u015fgal d\u00f6nemi ile g\u00fcn\u00fcm\u00fcz T\u00fcrkiye\u2019sinin ko\u015fullar\u0131 aras\u0131nda baz\u0131 y\u00f6nlerden paralellikler\/benzerlikler kurmaya imkan tan\u0131maktad\u0131r. D\u00f6rd\u00fcnc\u00fcs\u00fc ve en \u00f6nemlisi, A\u011fao\u011flu, Bat\u0131\u2019n\u0131n ikiy\u00fczl\u00fcl\u00fc\u011f\u00fc ve Bat\u0131 sorununun T\u00fcrkiye i\u00e7in nas\u0131l felaketli sonu\u00e7lar do\u011furabilece\u011fi konusunda kritik ipu\u00e7lar\u0131 vermektedir. Bu a\u00e7\u0131lardan hat\u0131ralar bellek tazeleyici oldu\u011fu kadar \u00f6\u011freticidir de. <\/p>\n","protected":false},"excerpt":{"rendered":"<p>A\u011fao\u011flu\u2019nun s\u00fcrg\u00fcn s\u0131ras\u0131nda tuttu\u011fu g\u00fcnl\u00fck birka\u00e7 a\u00e7\u0131dan \u00f6nemlidir: \u00d6ncelikle M\u00fctareke y\u0131llar\u0131nda sorumlu h\u00fck\u00fcmetin ve \u0130tilaf\u00e7\u0131 kadrolar\u0131n \u0130tilaf devletleriyle kurduklar\u0131 ili\u015fkiler, sorumsuz ve teslimiyet\u00e7i tutumlar\u0131, \u0130stanbul\u2019un bo\u011fucu<span class=\"excerpt-hellip\"> [\u2026]<\/span><\/p>\n","protected":false},"featured_media":0,"template":"","meta":{"_monsterinsights_skip_tracking":false,"_monsterinsights_sitenote_active":false,"_monsterinsights_sitenote_note":"","_monsterinsights_sitenote_category":0},"product_brand":[],"product_cat":[12312,12304],"product_tag":[],"class_list":{"0":"post-778051","1":"product","2":"type-product","3":"status-publish","5":"product_cat-diger","6":"product_cat-tarih","7":"pa_tur-kitap","8":"pa_yayinevi-dogu-kitabevi","9":"pa_yazar-ahmet-agaoglu","11":"first","12":"instock","13":"sale","14":"shipping-taxable","15":"purchasable","16":"product-type-simple"},"_links":{"self":[{"href":"https:\/\/roveyayinevi.com.tr\/index.php\/wp-json\/wp\/v2\/product\/778051","targetHints":{"allow":["GET"]}}],"collection":[{"href":"https:\/\/roveyayinevi.com.tr\/index.php\/wp-json\/wp\/v2\/product"}],"about":[{"href":"https:\/\/roveyayinevi.com.tr\/index.php\/wp-json\/wp\/v2\/types\/product"}],"wp:attachment":[{"href":"https:\/\/roveyayinevi.com.tr\/index.php\/wp-json\/wp\/v2\/media?parent=778051"}],"wp:term":[{"taxonomy":"product_brand","embeddable":true,"href":"https:\/\/roveyayinevi.com.tr\/index.php\/wp-json\/wp\/v2\/product_brand?post=778051"},{"taxonomy":"product_cat","embeddable":true,"href":"https:\/\/roveyayinevi.com.tr\/index.php\/wp-json\/wp\/v2\/product_cat?post=778051"},{"taxonomy":"product_tag","embeddable":true,"href":"https:\/\/roveyayinevi.com.tr\/index.php\/wp-json\/wp\/v2\/product_tag?post=778051"}],"curies":[{"name":"wp","href":"https:\/\/api.w.org\/{rel}","templated":true}]}}