{"id":778042,"date":"2025-10-28T20:18:16","date_gmt":"2025-10-28T17:18:16","guid":{"rendered":"https:\/\/roveyayinevi.com.tr\/index.php\/urun\/ataturkun-dersim-operasyonu\/"},"modified":"2026-04-15T03:43:42","modified_gmt":"2026-04-15T00:43:42","slug":"ataturkun-dersim-operasyonu","status":"publish","type":"product","link":"https:\/\/roveyayinevi.com.tr\/index.php\/urun\/ataturkun-dersim-operasyonu\/","title":{"rendered":"Atat\u00fcrk\u2019\u00fcn Dersim Operasyonu"},"content":{"rendered":"<p>U\u00e7urumun kenar\u0131ndaki bir \u00fclkeden \u0130stiklal Harbi\u2019ne\u2026 \u0130stiklal Harbi\u2019nden Cumhuriyet\u2019e\u2026 Cumhuriyet\u2019le birlikte muas\u0131r medeniyetler hedefine\u2026 Her alanda t\u00fcm h\u0131z\u0131yla ilerleyen gen\u00e7 ve dinamik T\u00fcrkiye Cumhuriyeti, 1937 ve 1938 y\u0131llar\u0131nda Tunceli ilimizde ya\u015fanan ve kamuoyunda \u201cDersim \u0130syanlar\u0131\u201d olarak adland\u0131r\u0131lan elem verici olaylarla kar\u015f\u0131 kar\u015f\u0131ya kald\u0131.  Temelde feodal yap\u0131lar\u0131n organize etti\u011fi, arka plan\u0131nda ise Cumhuriyet\u2019in aya\u011f\u0131na bast\u0131\u011f\u0131 i\u00e7 ve d\u0131\u015f g\u00f6lge yap\u0131lar\u0131n yer ald\u0131\u011f\u0131 bu iki isyan kar\u015f\u0131s\u0131nda devlet, \u00fczerine d\u00fc\u015feni yapt\u0131 ve her iki isyan\u0131 da bast\u0131rd\u0131. Ya\u015fanan olaylar\u0131n \u00fczerinden yakla\u015f\u0131k 90 y\u0131l ge\u00e7ti fakat tart\u0131\u015fmalar h\u00e2len devam diyor. Bu tart\u0131\u015fmalar\u0131n b\u00fcy\u00fck bir \u00e7o\u011funlu\u011fu ise bilimsel ve tarih\u00ee verilerden uzak, hamaset ve hurafelerle dolu bir d\u00fczlemde ilerliyor. H\u00e2l b\u00f6yleyken ar\u015fiv belgelerinin ve kaynaklar\u0131n yer ald\u0131\u011f\u0131 bilimsel bir \u00e7al\u0131\u015fman\u0131n haz\u0131rlanmas\u0131 ka\u00e7\u0131n\u0131lmaz oldu. Toplam be\u015f ana b\u00f6l\u00fcm ve bir\u00e7ok ar\u015fiv belgesinin yer ald\u0131\u011f\u0131 bu \u00e7al\u0131\u015fma Dersim isyanlar\u0131yla ilgili merak edilen bir\u00e7ok sorunun cevab\u0131n\u0131 kaynaklarla bulabilmeniz i\u00e7in kaleme al\u0131nd\u0131 ve siz de\u011ferli okurlara sunuldu. Bu kitapta bulabilecekleriniz: &#8211;           1937 ve 1938\u2019de ya\u015fanan olaylar ba\u015flamadan \u00f6nce isyanlar\u0131 planlayanlar\u0131n haz\u0131rl\u0131klar\u0131 &#8211;           \u0130syanlar\u0131 planlayan ba\u015fakt\u00f6rlerin karakteri ve kimlik yap\u0131lar\u0131 &#8211;           \u0130syanlar\u0131n fiilen ba\u015flamas\u0131 ve sonras\u0131nda ya\u015fananlar &#8211;           Devletin isyanlar kar\u015f\u0131s\u0131ndaki tutumu ve ald\u0131\u011f\u0131 tedbirler &#8211;           Yabanc\u0131 ajanlar\u0131n faaliyetleri &#8211;           Atat\u00fcrk\u2019\u00fcn sa\u011fl\u0131\u011f\u0131nda, 1937\u2019de ba\u015flayan birinci isyana kar\u015f\u0131 kendisinin bizzat planlay\u0131p y\u00f6netti\u011fi asker\u00ee operasyonun detaylar\u0131 &#8211;           Seyit R\u0131za\u2019n\u0131n yarg\u0131lanmas\u0131 ve idam\u0131 &#8211;           1938 asker\u00ee harek\u00e2t\u0131 ve isyanlar\u0131n sona ermesi &#8211;           \u0130syanlar sonras\u0131 Dersim\u2019in durumu &#8211;           Zorunlu g\u00f6\u00e7ler ve isk\u00e2n <\/p>\n","protected":false},"excerpt":{"rendered":"<p>U\u00e7urumun kenar\u0131ndaki bir \u00fclkeden \u0130stiklal Harbi\u2019ne\u2026 \u0130stiklal Harbi\u2019nden Cumhuriyet\u2019e\u2026 Cumhuriyet\u2019le birlikte muas\u0131r medeniyetler hedefine\u2026 Her alanda t\u00fcm h\u0131z\u0131yla ilerleyen gen\u00e7 ve dinamik T\u00fcrkiye Cumhuriyeti, 1937 ve<span class=\"excerpt-hellip\"> [\u2026]<\/span><\/p>\n","protected":false},"featured_media":0,"template":"","meta":{"_monsterinsights_skip_tracking":false,"_monsterinsights_sitenote_active":false,"_monsterinsights_sitenote_note":"","_monsterinsights_sitenote_category":0},"product_brand":[],"product_cat":[12370,12304],"product_tag":[],"class_list":{"0":"post-778042","1":"product","2":"type-product","3":"status-publish","5":"product_cat-arastirma-inceleme","6":"product_cat-tarih","7":"pa_cilt-ciltsiz","8":"pa_tur-kitap","9":"pa_yayinevi-kripto-basim-yayin","10":"pa_yazar-umit-dogan","12":"first","13":"instock","14":"sale","15":"shipping-taxable","16":"purchasable","17":"product-type-simple"},"_links":{"self":[{"href":"https:\/\/roveyayinevi.com.tr\/index.php\/wp-json\/wp\/v2\/product\/778042","targetHints":{"allow":["GET"]}}],"collection":[{"href":"https:\/\/roveyayinevi.com.tr\/index.php\/wp-json\/wp\/v2\/product"}],"about":[{"href":"https:\/\/roveyayinevi.com.tr\/index.php\/wp-json\/wp\/v2\/types\/product"}],"wp:attachment":[{"href":"https:\/\/roveyayinevi.com.tr\/index.php\/wp-json\/wp\/v2\/media?parent=778042"}],"wp:term":[{"taxonomy":"product_brand","embeddable":true,"href":"https:\/\/roveyayinevi.com.tr\/index.php\/wp-json\/wp\/v2\/product_brand?post=778042"},{"taxonomy":"product_cat","embeddable":true,"href":"https:\/\/roveyayinevi.com.tr\/index.php\/wp-json\/wp\/v2\/product_cat?post=778042"},{"taxonomy":"product_tag","embeddable":true,"href":"https:\/\/roveyayinevi.com.tr\/index.php\/wp-json\/wp\/v2\/product_tag?post=778042"}],"curies":[{"name":"wp","href":"https:\/\/api.w.org\/{rel}","templated":true}]}}