{"id":778009,"date":"2025-10-28T20:12:50","date_gmt":"2025-10-28T17:12:50","guid":{"rendered":"https:\/\/roveyayinevi.com.tr\/index.php\/urun\/gul-ve-kilic\/"},"modified":"2025-12-30T11:47:35","modified_gmt":"2025-12-30T08:47:35","slug":"gul-ve-kilic","status":"publish","type":"product","link":"https:\/\/roveyayinevi.com.tr\/index.php\/urun\/gul-ve-kilic\/","title":{"rendered":"G\u00fcl ve K\u0131l\u0131\u00e7"},"content":{"rendered":"<p>Tarihte \u201cirfan \u00e7a\u011f\u0131\u201d olarak an\u0131lan XIII. y\u00fczy\u0131l Anadolu\u2019su T\u00fcrkiye Sel\u00e7uklular\u0131n\u0131n zirve asr\u0131 oldu\u011fu gibi, d\u00fc\u015f\u00fcnce ve k\u00fclt\u00fcr hayat\u0131nda da y\u00fcksek bir seviyenin ya\u015fand\u0131\u011f\u0131 d\u00f6nem olmu\u015ftu. Sel\u00e7uklu T\u00fcrkiye\u2019si sundu\u011fu pek \u00e7ok imk\u00e2ndan dolay\u0131 bir\u00e7ok \u00e2lim ve mutasavv\u0131f i\u00e7in bir cazibe merkezine d\u00f6n\u00fc\u015fm\u00fc\u015f, dolay\u0131s\u0131yla da ilm\u00ee sahada b\u00fcy\u00fck bir canl\u0131l\u0131k ya\u015fanm\u0131\u015ft\u0131. Kirm\u00e2n\u00ee, Yunus Emre, \u0130bn Arab\u00ee, Sadreddin Konev\u00ee gibi ilk akla gelenlerle birlikte devrin \u00f6nde gelen m\u00fctefekkirlerinin \u00e7o\u011funun yolu burada kesi\u015fmi\u015fti. B\u00fct\u00fcn bu canl\u0131l\u0131\u011fa ra\u011fmen ayn\u0131 zamanda XIII. y\u00fczy\u0131l b\u00fcy\u00fck bir y\u0131k\u0131m ve istila asr\u0131 olarak da tarihteki yerini almaktad\u0131r. Cengiz Han etraf\u0131nda siyasi birli\u011fini tamamlayan Mo\u011follar, bu as\u0131rda b\u00fct\u00fcn d\u00fcnyay\u0131 derinden sarsan ama en \u00e7ok da M\u00fcsl\u00fcman beldeleri tahrip eden istilalar\u0131na ba\u015flam\u0131\u015flard\u0131. B\u00fcy\u00fck bir asker\u00ee g\u00fcce d\u00f6n\u00fc\u015fen Mo\u011follar bir anda b\u00fct\u00fcn Avrasya\u2019ya sald\u0131rarak d\u00fcnya tarihinin en b\u00fcy\u00fck kara imparatorlu\u011funun sahibi durumuna geldiler. \u0130slam co\u011frafyas\u0131nda b\u00fcy\u00fck bir tahribata yol a\u00e7an Mo\u011fol ak\u0131nlar\u0131 neticesinde \u0130slam uygarl\u0131\u011f\u0131 h\u00e2l\u00e2 daha telafi edilemeyen yaralar alm\u0131\u015ft\u0131. Bu karga\u015fa ve korku ortam\u0131n\u0131n M\u00fcsl\u00fcman \u00e2lim ve m\u00fctefekkirleri de derinden etkiledi\u011fi bir ger\u00e7ektir. Mo\u011fol istilas\u0131n\u0131n en canl\u0131 \u015fahidi ve muzdaribi olan Mevl\u00e2n\u00e2 Cel\u00e2ledd\u00een Rum\u00ee yaz\u0131kt\u0131r ki g\u00fcn\u00fcm\u00fczde bu istilan\u0131n bir par\u00e7as\u0131, istilac\u0131lar\u0131n adam\u0131 \u015feklinde an\u0131l\u0131r olmu\u015ftur. Bu \u00e7al\u0131\u015fma ile Mevl\u00e2n\u00e2 Cel\u00e2ledd\u00een Rum\u00ee\u2019nin uzun zamand\u0131r \u00e7ok\u00e7a tart\u0131\u015f\u0131lan Mo\u011follar ile ili\u015fkileri; tarih\u00ee olaylar\u0131n seyri, kendi etraf\u0131ndakilerin genel hayat hik\u00e2yeleri, ya\u015fanan sosyal ve siyasi olaylar ba\u011flam\u0131nda \u00f6zellikle de bizzat Mevl\u00e2n\u00e2 Cel\u00e2leddin Rum\u00ee\u2019nin kendi ifadeleri \u00e7er\u00e7evesinde de\u011ferlendirilmi\u015ftir.<\/p>\n","protected":false},"excerpt":{"rendered":"<p>Tarihte \u201cirfan \u00e7a\u011f\u0131\u201d olarak an\u0131lan XIII. y\u00fczy\u0131l Anadolu\u2019su T\u00fcrkiye Sel\u00e7uklular\u0131n\u0131n zirve asr\u0131 oldu\u011fu gibi, d\u00fc\u015f\u00fcnce ve k\u00fclt\u00fcr hayat\u0131nda da y\u00fcksek bir seviyenin ya\u015fand\u0131\u011f\u0131 d\u00f6nem olmu\u015ftu. Sel\u00e7uklu<span class=\"excerpt-hellip\"> [\u2026]<\/span><\/p>\n","protected":false},"featured_media":0,"template":"","meta":{"_monsterinsights_skip_tracking":false,"_monsterinsights_sitenote_active":false,"_monsterinsights_sitenote_note":"","_monsterinsights_sitenote_category":0},"product_brand":[],"product_cat":[12304,13650],"product_tag":[],"class_list":{"0":"post-778009","1":"product","2":"type-product","3":"status-publish","5":"product_cat-tarih","6":"product_cat-turk-tarihi-arastirmalari","7":"pa_cilt-ciltsiz","8":"pa_tur-kitap","9":"pa_yayinevi-otuken-nesriyat","10":"pa_yazar-kemal-ramazan-haykiran","12":"first","13":"instock","14":"sale","15":"shipping-taxable","16":"purchasable","17":"product-type-simple"},"_links":{"self":[{"href":"https:\/\/roveyayinevi.com.tr\/index.php\/wp-json\/wp\/v2\/product\/778009","targetHints":{"allow":["GET"]}}],"collection":[{"href":"https:\/\/roveyayinevi.com.tr\/index.php\/wp-json\/wp\/v2\/product"}],"about":[{"href":"https:\/\/roveyayinevi.com.tr\/index.php\/wp-json\/wp\/v2\/types\/product"}],"wp:attachment":[{"href":"https:\/\/roveyayinevi.com.tr\/index.php\/wp-json\/wp\/v2\/media?parent=778009"}],"wp:term":[{"taxonomy":"product_brand","embeddable":true,"href":"https:\/\/roveyayinevi.com.tr\/index.php\/wp-json\/wp\/v2\/product_brand?post=778009"},{"taxonomy":"product_cat","embeddable":true,"href":"https:\/\/roveyayinevi.com.tr\/index.php\/wp-json\/wp\/v2\/product_cat?post=778009"},{"taxonomy":"product_tag","embeddable":true,"href":"https:\/\/roveyayinevi.com.tr\/index.php\/wp-json\/wp\/v2\/product_tag?post=778009"}],"curies":[{"name":"wp","href":"https:\/\/api.w.org\/{rel}","templated":true}]}}