{"id":778005,"date":"2025-10-28T20:10:35","date_gmt":"2025-10-28T17:10:35","guid":{"rendered":"https:\/\/roveyayinevi.com.tr\/index.php\/urun\/dijital-olumsuzluk-insan-kisiliginin-yapay-zekaya-kopyalanmasi\/"},"modified":"2025-11-07T11:57:19","modified_gmt":"2025-11-07T08:57:19","slug":"dijital-olumsuzluk-insan-kisiliginin-yapay-zekaya-kopyalanmasi","status":"publish","type":"product","link":"https:\/\/roveyayinevi.com.tr\/index.php\/urun\/dijital-olumsuzluk-insan-kisiliginin-yapay-zekaya-kopyalanmasi\/","title":{"rendered":"Dijital \u00d6l\u00fcms\u00fczl\u00fck: \u0130nsan Ki\u015fili\u011finin Yapay Zekaya Kopyalanmas\u0131"},"content":{"rendered":"<p>Dijital \u00d6l\u00fcms\u00fczl\u00fck; sadece bir kitap de\u011fil, insanl\u0131k tarihinin en b\u00fcy\u00fck s\u0131\u00e7ramalar\u0131ndan birine dair bir manifestodur. \u0130leti\u015fim Ba\u015fkanl\u0131\u011f\u0131 b\u00fcrokratlar\u0131ndan Taner Ta\u015fk\u0131ran, devletin kalbinde edindi\u011fi tecr\u00fcbeyle, stratejik derinli\u011fi ve entelekt\u00fcel birikimiyle, insan benli\u011finin yapay zek\u00e2ya aktar\u0131lmas\u0131 fikrini sars\u0131c\u0131 sorularla masaya yat\u0131r\u0131yor: \u2022 Ki\u015filik dijitalle\u015ftirilebilir mi? Bir insan\u0131n haf\u0131zas\u0131, duygular\u0131 ve karakteri bir algoritmaya d\u00f6n\u00fc\u015ft\u00fc\u011f\u00fcnde o h\u00e2l\u00e2 insan m\u0131d\u0131r? \u2022 \u00d6l\u00fcm, ger\u00e7ekten bir son mudur yoksa yeni bir ba\u015flang\u0131c\u0131n kap\u0131s\u0131 m\u0131? Felsefe, teknoloji, psikoloji ve ileti\u015fimin kesi\u015fti\u011fi bu \u00f6nc\u00fc eserde, Ta\u015fk\u0131ran yaln\u0131zca gelece\u011fi anlatm\u0131yor ayn\u0131 zamanda gelece\u011fi in\u015fa ediyor. Cesur \u00f6ng\u00f6r\u00fcleri, etkileyici anlat\u0131m\u0131 ve sorgulay\u0131c\u0131 yakla\u015f\u0131m\u0131yla Dijital \u00d6l\u00fcms\u00fczl\u00fck, sizi hem b\u00fcy\u00fcleyecek hem de d\u00fc\u015f\u00fcnmeye zorlayacak. Bu kitab\u0131 okuduktan sonra yaln\u0131zca teknolojiye de\u011fil kendi varl\u0131\u011f\u0131n\u0131za da bamba\u015fka bir g\u00f6zle bakacaks\u0131n\u0131z.<\/p>\n","protected":false},"excerpt":{"rendered":"<p>Dijital \u00d6l\u00fcms\u00fczl\u00fck; sadece bir kitap de\u011fil, insanl\u0131k tarihinin en b\u00fcy\u00fck s\u0131\u00e7ramalar\u0131ndan birine dair bir manifestodur. \u0130leti\u015fim Ba\u015fkanl\u0131\u011f\u0131 b\u00fcrokratlar\u0131ndan Taner Ta\u015fk\u0131ran, devletin kalbinde edindi\u011fi tecr\u00fcbeyle, stratejik derinli\u011fi<span class=\"excerpt-hellip\"> [\u2026]<\/span><\/p>\n","protected":false},"featured_media":0,"template":"","meta":{"_monsterinsights_skip_tracking":false,"_monsterinsights_sitenote_active":false,"_monsterinsights_sitenote_note":"","_monsterinsights_sitenote_category":0},"product_brand":[],"product_cat":[13005,13006],"product_tag":[],"class_list":{"0":"post-778005","1":"product","2":"type-product","3":"status-publish","5":"product_cat-bilim-muhendislik","6":"product_cat-populer-bilim","7":"pa_cilt-ciltsiz","8":"pa_tur-kitap","9":"pa_yayinevi-nobel-bilimsel-eserler","10":"pa_yazar-taner-taskiran","12":"first","13":"instock","14":"sale","15":"shipping-taxable","16":"purchasable","17":"product-type-simple"},"_links":{"self":[{"href":"https:\/\/roveyayinevi.com.tr\/index.php\/wp-json\/wp\/v2\/product\/778005","targetHints":{"allow":["GET"]}}],"collection":[{"href":"https:\/\/roveyayinevi.com.tr\/index.php\/wp-json\/wp\/v2\/product"}],"about":[{"href":"https:\/\/roveyayinevi.com.tr\/index.php\/wp-json\/wp\/v2\/types\/product"}],"wp:attachment":[{"href":"https:\/\/roveyayinevi.com.tr\/index.php\/wp-json\/wp\/v2\/media?parent=778005"}],"wp:term":[{"taxonomy":"product_brand","embeddable":true,"href":"https:\/\/roveyayinevi.com.tr\/index.php\/wp-json\/wp\/v2\/product_brand?post=778005"},{"taxonomy":"product_cat","embeddable":true,"href":"https:\/\/roveyayinevi.com.tr\/index.php\/wp-json\/wp\/v2\/product_cat?post=778005"},{"taxonomy":"product_tag","embeddable":true,"href":"https:\/\/roveyayinevi.com.tr\/index.php\/wp-json\/wp\/v2\/product_tag?post=778005"}],"curies":[{"name":"wp","href":"https:\/\/api.w.org\/{rel}","templated":true}]}}