{"id":777996,"date":"2025-10-28T19:39:33","date_gmt":"2025-10-28T16:39:33","guid":{"rendered":"https:\/\/roveyayinevi.com.tr\/index.php\/urun\/orta-cag-dunyasi\/"},"modified":"2026-04-15T03:36:37","modified_gmt":"2026-04-15T00:36:37","slug":"orta-cag-dunyasi","status":"publish","type":"product","link":"https:\/\/roveyayinevi.com.tr\/index.php\/urun\/orta-cag-dunyasi\/","title":{"rendered":"Orta \u00c7a\u011f D\u00fcnyas\u0131"},"content":{"rendered":"<p>Ge\u00e7mi\u015f, \u015fimdiki zaman\u0131n ve gelece\u011fin \u015fekillenmesinde vazge\u00e7ilmez bir \u00f6neme sahiptir. Ge\u00e7mi\u015fin izleriyle ya\u015fan\u0131lan \u00e7a\u011f\u0131n duygular\u0131, ac\u0131lar\u0131 ve mutluluklar\u0131 gibi pek \u00e7ok unsur anla\u015f\u0131lmaya ve de\u011ferlendirilmeye \u00e7al\u0131\u015f\u0131larak gelece\u011fin temeli olu\u015fturulur. Bu s\u00fcre\u00e7te de gerek din adamlar\u0131 gerek devlet adamlar\u0131 gerekse vakan\u00fcvisler gibi ya\u015fad\u0131\u011f\u0131 d\u00f6nemi aktaranlarla kulland\u0131\u011f\u0131 olgular aras\u0131nda kesintisizce devam eden kar\u015f\u0131l\u0131kl\u0131 etkile\u015fim s\u00fcreci, bug\u00fcn ile ge\u00e7mi\u015f aras\u0131nda s\u00fcrekli bir diyalog olarak kar\u015f\u0131m\u0131za \u00e7\u0131kar. Nitekim tarih ge\u00e7mi\u015fe a\u00e7\u0131lan bir kap\u0131 olurken gelece\u011fin hayal edilmesinde de olduk\u00e7a \u00f6nemli bir yere sahiptir.   Orta \u00c7a\u011f tarihi de tarihsel s\u00fcrecin en \u00f6nemli d\u00f6nemlerinden biri olarak kar\u015f\u0131m\u0131za \u00e7\u0131kar. Gerek Do\u011fu d\u00fcnyas\u0131 gerekse Bat\u0131 d\u00fcnyas\u0131n\u0131n temellerinin at\u0131lmas\u0131nda olduk\u00e7a \u00f6nemli bir yeri vard\u0131r. Nitekim bu zaman dilimi temel olarak bize iki farkl\u0131 perspektif sunmaktad\u0131r. Orta \u00c7a\u011f, Avrupa tarihi a\u00e7\u0131s\u0131ndan par\u00e7alanm\u0131\u015f siyasi ve dini bir tablo i\u00e7erisinde kilise ile siyasi otoritelerin g\u00fc\u00e7 ittifak\u0131n\u0131n getirdi\u011fi din\u00ee, siyasi, sosyal, ekonomik bir\u00e7ok sonu\u00e7la birlikte sek\u00fclerle\u015fme s\u00fcrecinin ba\u015flad\u0131\u011f\u0131 bir zaman dilimini kapsarken; \u0130slam d\u00fcnyas\u0131 a\u00e7\u0131s\u0131ndan g\u00fc\u00e7l\u00fc T\u00fcrk-\u0130slam h\u00fck\u00fcmdarlar\u0131n\u0131n fetih ve gazalar\u0131 alt\u0131nda, ticaret yollar\u0131n\u0131n ele ge\u00e7irildi\u011fi, bilimsel ve teknik ilerlemelerin desteklendi\u011fi bir tablo olarak kar\u015f\u0131m\u0131za \u00e7\u0131kmaktad\u0131r. Orta \u00c7a\u011f; sava\u015flar\u0131n, hastal\u0131klar\u0131n, ekonomik s\u0131k\u0131nt\u0131lar\u0131n, do\u011fal felaketlerin fazlas\u0131yla ger\u00e7ekle\u015fti\u011fi bir d\u00f6nem olsa da g\u00f6rkemli katedrallerin, ihti\u015faml\u0131 saraylar\u0131n, muazzam rasathanelerle \u00fcniversite ve medreselerin de var oldu\u011fu bir d\u00f6nemdir. Siyasi, din\u00ee, ilm\u00ee a\u00e7\u0131dan Do\u011fu ve Bat\u0131 aras\u0131nda inan\u0131lmaz bir etkile\u015fim mevcuttur. Orta \u00c7a\u011f Hristiyan ve \u0130slam d\u00fcnyas\u0131na yeni bir pencere a\u00e7mak i\u00e7in haz\u0131rlanan bu eser de Orta \u00c7a\u011f d\u00fcnyas\u0131na dair farkl\u0131 kesitler sunarak insanl\u0131\u011f\u0131n tarihsel haf\u0131zas\u0131na katk\u0131 sa\u011flamay\u0131 ama\u00e7lamaktad\u0131r.<\/p>\n","protected":false},"excerpt":{"rendered":"<p>Ge\u00e7mi\u015f, \u015fimdiki zaman\u0131n ve gelece\u011fin \u015fekillenmesinde vazge\u00e7ilmez bir \u00f6neme sahiptir. Ge\u00e7mi\u015fin izleriyle ya\u015fan\u0131lan \u00e7a\u011f\u0131n duygular\u0131, ac\u0131lar\u0131 ve mutluluklar\u0131 gibi pek \u00e7ok unsur anla\u015f\u0131lmaya ve de\u011ferlendirilmeye \u00e7al\u0131\u015f\u0131larak<span class=\"excerpt-hellip\"> [\u2026]<\/span><\/p>\n","protected":false},"featured_media":0,"template":"","meta":{"_monsterinsights_skip_tracking":false,"_monsterinsights_sitenote_active":false,"_monsterinsights_sitenote_note":"","_monsterinsights_sitenote_category":0},"product_brand":[],"product_cat":[12305,12304],"product_tag":[],"class_list":{"0":"post-777996","1":"product","2":"type-product","3":"status-publish","5":"product_cat-dunya-tarihi","6":"product_cat-tarih","7":"pa_cilt-ciltsiz","8":"pa_tur-kitap","9":"pa_yayinevi-otuken-nesriyat","10":"pa_yazar-kolektif","12":"first","13":"instock","14":"sale","15":"shipping-taxable","16":"purchasable","17":"product-type-simple"},"_links":{"self":[{"href":"https:\/\/roveyayinevi.com.tr\/index.php\/wp-json\/wp\/v2\/product\/777996","targetHints":{"allow":["GET"]}}],"collection":[{"href":"https:\/\/roveyayinevi.com.tr\/index.php\/wp-json\/wp\/v2\/product"}],"about":[{"href":"https:\/\/roveyayinevi.com.tr\/index.php\/wp-json\/wp\/v2\/types\/product"}],"wp:attachment":[{"href":"https:\/\/roveyayinevi.com.tr\/index.php\/wp-json\/wp\/v2\/media?parent=777996"}],"wp:term":[{"taxonomy":"product_brand","embeddable":true,"href":"https:\/\/roveyayinevi.com.tr\/index.php\/wp-json\/wp\/v2\/product_brand?post=777996"},{"taxonomy":"product_cat","embeddable":true,"href":"https:\/\/roveyayinevi.com.tr\/index.php\/wp-json\/wp\/v2\/product_cat?post=777996"},{"taxonomy":"product_tag","embeddable":true,"href":"https:\/\/roveyayinevi.com.tr\/index.php\/wp-json\/wp\/v2\/product_tag?post=777996"}],"curies":[{"name":"wp","href":"https:\/\/api.w.org\/{rel}","templated":true}]}}