{"id":777981,"date":"2025-10-27T16:49:52","date_gmt":"2025-10-27T13:49:52","guid":{"rendered":"https:\/\/roveyayinevi.com.tr\/index.php\/urun\/on-uc-sehit\/"},"modified":"2026-04-16T02:40:49","modified_gmt":"2026-04-15T23:40:49","slug":"on-uc-sehit","status":"publish","type":"product","link":"https:\/\/roveyayinevi.com.tr\/index.php\/urun\/on-uc-sehit\/","title":{"rendered":"On \u00dc\u00e7 \u015eehit"},"content":{"rendered":"<p>Bosna-Hersekli bir grup gen\u00e7 1939\u2019da, kimliklerini, inan\u00e7lar\u0131n\u0131, ya\u015fam bi\u00e7imlerini koruyabilmek i\u00e7in Gen\u00e7 M\u00fcsl\u00fcmanlar Cemiyeti\u2019ni kurar. 1990\u2019lar\u0131n \u00f6zg\u00fcr Bosna\u2019s\u0131na ula\u015facak uzun dirili\u015f ve direni\u015f yolunun dinamiklerini ta\u015f\u0131yan Cemiyet \u00fcyelerini devrin Yugoslav y\u00f6netimi \u015fiddetle sindirmek ister. 1940\u2019la 1949 y\u0131llar\u0131 aras\u0131nda Gen\u00e7 M\u00fcsl\u00fcmanlar Cemiyeti\u2019nin kurucular\u0131yla en aktif \u00fcyelerinden baz\u0131lar\u0131 \u015fehit edilir. 1946\u2019da Nedzib Sacirbegovic, Aliya \u0130zzetbegovic, Esref Campara, 1947\u2019deyse Vahid Kozaric, \u0130brahim Trebinjac ve \u0130smet Kasumagic hapse mahk\u00fbm edilir.Kendisi de Gen\u00e7 M\u00fcsl\u00fcmanlar Cemiyeti \u00fcyelerinden olan \u0130smet Kasumagic, Cemiyet\u2019in kurulu\u015funun 60. y\u0131l\u0131 m\u00fcnasebetiyle tarihe not d\u00fc\u015fmek i\u00e7in elinizdeki kitab\u0131 yazar. Kitapta, \u00d6zg\u00fcr Bosna\u2019n\u0131n varolu\u015f m\u00fccadelesini ba\u015flat\u0131p s\u00fcrd\u00fcren Gen\u00e7 M\u00fcsl\u00fcmanlar Cemiyeti\u2019nin \u015fehit edilen on \u00fc\u00e7 \u00fcyesi, onlar\u0131n cansiparane \u00e7abas\u0131, baz\u0131lar\u0131n\u0131n Anadolu\u2019ya uzanan soy k\u00fct\u00fckleri biyografi tarz\u0131nda inceleniyor. Kasumagic, \u015fehit edilen kahraman gen\u00e7lerin kararl\u0131 m\u00fccadelesini anlat\u0131l\u0131rken Bosnal\u0131 M\u00fcsl\u00fcmanlara uygulanan bask\u0131, zul\u00fcm ve \u015fiddet hakk\u0131nda da birinci a\u011f\u0131zdan tan\u0131kl\u0131klar sunuyor.<\/p>\n","protected":false},"excerpt":{"rendered":"<p>Bosna-Hersekli bir grup gen\u00e7 1939\u2019da, kimliklerini, inan\u00e7lar\u0131n\u0131, ya\u015fam bi\u00e7imlerini koruyabilmek i\u00e7in Gen\u00e7 M\u00fcsl\u00fcmanlar Cemiyeti\u2019ni kurar. 1990\u2019lar\u0131n \u00f6zg\u00fcr Bosna\u2019s\u0131na ula\u015facak uzun dirili\u015f ve direni\u015f yolunun dinamiklerini ta\u015f\u0131yan<span class=\"excerpt-hellip\"> [\u2026]<\/span><\/p>\n","protected":false},"featured_media":0,"template":"","meta":{"_monsterinsights_skip_tracking":false,"_monsterinsights_sitenote_active":false,"_monsterinsights_sitenote_note":"","_monsterinsights_sitenote_category":0},"product_brand":[],"product_cat":[14009,12291],"product_tag":[],"class_list":{"0":"post-777981","1":"product","2":"type-product","3":"status-publish","5":"product_cat-biyografi-otobiyografi-edebiyat","6":"product_cat-edebiyat","7":"pa_cilt-ciltsiz","8":"pa_tur-kitap","9":"pa_yayinevi-pruva-yayinlari","10":"pa_yazar-ismet-kasumagic","12":"first","13":"instock","14":"sale","15":"shipping-taxable","16":"purchasable","17":"product-type-simple"},"_links":{"self":[{"href":"https:\/\/roveyayinevi.com.tr\/index.php\/wp-json\/wp\/v2\/product\/777981","targetHints":{"allow":["GET"]}}],"collection":[{"href":"https:\/\/roveyayinevi.com.tr\/index.php\/wp-json\/wp\/v2\/product"}],"about":[{"href":"https:\/\/roveyayinevi.com.tr\/index.php\/wp-json\/wp\/v2\/types\/product"}],"wp:attachment":[{"href":"https:\/\/roveyayinevi.com.tr\/index.php\/wp-json\/wp\/v2\/media?parent=777981"}],"wp:term":[{"taxonomy":"product_brand","embeddable":true,"href":"https:\/\/roveyayinevi.com.tr\/index.php\/wp-json\/wp\/v2\/product_brand?post=777981"},{"taxonomy":"product_cat","embeddable":true,"href":"https:\/\/roveyayinevi.com.tr\/index.php\/wp-json\/wp\/v2\/product_cat?post=777981"},{"taxonomy":"product_tag","embeddable":true,"href":"https:\/\/roveyayinevi.com.tr\/index.php\/wp-json\/wp\/v2\/product_tag?post=777981"}],"curies":[{"name":"wp","href":"https:\/\/api.w.org\/{rel}","templated":true}]}}