{"id":777788,"date":"2025-10-26T21:54:02","date_gmt":"2025-10-26T18:54:02","guid":{"rendered":"https:\/\/roveyayinevi.com.tr\/index.php\/urun\/tunel-gazzede-yasamak\/"},"modified":"2026-04-16T02:16:55","modified_gmt":"2026-04-15T23:16:55","slug":"tunel-gazzede-yasamak","status":"publish","type":"product","link":"https:\/\/roveyayinevi.com.tr\/index.php\/urun\/tunel-gazzede-yasamak\/","title":{"rendered":"T\u00fcnel Gazze&#8217;de Ya\u015famak"},"content":{"rendered":"<p>Bu soruya \u00e7ok az insan Mehmet Akif Ersoy kadar do\u011fru cevap verebilirdi. T\u00fcnel, Ersoy\u2019un abluka alt\u0131ndaki Gazze\u2019de gazetecilik yaparken ya\u015fad\u0131\u011f\u0131 zorlu s\u00fcrecin ve bu s\u00fcrece e\u015flik eden zihinsel \u00e7aban\u0131n \u00fcr\u00fcn\u00fc.  Kederli, fakat umudunu yitirmemi\u015f bir co\u011frafyan\u0131n topo\u011frafyas\u0131. Ersoy, sloganlar\u0131n Gazze\u2019den duyulmad\u0131\u011f\u0131, hamasetin \u00f6len \u00e7ocuklar\u0131 kurtarmad\u0131\u011f\u0131 ger\u00e7e\u011fini bir tokat gibi \u00e7arp\u0131yor y\u00fcz\u00fcm\u00fcze. D\u00fcnyayla ba\u011f\u0131 kesilen Gazze\u2019ye Gazzelilerle beraber bir t\u00fcnelden giriyor; onlarla birlikte a\u00e7l\u0131\u011f\u0131, \u00f6l\u00fcm\u00fc ve \u00f6lenlerin ard\u0131ndan hayat\u0131 s\u00fcrd\u00fcrme m\u00fccadelesini ya\u015f\u0131yor. \u00dcstelik t\u00fcm bu duygusal ve fiziksel y\u00fcke ra\u011fmen, ger\u00e7eklikle y\u00fczle\u015fmekten vazge\u00e7miyor. Meseleye so\u011fukkanl\u0131l\u0131kla yakla\u015f\u0131yor ve vaziyeti net bir \u015fekilde ortaya koyuyor.   \u201cFilistin i\u00e7in kayg\u0131l\u0131 olan herkes bir \u015feyler yapmaya \u00e7al\u0131\u015f\u0131yor. Kimileri diplomasi y\u00fcr\u00fct\u00fcyor kimileri insani yard\u0131m g\u00f6nderiyor. Ben ise sava\u015f muhabirli\u011fim boyunca sadece bu topraklar\u0131n, her saniye tonlarca demir par\u00e7as\u0131 alt\u0131nda ya\u015fama tutunmaya \u00e7al\u0131\u015fan halklar\u0131n\u0131n g\u00f6zlerindeki sitemi, y\u00fczlerindeki ac\u0131y\u0131 anlatmaya \u00e7abalad\u0131m. Anlatabildiklerim ve T\u00fcnel\u2019de okuyacaklar\u0131n\u0131z, onlar\u0131n d\u00fcnyas\u0131n\u0131n k\u00fc\u00e7\u00fcc\u00fck bir detay\u0131.\u201d <\/p>\n","protected":false},"excerpt":{"rendered":"<p>Bu soruya \u00e7ok az insan Mehmet Akif Ersoy kadar do\u011fru cevap verebilirdi. T\u00fcnel, Ersoy\u2019un abluka alt\u0131ndaki Gazze\u2019de gazetecilik yaparken ya\u015fad\u0131\u011f\u0131 zorlu s\u00fcrecin ve bu s\u00fcrece e\u015flik<span class=\"excerpt-hellip\"> [\u2026]<\/span><\/p>\n","protected":false},"featured_media":0,"template":"","meta":{"_monsterinsights_skip_tracking":false,"_monsterinsights_sitenote_active":false,"_monsterinsights_sitenote_note":"","_monsterinsights_sitenote_category":0},"product_brand":[],"product_cat":[17574,13527],"product_tag":[],"class_list":{"0":"post-777788","1":"product","2":"type-product","3":"status-publish","5":"product_cat-politika","6":"product_cat-sureli-yayinlar","7":"pa_cilt-ciltsiz","8":"pa_tur-kitap","9":"pa_yayinevi-kapi-yayinlari","10":"pa_yazar-mehmet-akif-ersoy","12":"first","13":"instock","14":"sale","15":"shipping-taxable","16":"purchasable","17":"product-type-simple"},"_links":{"self":[{"href":"https:\/\/roveyayinevi.com.tr\/index.php\/wp-json\/wp\/v2\/product\/777788","targetHints":{"allow":["GET"]}}],"collection":[{"href":"https:\/\/roveyayinevi.com.tr\/index.php\/wp-json\/wp\/v2\/product"}],"about":[{"href":"https:\/\/roveyayinevi.com.tr\/index.php\/wp-json\/wp\/v2\/types\/product"}],"wp:attachment":[{"href":"https:\/\/roveyayinevi.com.tr\/index.php\/wp-json\/wp\/v2\/media?parent=777788"}],"wp:term":[{"taxonomy":"product_brand","embeddable":true,"href":"https:\/\/roveyayinevi.com.tr\/index.php\/wp-json\/wp\/v2\/product_brand?post=777788"},{"taxonomy":"product_cat","embeddable":true,"href":"https:\/\/roveyayinevi.com.tr\/index.php\/wp-json\/wp\/v2\/product_cat?post=777788"},{"taxonomy":"product_tag","embeddable":true,"href":"https:\/\/roveyayinevi.com.tr\/index.php\/wp-json\/wp\/v2\/product_tag?post=777788"}],"curies":[{"name":"wp","href":"https:\/\/api.w.org\/{rel}","templated":true}]}}