{"id":777754,"date":"2025-10-23T12:07:51","date_gmt":"2025-10-23T09:07:51","guid":{"rendered":"https:\/\/roveyayinevi.com.tr\/index.php\/urun\/cumhuriyetin-100-yilinda-turkiyede-felsefe-cilt-3\/"},"modified":"2026-04-15T03:43:10","modified_gmt":"2026-04-15T00:43:10","slug":"cumhuriyetin-100-yilinda-turkiyede-felsefe-cilt-3","status":"publish","type":"product","link":"https:\/\/roveyayinevi.com.tr\/index.php\/urun\/cumhuriyetin-100-yilinda-turkiyede-felsefe-cilt-3\/","title":{"rendered":"Cumhuriyetin 100. Yilinda T\u00fcrkiye\u2019de Felsefe &#8211; Cilt 3"},"content":{"rendered":"<p>Elinizdeki kitap, T\u00fcrkiye Cumhuriyetinin 100. y\u0131l\u0131n\u0131 kutlamak i\u00e7in d\u00fczenlenen \u201cCumhuriyetin 100. Y\u0131l\u0131nda T\u00fcrkiye\u2019de Felsefe\u201d Kongresinde \u00e7e\u015fitli Felsefe Topluluklar\u0131n\u0131n \u00e7al\u0131\u015fmalar\u0131n\u0131 tan\u0131tmak amac\u0131yla d\u00fczenledikleri yuvarlak masa oturumlar\u0131nda sunulan bildirilerden olu\u015fuyor. Bunu bir cilt daha izleyecek.     Cumhuriyetimizin ilk y\u00fczy\u0131l\u0131nda yap\u0131lan felsefe \u00e7al\u0131\u015fmalar\u0131 hakk\u0131nda sistematik bir bi\u00e7imde bilgi edinmek isteyen herkesin ilgiyle okuyabilece\u011fi bu kitab\u0131n, Cumhuriyetin 200. y\u0131l\u0131n\u0131 kutlayacak felsefeciler ve felsefeseverler i\u00e7in de bir kaynak olu\u015fturaca\u011f\u0131n\u0131 umuyoruz. <\/p>\n","protected":false},"excerpt":{"rendered":"<p>Elinizdeki kitap, T\u00fcrkiye Cumhuriyetinin 100. y\u0131l\u0131n\u0131 kutlamak i\u00e7in d\u00fczenlenen \u201cCumhuriyetin 100. Y\u0131l\u0131nda T\u00fcrkiye\u2019de Felsefe\u201d Kongresinde \u00e7e\u015fitli Felsefe Topluluklar\u0131n\u0131n \u00e7al\u0131\u015fmalar\u0131n\u0131 tan\u0131tmak amac\u0131yla d\u00fczenledikleri yuvarlak masa oturumlar\u0131nda sunulan<span class=\"excerpt-hellip\"> [\u2026]<\/span><\/p>\n","protected":false},"featured_media":0,"template":"","meta":{"_monsterinsights_skip_tracking":false,"_monsterinsights_sitenote_active":false,"_monsterinsights_sitenote_note":"","_monsterinsights_sitenote_category":0},"product_brand":[],"product_cat":[12388],"product_tag":[],"class_list":{"0":"post-777754","1":"product","2":"type-product","3":"status-publish","5":"product_cat-felsefe","6":"pa_cilt-ciltsiz","7":"pa_tur-kitap","8":"pa_yayinevi-turkiye-felsefe-kurumu","9":"pa_yazar-ioanna-kucuradi-betul-cotuksoken","11":"first","12":"instock","13":"sale","14":"shipping-taxable","15":"purchasable","16":"product-type-simple"},"_links":{"self":[{"href":"https:\/\/roveyayinevi.com.tr\/index.php\/wp-json\/wp\/v2\/product\/777754","targetHints":{"allow":["GET"]}}],"collection":[{"href":"https:\/\/roveyayinevi.com.tr\/index.php\/wp-json\/wp\/v2\/product"}],"about":[{"href":"https:\/\/roveyayinevi.com.tr\/index.php\/wp-json\/wp\/v2\/types\/product"}],"wp:attachment":[{"href":"https:\/\/roveyayinevi.com.tr\/index.php\/wp-json\/wp\/v2\/media?parent=777754"}],"wp:term":[{"taxonomy":"product_brand","embeddable":true,"href":"https:\/\/roveyayinevi.com.tr\/index.php\/wp-json\/wp\/v2\/product_brand?post=777754"},{"taxonomy":"product_cat","embeddable":true,"href":"https:\/\/roveyayinevi.com.tr\/index.php\/wp-json\/wp\/v2\/product_cat?post=777754"},{"taxonomy":"product_tag","embeddable":true,"href":"https:\/\/roveyayinevi.com.tr\/index.php\/wp-json\/wp\/v2\/product_tag?post=777754"}],"curies":[{"name":"wp","href":"https:\/\/api.w.org\/{rel}","templated":true}]}}