{"id":777683,"date":"2025-10-22T11:49:37","date_gmt":"2025-10-22T08:49:37","guid":{"rendered":"https:\/\/roveyayinevi.com.tr\/index.php\/urun\/danisma-ve-terapide-cokkulturlu-yeterlik-kuresel-perspektifler\/"},"modified":"2026-04-15T03:43:06","modified_gmt":"2026-04-15T00:43:06","slug":"danisma-ve-terapide-cokkulturlu-yeterlik-kuresel-perspektifler","status":"publish","type":"product","link":"https:\/\/roveyayinevi.com.tr\/index.php\/urun\/danisma-ve-terapide-cokkulturlu-yeterlik-kuresel-perspektifler\/","title":{"rendered":"Dan\u0131\u015fma ve Terapide \u00c7okk\u00fclt\u00fcrl\u00fc Yeterlik : K\u00fcresel Perspektifler"},"content":{"rendered":"<p>\u201cGiderek daha da \u00e7okk\u00fclt\u00fcrl\u00fc hale gelen bir d\u00fcnyada, bu kitap k\u00fclt\u00fcrel \u00e7e\u015fitlilikle ilgili konular\u0131 farkl\u0131 k\u00fclt\u00fcrler ve kimliklere dair bilgilerin ruh sa\u011fl\u0131\u011f\u0131 uygulamalar\u0131na aktar\u0131lmas\u0131n\u0131n merkezine yerle\u015ftiriyor. Kitap, dan\u0131\u015fma ve psikoterapi alan\u0131ndaki uygulay\u0131c\u0131lar i\u00e7in hem zaman\u0131nda hem de de\u011ferli bir kaynakt\u0131r.\u201d Prof. Dr. Mehmet Eskin Ko\u00e7 \u00dcniversitesi     \u201cBu ola\u011fan\u00fcst\u00fc kitab\u0131 okurken adeta b\u00fcy\u00fclendim. Dan\u0131\u015fmanl\u0131k ve psikoterapiye uluslararas\u0131 bak\u0131\u015f a\u00e7\u0131lar\u0131n\u0131n geli\u015ftirilmesi ve yayg\u0131nla\u015ft\u0131r\u0131lmas\u0131 konusunda k\u00fcresel d\u00fczeyde \u00f6nc\u00fcl\u00fck eden iki isim olan Ord. Prof. Dr. \u015eenel Poyrazl\u0131 ve Prof. Dr. Ay\u015fe \u00c7ift\u00e7i, dan\u0131\u015fma\/terapi kuramlar\u0131 ve \u00f6zel gruplarla ilgili ara\u015ft\u0131rma bulgular\u0131ndaki en g\u00fcncel geli\u015fmeleri ele alan temel kavramlar\u0131 aktarmak \u00fczere se\u00e7kin ve tan\u0131nm\u0131\u015f akademisyenlerden olu\u015fan sayg\u0131n bir ekibi bir araya getirmi\u015fler. Her bir b\u00f6l\u00fcm akademik a\u00e7\u0131dan g\u00fc\u00e7l\u00fc, d\u00fc\u015f\u00fcnd\u00fcr\u00fcc\u00fc ve en \u00f6nemlisi e\u011fitici nitelikte. Bu ola\u011fan\u00fcst\u00fc kitab\u0131 okuduktan sonra d\u00fcnya genelindeki insan karde\u015flerimin b\u00fct\u00fcnc\u00fcl iyili\u011fini destekleyecek i\u015f birliklerinin geli\u015ftirilmesinde daha aktif bir rol oynamak i\u00e7in ilham ald\u0131\u011f\u0131m\u0131 ve kendimi daha donan\u0131ml\u0131 hissetti\u011fimi s\u00f6yleyebilirim.\u201d Prof. Dr. Mark S. Kiselica Pennsylvania Eyalet \u00dcniversitesi Amerikan Psikoloji Derne\u011fi (APA) Se\u04abkin \u00dcyesi \u00c7okk\u00fclt\u00fcrl\u00fc E\u011fitim S\u00fcrecinde Onyarg\u0131 ve Irk\u00e7\u0131l\u0131kla Y\u00fczle\u015fmek kitab\u0131n\u0131n edit\u00f6r\u00fc   \u201cG\u00fcn\u00fcm\u00fczde bilim ve teknolojideki e\u015fi benzeri g\u00f6r\u00fclmemi\u015f ilerlemelerin yan\u0131 s\u0131ra yerel ve k\u00fcresel \u00e7at\u0131\u015fmalar, do\u011fal afetler ve salg\u0131nlar, k\u00fclt\u00fcrel ba\u011flam\u0131 anlaman\u0131n \u00f6nemini daha da belirgin hale getirmi\u015ftir. Bu do\u011frultuda, bu kitab\u0131n ruh sa\u011fl\u0131\u011f\u0131 uzmanlar\u0131n\u0131n k\u00fclt\u00fcrel kapsay\u0131c\u0131l\u0131k ve yeterliklerini geli\u015ftirmeye y\u00f6nelik katk\u0131lar\u0131 son derece de\u011ferlidir.\u201d Prof. Dr. \u015eerife I\u015f\u0131k Gazi \u00dcniversitesi<\/p>\n","protected":false},"excerpt":{"rendered":"<p>\u201cGiderek daha da \u00e7okk\u00fclt\u00fcrl\u00fc hale gelen bir d\u00fcnyada, bu kitap k\u00fclt\u00fcrel \u00e7e\u015fitlilikle ilgili konular\u0131 farkl\u0131 k\u00fclt\u00fcrler ve kimliklere dair bilgilerin ruh sa\u011fl\u0131\u011f\u0131 uygulamalar\u0131na aktar\u0131lmas\u0131n\u0131n merkezine yerle\u015ftiriyor.<span class=\"excerpt-hellip\"> [\u2026]<\/span><\/p>\n","protected":false},"featured_media":0,"template":"","meta":{"_monsterinsights_skip_tracking":false,"_monsterinsights_sitenote_active":false,"_monsterinsights_sitenote_note":"","_monsterinsights_sitenote_category":0},"product_brand":[],"product_cat":[12357],"product_tag":[],"class_list":{"0":"post-777683","1":"product","2":"type-product","3":"status-publish","5":"product_cat-psikoloji","6":"pa_cilt-ciltsiz","7":"pa_tur-kitap","8":"pa_yayinevi-ani-yayincilik","9":"pa_yazar-kolektif","11":"first","12":"instock","13":"sale","14":"shipping-taxable","15":"purchasable","16":"product-type-simple"},"_links":{"self":[{"href":"https:\/\/roveyayinevi.com.tr\/index.php\/wp-json\/wp\/v2\/product\/777683","targetHints":{"allow":["GET"]}}],"collection":[{"href":"https:\/\/roveyayinevi.com.tr\/index.php\/wp-json\/wp\/v2\/product"}],"about":[{"href":"https:\/\/roveyayinevi.com.tr\/index.php\/wp-json\/wp\/v2\/types\/product"}],"wp:attachment":[{"href":"https:\/\/roveyayinevi.com.tr\/index.php\/wp-json\/wp\/v2\/media?parent=777683"}],"wp:term":[{"taxonomy":"product_brand","embeddable":true,"href":"https:\/\/roveyayinevi.com.tr\/index.php\/wp-json\/wp\/v2\/product_brand?post=777683"},{"taxonomy":"product_cat","embeddable":true,"href":"https:\/\/roveyayinevi.com.tr\/index.php\/wp-json\/wp\/v2\/product_cat?post=777683"},{"taxonomy":"product_tag","embeddable":true,"href":"https:\/\/roveyayinevi.com.tr\/index.php\/wp-json\/wp\/v2\/product_tag?post=777683"}],"curies":[{"name":"wp","href":"https:\/\/api.w.org\/{rel}","templated":true}]}}