{"id":777385,"date":"2025-10-16T03:51:27","date_gmt":"2025-10-16T00:51:27","guid":{"rendered":"https:\/\/roveyayinevi.com.tr\/index.php\/urun\/turkiye-cumhuriyetinde-havacilik-sanayiinin-gelisimi\/"},"modified":"2026-04-15T03:33:58","modified_gmt":"2026-04-15T00:33:58","slug":"turkiye-cumhuriyetinde-havacilik-sanayiinin-gelisimi","status":"publish","type":"product","link":"https:\/\/roveyayinevi.com.tr\/index.php\/urun\/turkiye-cumhuriyetinde-havacilik-sanayiinin-gelisimi\/","title":{"rendered":"T\u00fcrkiye Cumhuriyeti\u2019nde Havac\u0131l\u0131k Sanayiinin Geli\u015fimi"},"content":{"rendered":"<p>Bu \u00e7al\u0131\u015fma, T\u00fcrkiye Cumhuriyeti\u2019nde 1925 \u2013 1952 y\u0131llar\u0131 aras\u0131nda kamu ve \u00f6zel sekt\u00f6r taraf\u0131ndan ger\u00e7ekle\u015ftirilen u\u00e7ak \u00fcretim faaliyetlerini ve \u00fclkenin havac\u0131l\u0131k alan\u0131ndaki geli\u015fimini de\u011ferlendirmektedir. \u00c7al\u0131\u015fma, u\u00e7ak \u00fcretim teknolojisinin, u\u00e7ak teknolojisinin ve havac\u0131l\u0131k e\u011fitiminin geli\u015fim s\u00fcrecini ortaya koymas\u0131 bak\u0131m\u0131ndan \u00f6nemlidir. Balkan Sava\u015flar\u0131, Birinci D\u00fcnya Sava\u015f\u0131 ve Kurtulu\u015f Sava\u015f\u0131 d\u00f6nemlerinde yurt savunmas\u0131nda d\u0131\u015far\u0131dan temin edilen u\u00e7aklar kullan\u0131lm\u0131\u015f, ancak u\u00e7ak ve yedek par\u00e7a temininde s\u0131k\u0131nt\u0131lar \u00e7ekilmi\u015ftir. Bu nedenle Cumhuriyetin kurulu\u015fu ile birlikte havac\u0131l\u0131k alan\u0131nda d\u00f6nemin teknolojik geli\u015fimine uygun u\u00e7aklar imal etmek i\u00e7in \u00e7al\u0131\u015fmalar ba\u015flat\u0131lm\u0131\u015ft\u0131r. Bu \u00e7er\u00e7evede, 1926 y\u0131l\u0131nda a\u00e7\u0131lan Tayyare Motor T\u00fcrk Anonim \u015eirketi (TOMTA\u015e), TOMTA\u015e\u2019\u0131n kapanmas\u0131ndan sonra 1931 y\u0131l\u0131nda a\u00e7\u0131lan Kayseri Tayyare Fabrikas\u0131 ve Eski\u015fehir Tayyare Fabrikas\u0131 T\u00fcrk Hava Kurumu taraf\u0131ndan 1939 y\u0131l\u0131nda kurulan Etimesgut U\u00e7ak Fabrikas\u0131 ve 1944 y\u0131l\u0131nda kurulan Gazi U\u00e7ak Motor Fabrikas\u0131 ile \u00f6zel sekt\u00f6r taraf\u0131ndan, 1930 y\u0131l\u0131nda kurulan Vecihi H\u00fcrku\u015f U\u00e7ak \u0130malathanesi ve 1936 y\u0131l\u0131nda kurulan Nuri Demira\u011f U\u00e7ak Fabrikas\u0131\u2019n\u0131n \u00fcretim faaliyetleri de\u011ferlendirilmi\u015ftir. 1925 \u2013 1952 y\u0131llar\u0131 aras\u0131nda ger\u00e7ekle\u015ftirilen u\u00e7ak \u00fcretim faaliyetleri, T\u00fcrk havac\u0131l\u0131\u011f\u0131nda u\u00e7ak \u00fcretim sanayiinin geli\u015fimine, havac\u0131l\u0131k teknolojisinin geli\u015fimine, havac\u0131l\u0131k e\u011fitim faaliyetlerinin geli\u015fimine, kalifiye personelin yeti\u015ftirilmesine, motor ve yedek par\u00e7a \u00fcretim sekt\u00f6r\u00fcn\u00fcn geli\u015fimine zemin haz\u0131rlam\u0131\u015ft\u0131r. Dolay\u0131s\u0131yla havac\u0131l\u0131k sanayiinin T\u00fcrkiye\u2019deki geli\u015fimi a\u00e7\u0131s\u0131ndan bu d\u00f6nemde yap\u0131lan \u00e7al\u0131\u015fmalar b\u00fcy\u00fck \u00f6nem ta\u015f\u0131maktad\u0131r.  <\/p>\n","protected":false},"excerpt":{"rendered":"<p>Bu \u00e7al\u0131\u015fma, T\u00fcrkiye Cumhuriyeti\u2019nde 1925 \u2013 1952 y\u0131llar\u0131 aras\u0131nda kamu ve \u00f6zel sekt\u00f6r taraf\u0131ndan ger\u00e7ekle\u015ftirilen u\u00e7ak \u00fcretim faaliyetlerini ve \u00fclkenin havac\u0131l\u0131k alan\u0131ndaki geli\u015fimini de\u011ferlendirmektedir. \u00c7al\u0131\u015fma, u\u00e7ak<span class=\"excerpt-hellip\"> [\u2026]<\/span><\/p>\n","protected":false},"featured_media":0,"template":"","meta":{"_monsterinsights_skip_tracking":false,"_monsterinsights_sitenote_active":false,"_monsterinsights_sitenote_note":"","_monsterinsights_sitenote_category":0},"product_brand":[],"product_cat":[12304,13650],"product_tag":[],"class_list":{"0":"post-777385","1":"product","2":"type-product","3":"status-publish","5":"product_cat-tarih","6":"product_cat-turk-tarihi-arastirmalari","7":"pa_cilt-ciltsiz","8":"pa_tur-kitap","9":"pa_yayinevi-gulnar-yayinlari","10":"pa_yazar-ali-riza-yesilirmak","12":"first","13":"instock","14":"sale","15":"shipping-taxable","16":"purchasable","17":"product-type-simple"},"_links":{"self":[{"href":"https:\/\/roveyayinevi.com.tr\/index.php\/wp-json\/wp\/v2\/product\/777385","targetHints":{"allow":["GET"]}}],"collection":[{"href":"https:\/\/roveyayinevi.com.tr\/index.php\/wp-json\/wp\/v2\/product"}],"about":[{"href":"https:\/\/roveyayinevi.com.tr\/index.php\/wp-json\/wp\/v2\/types\/product"}],"wp:attachment":[{"href":"https:\/\/roveyayinevi.com.tr\/index.php\/wp-json\/wp\/v2\/media?parent=777385"}],"wp:term":[{"taxonomy":"product_brand","embeddable":true,"href":"https:\/\/roveyayinevi.com.tr\/index.php\/wp-json\/wp\/v2\/product_brand?post=777385"},{"taxonomy":"product_cat","embeddable":true,"href":"https:\/\/roveyayinevi.com.tr\/index.php\/wp-json\/wp\/v2\/product_cat?post=777385"},{"taxonomy":"product_tag","embeddable":true,"href":"https:\/\/roveyayinevi.com.tr\/index.php\/wp-json\/wp\/v2\/product_tag?post=777385"}],"curies":[{"name":"wp","href":"https:\/\/api.w.org\/{rel}","templated":true}]}}