{"id":777318,"date":"2025-10-14T08:56:19","date_gmt":"2025-10-14T05:56:19","guid":{"rendered":"https:\/\/roveyayinevi.com.tr\/index.php\/urun\/turk-dis-politikasinda-balkanlar-1923-1939\/"},"modified":"2026-04-16T03:04:00","modified_gmt":"2026-04-16T00:04:00","slug":"turk-dis-politikasinda-balkanlar-1923-1939","status":"publish","type":"product","link":"https:\/\/roveyayinevi.com.tr\/index.php\/urun\/turk-dis-politikasinda-balkanlar-1923-1939\/","title":{"rendered":"T\u00fcrk D\u0131\u015f Politikas\u0131nda Balkanlar (1923-1939)"},"content":{"rendered":"<p>Her ne kadar g\u00fcn\u00fcm\u00fczde Bat\u0131 D\u00fcnyas\u0131 farkl\u0131 yakla\u015f\u0131mlar sergilese de tarihi, co\u011frafi ve k\u00fclt\u00fcrel fakt\u00f6rler yan\u0131nda bar\u0131nd\u0131rd\u0131\u011f\u0131 anlaml\u0131 say\u0131daki Balkan k\u00f6kenli vatanda\u015flar\u0131 nedeniyle T\u00fcrkiye Cumhuriyeti bir Balkan devletidir. Zaten t\u00fcm bu unsurlar\u0131n adeta bir kataliz\u00f6r g\u00f6revi g\u00f6rmesi ile son d\u00f6nemde Ankara&#8217;n\u0131n b\u00f6lgeye y\u00f6nelik pek \u00e7ok farkl\u0131 alanda ilgisi artmakta ve bu anlaml\u0131 ilginin sonucu olarak da Balkan devletleri ile ili\u015fkileri her ge\u00e7en g\u00fcn ivme kazanmaktad\u0131r. H\u00e2lihaz\u0131rda T\u00fcrk d\u0131\u015f politikas\u0131n\u0131 Balkanlar \u00f6l\u00e7e\u011finde anlayabilmek i\u00e7in T\u00fcrkiye Cumhuriyeti Devleti&#8217;nin kurulu\u015f ve ilk d\u00f6nemindeki bu co\u011frafyaya d\u00f6n\u00fck yakla\u015f\u0131mlar\u0131n\u0131 do\u011fru tahlil etmek olduk\u00e7a \u00f6nemlidir. Bu isabetli tahliller ile cari T\u00fcrk d\u0131\u015f politikas\u0131n\u0131n olas\u0131 izd\u00fc\u015f\u00fcmlerini tahmin ederek gelece\u011fe d\u00f6n\u00fck \u00f6ng\u00f6r\u00fcler daha sa\u011flam temellere oturtulur. Diplomasilerde s\u0131kl\u0131kla ifade edilen \u201cdevletler aras\u0131 ili\u015fkilerde ezeli ve ebedi dostluk veya d\u00fc\u015fmanl\u0131k yoktur, \u00fclkelerin \u00e7\u0131karlar\u0131 vard\u0131r\u201d mottosunun d\u0131\u015f politikada en g\u00fczel \u00f6rneklerinden biri, 1923-1939 d\u00f6nemi Ankara&#8217;n\u0131n d\u0131\u015f politikas\u0131ndaki s\u00f6ylem ve hayata ge\u00e7irdi\u011fi eylemlerinde sakl\u0131d\u0131r. Yine bu motto odakl\u0131 T\u00fcrk d\u0131\u015f politikas\u0131n\u0131n b\u00f6lgesel mahiyetteki en somut tezah\u00fcr\u00fc ise Balkanlar \u00f6zelinde ger\u00e7ekle\u015fmi\u015ftir. Bu kitapta, \u201cTarih ve Uluslararas\u0131 \u0130li\u015fkiler\u201d disiplini sentezi ile gen\u00e7 T\u00fcrkiye Cumhuriyeti Devleti&#8217;nin d\u00f6nemsel (1923-1939) d\u0131\u015f politika de\u011ferlendirmesi b\u00f6lgesel (Balkanlar) a\u00e7\u0131dan yap\u0131lm\u0131\u015ft\u0131r. De\u011ferlendirmede, \u201cUluslararas\u0131 \u0130li\u015fkiler\u201d teorilerinden iki temel teori olan realizm ve idealizm (liberalizm) varsay\u0131mlar\u0131ndan hareket edilmi\u015ftir. Eser, b\u00f6lge \u00f6zelinde ge\u00e7mi\u015f yan\u0131nda g\u00fcn\u00fcm\u00fcze ve sonraki s\u00fcre\u00e7lere rehber olabilmek ad\u0131na yap\u0131lm\u0131\u015f bir \u00e7al\u0131\u015fmad\u0131<\/p>\n","protected":false},"excerpt":{"rendered":"<p>Her ne kadar g\u00fcn\u00fcm\u00fczde Bat\u0131 D\u00fcnyas\u0131 farkl\u0131 yakla\u015f\u0131mlar sergilese de tarihi, co\u011frafi ve k\u00fclt\u00fcrel fakt\u00f6rler yan\u0131nda bar\u0131nd\u0131rd\u0131\u011f\u0131 anlaml\u0131 say\u0131daki Balkan k\u00f6kenli vatanda\u015flar\u0131 nedeniyle T\u00fcrkiye Cumhuriyeti bir<span class=\"excerpt-hellip\"> [\u2026]<\/span><\/p>\n","protected":false},"featured_media":0,"template":"","meta":{"_monsterinsights_skip_tracking":false,"_monsterinsights_sitenote_active":false,"_monsterinsights_sitenote_note":"","_monsterinsights_sitenote_category":0},"product_brand":[],"product_cat":[48062,12337],"product_tag":[],"class_list":{"0":"post-777318","1":"product","2":"type-product","3":"status-publish","5":"product_cat-dis-politika","6":"product_cat-politika-siyaset","7":"pa_cilt-ciltsiz","8":"pa_tur-kitap","9":"pa_yayinevi-berikan-yayinlari","10":"pa_yazar-serdar-cem-sediroglu","12":"first","13":"instock","14":"sale","15":"shipping-taxable","16":"purchasable","17":"product-type-simple"},"_links":{"self":[{"href":"https:\/\/roveyayinevi.com.tr\/index.php\/wp-json\/wp\/v2\/product\/777318","targetHints":{"allow":["GET"]}}],"collection":[{"href":"https:\/\/roveyayinevi.com.tr\/index.php\/wp-json\/wp\/v2\/product"}],"about":[{"href":"https:\/\/roveyayinevi.com.tr\/index.php\/wp-json\/wp\/v2\/types\/product"}],"wp:attachment":[{"href":"https:\/\/roveyayinevi.com.tr\/index.php\/wp-json\/wp\/v2\/media?parent=777318"}],"wp:term":[{"taxonomy":"product_brand","embeddable":true,"href":"https:\/\/roveyayinevi.com.tr\/index.php\/wp-json\/wp\/v2\/product_brand?post=777318"},{"taxonomy":"product_cat","embeddable":true,"href":"https:\/\/roveyayinevi.com.tr\/index.php\/wp-json\/wp\/v2\/product_cat?post=777318"},{"taxonomy":"product_tag","embeddable":true,"href":"https:\/\/roveyayinevi.com.tr\/index.php\/wp-json\/wp\/v2\/product_tag?post=777318"}],"curies":[{"name":"wp","href":"https:\/\/api.w.org\/{rel}","templated":true}]}}