{"id":777309,"date":"2025-10-14T05:54:01","date_gmt":"2025-10-14T02:54:01","guid":{"rendered":"https:\/\/roveyayinevi.com.tr\/index.php\/urun\/1944-milliyetcilik-olaylari\/"},"modified":"2026-04-16T02:32:18","modified_gmt":"2026-04-15T23:32:18","slug":"1944-milliyetcilik-olaylari","status":"publish","type":"product","link":"https:\/\/roveyayinevi.com.tr\/index.php\/urun\/1944-milliyetcilik-olaylari\/","title":{"rendered":"1944 Milliyet\u00e7ilik Olaylar\u0131"},"content":{"rendered":"<p>\u00dc\u00e7 May\u0131s ve sonras\u0131nda geli\u015fen olaylar Nihal Ats\u0131z\u2019n yazd\u0131\u011f\u0131 \u201cBizim G\u00fcn\u00fcm\u00fcz\u201d adl\u0131 yaz\u0131da da belirtti\u011fi gibi milli k\u00fclt\u00fcr\u00fcn ve T\u00fcrkl\u00fc\u011f\u00fcn gelece\u011fi ad\u0131na T\u00fcrk\u00e7\u00fclerin tarihte ilk defa g\u00f6r\u00fclen davran\u0131\u015flar\u0131 idi. MHP Genel Ba\u015fkan\u0131 Sn. Devlet Bah\u00e7eli de bu noktada 1944\u2019\u00fc \u201cT\u00fcrkl\u00fc\u011f\u00fcn var olu\u015fu ile birlikte nice kahraman\u0131n yakt\u0131\u011f\u0131 istiklal me\u015falesi 3 May\u0131s 1944\u2019\u00fcn sisli ortam\u0131nda daha da g\u00fc\u00e7lenmi\u015f, \u00e7ok \u015f\u00fck\u00fcr Milliyet\u00e7i Hareket Partisi\u2019nin do\u011fum ve do\u011frulu\u015f m\u00fcjdecisi olmu\u015ftur\u201d ifadeleriyle bug\u00fcne ta\u015f\u0131m\u0131\u015ft\u0131r. Milliyet\u00e7i Hareket Partisi\u2019nin kurucusu Ba\u015fbu\u011f Alparslan T\u00fcrke\u015f\u2019in, bilinmesinde zaruret g\u00f6rd\u00fc\u011f\u00fc olaylar\u0131 hem bir san\u0131k hem de bir dava adam\u0131 olarak kaleme ald\u0131\u011f\u0131 ve hat\u0131rat olarak niteledi\u011fi \u201c1944 Milliyet\u00e7ilik Olay\u0131\u201d kitab\u0131, b\u00fct\u00fcn\u00fcyle T\u00fcrk milletine demokrasi ve milliyet\u00e7ilik yolunda \u0131\u015f\u0131k tutmakta, yol g\u00f6stermektedir. B\u00fcy\u00fck T\u00fcrkiye \u00fclk\u00fcs\u00fcn\u00fc hazmedemeyen kesimlere kutlu m\u00fccadelenin bir var olu\u015f ihtar\u0131 olarak anlat\u0131lanlar ayn\u0131 zamanda tarihe \u015fahit sat\u0131rlard\u0131r. 1944 s\u00fcrecinde ya\u015fananlar sonraki zamanlarda da milliyet\u00e7i camia ve bas\u0131nda yer almaya devam etmi\u015f, g\u00fcndemdeki yerini korumu\u015ftur. <\/p>\n","protected":false},"excerpt":{"rendered":"<p>\u00dc\u00e7 May\u0131s ve sonras\u0131nda geli\u015fen olaylar Nihal Ats\u0131z\u2019n yazd\u0131\u011f\u0131 \u201cBizim G\u00fcn\u00fcm\u00fcz\u201d adl\u0131 yaz\u0131da da belirtti\u011fi gibi milli k\u00fclt\u00fcr\u00fcn ve T\u00fcrkl\u00fc\u011f\u00fcn gelece\u011fi ad\u0131na T\u00fcrk\u00e7\u00fclerin tarihte ilk defa<span class=\"excerpt-hellip\"> [\u2026]<\/span><\/p>\n","protected":false},"featured_media":0,"template":"","meta":{"_monsterinsights_skip_tracking":false,"_monsterinsights_sitenote_active":false,"_monsterinsights_sitenote_note":"","_monsterinsights_sitenote_category":0},"product_brand":[],"product_cat":[12370,12304],"product_tag":[],"class_list":{"0":"post-777309","1":"product","2":"type-product","3":"status-publish","5":"product_cat-arastirma-inceleme","6":"product_cat-tarih","7":"pa_cilt-ciltsiz","8":"pa_tur-kitap","9":"pa_yayinevi-berikan-yayinlari","10":"pa_yazar-alparslan-turkes","12":"first","13":"instock","14":"sale","15":"shipping-taxable","16":"purchasable","17":"product-type-simple"},"_links":{"self":[{"href":"https:\/\/roveyayinevi.com.tr\/index.php\/wp-json\/wp\/v2\/product\/777309","targetHints":{"allow":["GET"]}}],"collection":[{"href":"https:\/\/roveyayinevi.com.tr\/index.php\/wp-json\/wp\/v2\/product"}],"about":[{"href":"https:\/\/roveyayinevi.com.tr\/index.php\/wp-json\/wp\/v2\/types\/product"}],"wp:attachment":[{"href":"https:\/\/roveyayinevi.com.tr\/index.php\/wp-json\/wp\/v2\/media?parent=777309"}],"wp:term":[{"taxonomy":"product_brand","embeddable":true,"href":"https:\/\/roveyayinevi.com.tr\/index.php\/wp-json\/wp\/v2\/product_brand?post=777309"},{"taxonomy":"product_cat","embeddable":true,"href":"https:\/\/roveyayinevi.com.tr\/index.php\/wp-json\/wp\/v2\/product_cat?post=777309"},{"taxonomy":"product_tag","embeddable":true,"href":"https:\/\/roveyayinevi.com.tr\/index.php\/wp-json\/wp\/v2\/product_tag?post=777309"}],"curies":[{"name":"wp","href":"https:\/\/api.w.org\/{rel}","templated":true}]}}