{"id":776753,"date":"2025-10-05T16:17:40","date_gmt":"2025-10-05T13:17:40","guid":{"rendered":"https:\/\/roveyayinevi.com.tr\/index.php\/urun\/komunist-2\/"},"modified":"2026-04-16T02:13:09","modified_gmt":"2026-04-15T23:13:09","slug":"komunist-2","status":"publish","type":"product","link":"https:\/\/roveyayinevi.com.tr\/index.php\/urun\/komunist-2\/","title":{"rendered":"Kom\u00fcnist"},"content":{"rendered":"<p>Vedat T\u00fcrkali\u2019nin \u00e7ocuklu\u011funu, aile ortam\u0131n\u0131, arkada\u015flar\u0131n\u0131, \u00fcniversiteye giri\u015f s\u00fcrecini, gizli TKP\u2019yi aray\u0131\u015flar\u0131n\u0131 ve Merih Han\u0131m ile seksen y\u0131l s\u00fcrecek yol arkada\u015fl\u0131klar\u0131n\u0131n \u00f6nemli kav\u015faklar\u0131n\u0131 i\u00e7eren bu otobiyografik kitap \u201851 tevkifat\u0131na kadarki s\u00fcreci kaps\u0131yor.   Kom\u00fcnist, d\u00f6nemin siyasi, k\u00fclt\u00fcrel atmosferinde, Samsun\u2019un K\u00f6k\u00e7\u00fco\u011flu Mahallesi\u2019nde ba\u015flayan bir ya\u015fam\u0131n Kom\u00fcnist bireye evrili\u015finin a\u015famalar\u0131n\u0131 yak\u0131n \u00e7evresi ile birlikte anlat\u0131yor.   Kom\u00fcnist, bir yola \u00e7\u0131k\u0131\u015f hik\u00e2yesi. <\/p>\n","protected":false},"excerpt":{"rendered":"<p>Vedat T\u00fcrkali\u2019nin \u00e7ocuklu\u011funu, aile ortam\u0131n\u0131, arkada\u015flar\u0131n\u0131, \u00fcniversiteye giri\u015f s\u00fcrecini, gizli TKP\u2019yi aray\u0131\u015flar\u0131n\u0131 ve Merih Han\u0131m ile seksen y\u0131l s\u00fcrecek yol arkada\u015fl\u0131klar\u0131n\u0131n \u00f6nemli kav\u015faklar\u0131n\u0131 i\u00e7eren bu otobiyografik<span class=\"excerpt-hellip\"> [\u2026]<\/span><\/p>\n","protected":false},"featured_media":0,"template":"","meta":{"_monsterinsights_skip_tracking":false,"_monsterinsights_sitenote_active":false,"_monsterinsights_sitenote_note":"","_monsterinsights_sitenote_category":0},"product_brand":[],"product_cat":[14009,12291],"product_tag":[],"class_list":{"0":"post-776753","1":"product","2":"type-product","3":"status-publish","5":"product_cat-biyografi-otobiyografi-edebiyat","6":"product_cat-edebiyat","7":"pa_cilt-ciltsiz","8":"pa_tur-kitap","9":"pa_yayinevi-ayrinti-yayinlari","10":"pa_yazar-vedat-turkali","12":"first","13":"instock","14":"sale","15":"shipping-taxable","16":"purchasable","17":"product-type-simple"},"_links":{"self":[{"href":"https:\/\/roveyayinevi.com.tr\/index.php\/wp-json\/wp\/v2\/product\/776753","targetHints":{"allow":["GET"]}}],"collection":[{"href":"https:\/\/roveyayinevi.com.tr\/index.php\/wp-json\/wp\/v2\/product"}],"about":[{"href":"https:\/\/roveyayinevi.com.tr\/index.php\/wp-json\/wp\/v2\/types\/product"}],"wp:attachment":[{"href":"https:\/\/roveyayinevi.com.tr\/index.php\/wp-json\/wp\/v2\/media?parent=776753"}],"wp:term":[{"taxonomy":"product_brand","embeddable":true,"href":"https:\/\/roveyayinevi.com.tr\/index.php\/wp-json\/wp\/v2\/product_brand?post=776753"},{"taxonomy":"product_cat","embeddable":true,"href":"https:\/\/roveyayinevi.com.tr\/index.php\/wp-json\/wp\/v2\/product_cat?post=776753"},{"taxonomy":"product_tag","embeddable":true,"href":"https:\/\/roveyayinevi.com.tr\/index.php\/wp-json\/wp\/v2\/product_tag?post=776753"}],"curies":[{"name":"wp","href":"https:\/\/api.w.org\/{rel}","templated":true}]}}