{"id":776742,"date":"2025-10-05T14:45:21","date_gmt":"2025-10-05T11:45:21","guid":{"rendered":"https:\/\/roveyayinevi.com.tr\/index.php\/urun\/siyasi-tarih-1918-1994\/"},"modified":"2025-10-06T02:02:07","modified_gmt":"2025-10-05T23:02:07","slug":"siyasi-tarih-1918-1994","status":"publish","type":"product","link":"https:\/\/roveyayinevi.com.tr\/index.php\/urun\/siyasi-tarih-1918-1994\/","title":{"rendered":"Siyasi Tarih (1918-1994)"},"content":{"rendered":"<p>Siyasi Tarih\u2019in ikinci cildi, 20. y\u00fczy\u0131l tarihini, gerek ge\u00e7mi\u015fin gerekse g\u00fcn\u00fcm\u00fcz\u00fcn sorunlar\u0131n\u0131 de\u011ferlendirebilmemizi sa\u011flayacak derli toplu bir \u00e7er\u00e7eve i\u00e7inde okura sunuyor.   T\u00fcrkiye\u2019de siyasi tarih \u00f6\u011frenimini bir gelenek haline getiren \u201cM\u00fclkiye\u201dnin erken yitirdi\u011fimiz de\u011ferli bir hocas\u0131ndan, bu gelene\u011fe uygun bir kitap.   Tarih, bize yakla\u015ft\u0131k\u00e7a gazete haberine benzemeye ba\u015flar. B\u00f6ylesine kaypak bir zeminde tarih\u00e7ilik yapmak; bilgi, beceri, sab\u0131r, ama en \u00f6nemlisi ortak bir akla mensubiyet gerektirir.   Oral Sander\u2019in 20. y\u00fczy\u0131l olaylar\u0131n\u0131 20. y\u00fczy\u0131l siyasi tarihi haline getirmesinin ba\u015far\u0131s\u0131n\u0131 okuyucularla payla\u015f\u0131yoruz.   Mehmet Ali K\u0131l\u0131\u00e7bay <\/p>\n","protected":false},"excerpt":{"rendered":"<p>Siyasi Tarih\u2019in ikinci cildi, 20. y\u00fczy\u0131l tarihini, gerek ge\u00e7mi\u015fin gerekse g\u00fcn\u00fcm\u00fcz\u00fcn sorunlar\u0131n\u0131 de\u011ferlendirebilmemizi sa\u011flayacak derli toplu bir \u00e7er\u00e7eve i\u00e7inde okura sunuyor. T\u00fcrkiye\u2019de siyasi tarih \u00f6\u011frenimini bir<span class=\"excerpt-hellip\"> [\u2026]<\/span><\/p>\n","protected":false},"featured_media":0,"template":"","meta":{"_monsterinsights_skip_tracking":false,"_monsterinsights_sitenote_active":false,"_monsterinsights_sitenote_note":"","_monsterinsights_sitenote_category":0},"product_brand":[],"product_cat":[12337,14528],"product_tag":[],"class_list":{"0":"post-776742","1":"product","2":"type-product","3":"status-publish","5":"product_cat-politika-siyaset","6":"product_cat-siyaset-tarihi","7":"pa_cilt-ciltsiz","8":"pa_tur-kitap","9":"pa_yayinevi-imge-kitabevi-yayinlari","10":"pa_yazar-oral-sander","12":"first","13":"instock","14":"sale","15":"shipping-taxable","16":"purchasable","17":"product-type-simple"},"_links":{"self":[{"href":"https:\/\/roveyayinevi.com.tr\/index.php\/wp-json\/wp\/v2\/product\/776742","targetHints":{"allow":["GET"]}}],"collection":[{"href":"https:\/\/roveyayinevi.com.tr\/index.php\/wp-json\/wp\/v2\/product"}],"about":[{"href":"https:\/\/roveyayinevi.com.tr\/index.php\/wp-json\/wp\/v2\/types\/product"}],"wp:attachment":[{"href":"https:\/\/roveyayinevi.com.tr\/index.php\/wp-json\/wp\/v2\/media?parent=776742"}],"wp:term":[{"taxonomy":"product_brand","embeddable":true,"href":"https:\/\/roveyayinevi.com.tr\/index.php\/wp-json\/wp\/v2\/product_brand?post=776742"},{"taxonomy":"product_cat","embeddable":true,"href":"https:\/\/roveyayinevi.com.tr\/index.php\/wp-json\/wp\/v2\/product_cat?post=776742"},{"taxonomy":"product_tag","embeddable":true,"href":"https:\/\/roveyayinevi.com.tr\/index.php\/wp-json\/wp\/v2\/product_tag?post=776742"}],"curies":[{"name":"wp","href":"https:\/\/api.w.org\/{rel}","templated":true}]}}