{"id":776609,"date":"2025-09-30T18:57:37","date_gmt":"2025-09-30T15:57:37","guid":{"rendered":"https:\/\/roveyayinevi.com.tr\/index.php\/urun\/turkiye-cumhuriyeti-tarihi-2\/"},"modified":"2026-04-16T03:07:22","modified_gmt":"2026-04-16T00:07:22","slug":"turkiye-cumhuriyeti-tarihi-2","status":"publish","type":"product","link":"https:\/\/roveyayinevi.com.tr\/index.php\/urun\/turkiye-cumhuriyeti-tarihi-2\/","title":{"rendered":"T\u00fcrkiye Cumhuriyeti Tarihi"},"content":{"rendered":"<p>Kitab\u0131n \u0130\u00e7indeki Konu Ba\u015fl\u0131klar\u0131Avrupa\u2019daki De\u011fi\u015fimin \u0130zinde \u00c7\u00f6k\u00fc\u015fe Direnen Bir \u0130mparatorluk \u00c7\u00f6k\u00fc\u015f\u00fcn Ba\u015flang\u0131c\u0131 \u0130mparatorlu\u011fu \u00c7\u00f6k\u00fc\u015f\u00fc Ve 1. D\u00fcnya Sava\u015f\u0131 Direni\u015fe Do\u011fru Milli M\u00fccadele Ba\u015flarken Milli Egemenli\u011fe Do\u011fru Sevr\u2019den Milli M\u00fccadele\u2019ye Yeni T\u00fcrkiye\u2019nin Tapusu: Lozan Konferans\u0131 Cumhuriyetin \u0130lan\u0131 \u00c7ok Partili Siyasi Hayata Ge\u00e7i\u015f \u00c7abalar\u0131 Ve RejimKar\u015f\u0131t\u0131 Hareketler Yasal Geli\u015fmeler Cumhuriyet D\u00f6neminde E\u011fitim Politikalar\u0131 K\u00fclt\u00fcr Alan\u0131nda Yap\u0131lan Yenilikler Cumhuriyet D\u00f6neminde Toplumsal Hayat\u0131Bi\u00e7imlendiren \u00c7a\u011fda\u015fla\u015fma Hamleleri Cumhuriyet D\u00f6nemi Ekonomik Geli\u015fmeleri Kongresi\u2019ndeki Konu\u015fmas\u0131 Cumhuriyet D\u00f6nemi T\u00fcrk D\u0131\u015f Politikas\u0131 Atat\u00fcrk Sonras\u0131 \u0130\u00e7 Ve D\u0131\u015f Geli\u015fmeler Yaz\u0131m Komisyonu <\/p>\n","protected":false},"excerpt":{"rendered":"<p>Kitab\u0131n \u0130\u00e7indeki Konu Ba\u015fl\u0131klar\u0131Avrupa\u2019daki De\u011fi\u015fimin \u0130zinde \u00c7\u00f6k\u00fc\u015fe Direnen Bir \u0130mparatorluk \u00c7\u00f6k\u00fc\u015f\u00fcn Ba\u015flang\u0131c\u0131 \u0130mparatorlu\u011fu \u00c7\u00f6k\u00fc\u015f\u00fc Ve 1. D\u00fcnya Sava\u015f\u0131 Direni\u015fe Do\u011fru Milli M\u00fccadele Ba\u015flarken Milli Egemenli\u011fe Do\u011fru<span class=\"excerpt-hellip\"> [\u2026]<\/span><\/p>\n","protected":false},"featured_media":0,"template":"","meta":{"_monsterinsights_skip_tracking":false,"_monsterinsights_sitenote_active":false,"_monsterinsights_sitenote_note":"","_monsterinsights_sitenote_category":0},"product_brand":[],"product_cat":[12304,13650],"product_tag":[],"class_list":{"0":"post-776609","1":"product","2":"type-product","3":"status-publish","5":"product_cat-tarih","6":"product_cat-turk-tarihi-arastirmalari","7":"pa_cilt-ciltsiz","8":"pa_tur-kitap","9":"pa_yayinevi-umuttepe-yayinlari","10":"pa_yazar-ibrahim-sirin-sinan-vardar","12":"first","13":"instock","14":"sale","15":"shipping-taxable","16":"purchasable","17":"product-type-simple"},"_links":{"self":[{"href":"https:\/\/roveyayinevi.com.tr\/index.php\/wp-json\/wp\/v2\/product\/776609","targetHints":{"allow":["GET"]}}],"collection":[{"href":"https:\/\/roveyayinevi.com.tr\/index.php\/wp-json\/wp\/v2\/product"}],"about":[{"href":"https:\/\/roveyayinevi.com.tr\/index.php\/wp-json\/wp\/v2\/types\/product"}],"wp:attachment":[{"href":"https:\/\/roveyayinevi.com.tr\/index.php\/wp-json\/wp\/v2\/media?parent=776609"}],"wp:term":[{"taxonomy":"product_brand","embeddable":true,"href":"https:\/\/roveyayinevi.com.tr\/index.php\/wp-json\/wp\/v2\/product_brand?post=776609"},{"taxonomy":"product_cat","embeddable":true,"href":"https:\/\/roveyayinevi.com.tr\/index.php\/wp-json\/wp\/v2\/product_cat?post=776609"},{"taxonomy":"product_tag","embeddable":true,"href":"https:\/\/roveyayinevi.com.tr\/index.php\/wp-json\/wp\/v2\/product_tag?post=776609"}],"curies":[{"name":"wp","href":"https:\/\/api.w.org\/{rel}","templated":true}]}}