{"id":776452,"date":"2025-09-29T03:12:23","date_gmt":"2025-09-29T00:12:23","guid":{"rendered":"https:\/\/roveyayinevi.com.tr\/index.php\/urun\/cocuklar-icin-nutuk-7\/"},"modified":"2026-04-16T02:46:56","modified_gmt":"2026-04-15T23:46:56","slug":"cocuklar-icin-nutuk-7","status":"publish","type":"product","link":"https:\/\/roveyayinevi.com.tr\/index.php\/urun\/cocuklar-icin-nutuk-7\/","title":{"rendered":"\u00c7ocuklar i\u00e7in Nutuk"},"content":{"rendered":"<p>GAZ\u0130 MUSTAFA KEMAL ATAT\u00dcRK   \u00c7ocuklar i\u00e7in NUTUK   Ulu \u00f6nder, b\u00fcy\u00fck kurtar\u0131c\u0131 Atat\u00fcrk\u2019\u00fcn 1927 y\u0131l\u0131nda okudu\u011fu Nutuk, Ulusal Kurtulu\u015f Sava\u015f\u0131\u2019m\u0131z\u0131n ayr\u0131nt\u0131l\u0131 bir panoramas\u0131d\u0131r. Cumhuriyetimizin kurulu\u015f y\u0131llar\u0131 ile Atat\u00fcrk ilke ve ink\u0131laplar\u0131n\u0131n yerle\u015fme d\u00f6nemini de kapsayan Nutuk\u2019u, en \u00f6nemli konular\u0131 vurgulayacak bi\u00e7imde k\u0131salt\u0131p, g\u00fcn\u00fcm\u00fcz T\u00fcrk\u00e7esiyle sadele\u015ftirerek haz\u0131rlad\u0131k.   Kolayca izlenebilecek bi\u00e7imde, b\u00f6l\u00fcm ba\u015fl\u0131klar\u0131yla haz\u0131rlanan bu \u00e7al\u0131\u015fma, \u00e7ocuklar\u0131n ba\u015fvuru kitab\u0131 olarak yararlanabilecekleri bir eserdir. <\/p>\n","protected":false},"excerpt":{"rendered":"<p>GAZ\u0130 MUSTAFA KEMAL ATAT\u00dcRK \u00c7ocuklar i\u00e7in NUTUK Ulu \u00f6nder, b\u00fcy\u00fck kurtar\u0131c\u0131 Atat\u00fcrk\u2019\u00fcn 1927 y\u0131l\u0131nda okudu\u011fu Nutuk, Ulusal Kurtulu\u015f Sava\u015f\u0131\u2019m\u0131z\u0131n ayr\u0131nt\u0131l\u0131 bir panoramas\u0131d\u0131r. Cumhuriyetimizin kurulu\u015f y\u0131llar\u0131 ile<span class=\"excerpt-hellip\"> [\u2026]<\/span><\/p>\n","protected":false},"featured_media":0,"template":"","meta":{"_monsterinsights_skip_tracking":false,"_monsterinsights_sitenote_active":false,"_monsterinsights_sitenote_note":"","_monsterinsights_sitenote_category":0},"product_brand":[],"product_cat":[12275,12274],"product_tag":[],"class_list":{"0":"post-776452","1":"product","2":"type-product","3":"status-publish","5":"product_cat-6-12-yas-kitaplari","6":"product_cat-cocuk-ve-genclik-kitaplari","7":"pa_cilt-ciltsiz","8":"pa_tur-kitap","9":"pa_yayinevi-remzi-kitabevi","10":"pa_yazar-mustafa-kemal-ataturk","12":"first","13":"instock","14":"sale","15":"shipping-taxable","16":"purchasable","17":"product-type-simple"},"_links":{"self":[{"href":"https:\/\/roveyayinevi.com.tr\/index.php\/wp-json\/wp\/v2\/product\/776452","targetHints":{"allow":["GET"]}}],"collection":[{"href":"https:\/\/roveyayinevi.com.tr\/index.php\/wp-json\/wp\/v2\/product"}],"about":[{"href":"https:\/\/roveyayinevi.com.tr\/index.php\/wp-json\/wp\/v2\/types\/product"}],"wp:attachment":[{"href":"https:\/\/roveyayinevi.com.tr\/index.php\/wp-json\/wp\/v2\/media?parent=776452"}],"wp:term":[{"taxonomy":"product_brand","embeddable":true,"href":"https:\/\/roveyayinevi.com.tr\/index.php\/wp-json\/wp\/v2\/product_brand?post=776452"},{"taxonomy":"product_cat","embeddable":true,"href":"https:\/\/roveyayinevi.com.tr\/index.php\/wp-json\/wp\/v2\/product_cat?post=776452"},{"taxonomy":"product_tag","embeddable":true,"href":"https:\/\/roveyayinevi.com.tr\/index.php\/wp-json\/wp\/v2\/product_tag?post=776452"}],"curies":[{"name":"wp","href":"https:\/\/api.w.org\/{rel}","templated":true}]}}