{"id":776196,"date":"2025-09-21T02:52:43","date_gmt":"2025-09-20T23:52:43","guid":{"rendered":"https:\/\/roveyayinevi.com.tr\/index.php\/urun\/yarinki-turkiye\/"},"modified":"2026-04-16T02:07:16","modified_gmt":"2026-04-15T23:07:16","slug":"yarinki-turkiye","status":"publish","type":"product","link":"https:\/\/roveyayinevi.com.tr\/index.php\/urun\/yarinki-turkiye\/","title":{"rendered":"Yar\u0131nki T\u00fcrkiye"},"content":{"rendered":"<p>Yar\u0131nki T\u00fcrkiye\u2019nin kurucular\u0131, ya\u015fama zevkini b\u0131rak\u0131p ya\u015fatma a\u015fk\u0131na g\u00f6n\u00fcl verecek, sab\u0131rl\u0131 ve azimli, lakin g\u00f6steri\u015fsiz ve n\u00fcmayi\u015fsiz \u00e7al\u0131\u015fan, ruh cephesinin maden i\u015f\u00e7ileri olacaklard\u0131r. Bu ruh amelesinin ilk ve esasl\u0131 i\u015fi, insan yeti\u015ftirmektir. H\u00fcnerleri hep fedakarl\u0131k olan bu hizmet ehli gen\u00e7ler, hizmetlerinin m\u00fckafat\u0131n\u0131 da hizmet ettikleri insanlardan beklemiyecekler, sonsuzlu\u011fa sunduklar\u0131 eserin sesinin akislerini yine sonsuzluktan dinleyeceklerdir. Yar\u0131nki T\u00fcrkiye\u2019nin kurucular\u0131, millet ve cemaat u\u011frunda fedakarl\u0131klar kabullenenlerin art\u0131k bulunmad\u0131\u011f\u0131 cemiyetimizde, muhtelif simada insanlar\u0131 \u015fah\u0131slar\u0131nda birle\u015ftireceklerdir. Onlarda Yunus Yavuz\u2019la birle\u015fecek; Sinan Akif\u2019e uzanacak; Ebu Hanife H\u00fcseyin Avni\u2019yi tebrik edecektir. Ve onlar\u0131n eseri olan yar\u0131nki T\u00fcrkiye, \u015fu temellerin \u00fcst\u00fcnde kurulacak: Anadolu\u2019nun topra\u011f\u0131ndan kaynayan bir kan, cemaat i\u00e7in harcanan emek, bin y\u0131ll\u0131k bir tarih, otoriteli bir devlet ve ebedi oldu\u011funa inanm\u0131\u015f bir ruh&#8230; <\/p>\n","protected":false},"excerpt":{"rendered":"<p>Yar\u0131nki T\u00fcrkiye\u2019nin kurucular\u0131, ya\u015fama zevkini b\u0131rak\u0131p ya\u015fatma a\u015fk\u0131na g\u00f6n\u00fcl verecek, sab\u0131rl\u0131 ve azimli, lakin g\u00f6steri\u015fsiz ve n\u00fcmayi\u015fsiz \u00e7al\u0131\u015fan, ruh cephesinin maden i\u015f\u00e7ileri olacaklard\u0131r. Bu ruh amelesinin<span class=\"excerpt-hellip\"> [\u2026]<\/span><\/p>\n","protected":false},"featured_media":0,"template":"","meta":{"_monsterinsights_skip_tracking":false,"_monsterinsights_sitenote_active":false,"_monsterinsights_sitenote_note":"","_monsterinsights_sitenote_category":0},"product_brand":[],"product_cat":[16098,12337],"product_tag":[],"class_list":{"0":"post-776196","1":"product","2":"type-product","3":"status-publish","5":"product_cat-politik-akimlar-hareketler","6":"product_cat-politika-siyaset","7":"pa_tur-kitap","8":"pa_yayinevi-dergah-yayinlari","9":"pa_yazar-nurettin-topcu","11":"first","12":"instock","13":"sale","14":"shipping-taxable","15":"purchasable","16":"product-type-simple"},"_links":{"self":[{"href":"https:\/\/roveyayinevi.com.tr\/index.php\/wp-json\/wp\/v2\/product\/776196","targetHints":{"allow":["GET"]}}],"collection":[{"href":"https:\/\/roveyayinevi.com.tr\/index.php\/wp-json\/wp\/v2\/product"}],"about":[{"href":"https:\/\/roveyayinevi.com.tr\/index.php\/wp-json\/wp\/v2\/types\/product"}],"wp:attachment":[{"href":"https:\/\/roveyayinevi.com.tr\/index.php\/wp-json\/wp\/v2\/media?parent=776196"}],"wp:term":[{"taxonomy":"product_brand","embeddable":true,"href":"https:\/\/roveyayinevi.com.tr\/index.php\/wp-json\/wp\/v2\/product_brand?post=776196"},{"taxonomy":"product_cat","embeddable":true,"href":"https:\/\/roveyayinevi.com.tr\/index.php\/wp-json\/wp\/v2\/product_cat?post=776196"},{"taxonomy":"product_tag","embeddable":true,"href":"https:\/\/roveyayinevi.com.tr\/index.php\/wp-json\/wp\/v2\/product_tag?post=776196"}],"curies":[{"name":"wp","href":"https:\/\/api.w.org\/{rel}","templated":true}]}}