{"id":775929,"date":"2025-09-19T16:05:08","date_gmt":"2025-09-19T13:05:08","guid":{"rendered":"https:\/\/roveyayinevi.com.tr\/index.php\/urun\/the-times-sayfalarinda-lozan-baris-konferansi\/"},"modified":"2026-04-15T03:32:05","modified_gmt":"2026-04-15T00:32:05","slug":"the-times-sayfalarinda-lozan-baris-konferansi","status":"publish","type":"product","link":"https:\/\/roveyayinevi.com.tr\/index.php\/urun\/the-times-sayfalarinda-lozan-baris-konferansi\/","title":{"rendered":"The Times Sayfalar\u0131nda Lozan Bar\u0131\u015f Konferans\u0131"},"content":{"rendered":"<p>Yakla\u015f\u0131k d\u00f6rt y\u0131l s\u00fcren T\u00fcrk \u0130stiklal Harbinin en verimli sonucu olan Lozan Bar\u0131\u015f Antla\u015fmas\u0131 ile Misak-\u0131 Milli esaslar\u0131 \u00f6nemli \u00f6l\u00e7\u00fcde ger\u00e7ekle\u015ftirilmi\u015f, Osmanl\u0131 d\u00f6neminde var olan; siyas\u00ee, mali, iktisad\u00ee, hukuk\u00ee ve k\u00fclt\u00fcrel gibi bir\u00e7ok alanda devletin ba\u011f\u0131ms\u0131zl\u0131\u011f\u0131n\u0131 k\u0131s\u0131tlayan uygulamalar ortadan kald\u0131r\u0131lm\u0131\u015ft\u0131r.   \u0130ngiltere \u00f6nc\u00fcl\u00fc\u011f\u00fcndeki \u0130tilaf Devletleri Lozan\u2019da, Osmanl\u0131 d\u00f6nemindeki kazan\u0131mlar\u0131n\u0131 s\u00fcrd\u00fcrmek i\u00e7in b\u00fcy\u00fck gayret g\u00f6stermi\u015flerse de bu eserde de g\u00f6r\u00fclece\u011fi \u00fczere \u0130smet Pa\u015fa ba\u015fkanl\u0131\u011f\u0131ndaki T\u00fcrk heyetinin direnci kar\u015f\u0131s\u0131nda hep geri ad\u0131m atmak zorunda kalm\u0131\u015flard\u0131r. Yaln\u0131zca \u0130ngiltere\u2019nin de\u011fil d\u00fcnyan\u0131n \u00f6nde gelen bas\u0131n kurulu\u015flar\u0131ndan biri olan ve XVIII. y\u00fczy\u0131l\u0131n sonlar\u0131ndan itibaren faaliyetlerini s\u00fcrd\u00fcren The Times gazetesi, Lozan\u2019a g\u00f6nderdi\u011fi \u00f6zel muhabiri vas\u0131tas\u0131yla, ba\u015flang\u0131\u00e7tan bar\u0131\u015f antla\u015fmas\u0131n\u0131n imzalanmas\u0131na kadar hemen t\u00fcm bu zorlu m\u00fczakere s\u00fcrecini takip etmi\u015f, geli\u015fmeleri okuyucular\u0131na aktarm\u0131\u015ft\u0131r. Gazete, genelde oldu\u011fu gibi irdeledi\u011fimiz d\u00f6nemde de Londra y\u00f6netimine yak\u0131n bir politika izlemi\u015f, T\u00fcrkler; \u201chaks\u0131z\u201d, \u201ci\u015fgalci\u201d, \u0130tilaf Devletleri ile Rumlar, Ermeniler ve di\u011fer halklar ise ma\u011fdur olarak g\u00f6sterilmi\u015ftir. Gazeteye bu \u00f6zelli\u011fi nedeniyle bir propaganda arac\u0131 olarak bak\u0131l\u0131p, belli bir g\u00f6r\u00fc\u015f\u00fc yans\u0131tt\u0131\u011f\u0131 ele\u015ftirisi yap\u0131lsa da bizce \u00f6nemli olan taraf\u0131 \u0130ngiliz h\u00fck\u00fcmetinin gayr-i resmi dili olmas\u0131 ve dolay\u0131s\u0131yla Londra y\u00f6netiminin diplomatik metinlerde ge\u00e7meyen d\u00fc\u015f\u00fcncelerini a\u00e7\u0131k etmesidir.    Taraf\u0131m\u0131zca \u00e7evirisi yap\u0131lan ve notland\u0131r\u0131lan eserde, The Times gazetesinde yer alan haberler (yanl\u0131\u015f yaz\u0131mlar, isimler ve baz\u0131 nitelemeleri a\u00e7\u0131klamaya dayanan notlar d\u0131\u015f\u0131nda) yorumsuz olarak verilerek \u0130ngiliz H\u00fck\u00fcmeti\u2019nin T\u00fcrkiye\u2019ye yakla\u015f\u0131m\u0131n\u0131 en \u00e7\u0131plak \u015fekilde ortaya koyulmaya \u00e7al\u0131\u015f\u0131lm\u0131\u015ft\u0131r.  <\/p>\n","protected":false},"excerpt":{"rendered":"<p>Yakla\u015f\u0131k d\u00f6rt y\u0131l s\u00fcren T\u00fcrk \u0130stiklal Harbinin en verimli sonucu olan Lozan Bar\u0131\u015f Antla\u015fmas\u0131 ile Misak-\u0131 Milli esaslar\u0131 \u00f6nemli \u00f6l\u00e7\u00fcde ger\u00e7ekle\u015ftirilmi\u015f, Osmanl\u0131 d\u00f6neminde var olan; siyas\u00ee,<span class=\"excerpt-hellip\"> [\u2026]<\/span><\/p>\n","protected":false},"featured_media":0,"template":"","meta":{"_monsterinsights_skip_tracking":false,"_monsterinsights_sitenote_active":false,"_monsterinsights_sitenote_note":"","_monsterinsights_sitenote_category":0},"product_brand":[],"product_cat":[12304,13650],"product_tag":[],"class_list":{"0":"post-775929","1":"product","2":"type-product","3":"status-publish","5":"product_cat-tarih","6":"product_cat-turk-tarihi-arastirmalari","7":"pa_cilt-ciltsiz","8":"pa_tur-kitap","9":"pa_yayinevi-ideal-kultur-yayincilik","10":"pa_yazar-mehmet-okur-resul-yavuz","12":"first","13":"instock","14":"sale","15":"shipping-taxable","16":"purchasable","17":"product-type-simple"},"_links":{"self":[{"href":"https:\/\/roveyayinevi.com.tr\/index.php\/wp-json\/wp\/v2\/product\/775929","targetHints":{"allow":["GET"]}}],"collection":[{"href":"https:\/\/roveyayinevi.com.tr\/index.php\/wp-json\/wp\/v2\/product"}],"about":[{"href":"https:\/\/roveyayinevi.com.tr\/index.php\/wp-json\/wp\/v2\/types\/product"}],"wp:attachment":[{"href":"https:\/\/roveyayinevi.com.tr\/index.php\/wp-json\/wp\/v2\/media?parent=775929"}],"wp:term":[{"taxonomy":"product_brand","embeddable":true,"href":"https:\/\/roveyayinevi.com.tr\/index.php\/wp-json\/wp\/v2\/product_brand?post=775929"},{"taxonomy":"product_cat","embeddable":true,"href":"https:\/\/roveyayinevi.com.tr\/index.php\/wp-json\/wp\/v2\/product_cat?post=775929"},{"taxonomy":"product_tag","embeddable":true,"href":"https:\/\/roveyayinevi.com.tr\/index.php\/wp-json\/wp\/v2\/product_tag?post=775929"}],"curies":[{"name":"wp","href":"https:\/\/api.w.org\/{rel}","templated":true}]}}