{"id":775759,"date":"2025-09-13T22:11:31","date_gmt":"2025-09-13T19:11:31","guid":{"rendered":"https:\/\/roveyayinevi.com.tr\/index.php\/urun\/ii-dunya-savasinda-turkler\/"},"modified":"2026-04-15T03:42:30","modified_gmt":"2026-04-15T00:42:30","slug":"ii-dunya-savasinda-turkler","status":"publish","type":"product","link":"https:\/\/roveyayinevi.com.tr\/index.php\/urun\/ii-dunya-savasinda-turkler\/","title":{"rendered":"II. D\u00fcnya Sava\u015f\u0131nda T\u00fcrkler"},"content":{"rendered":"<p>II. D\u00fcnya Sava\u015f\u0131\u2019nda T\u00fcrkiye Cumhuriyeti sava\u015fa kat\u0131lmam\u0131\u015f olsa da T\u00fcrkiye d\u0131\u015f\u0131ndaki SSCB, Balkanlar, Do\u011fu T\u00fcrkistan, Orta Do\u011fu ve K\u0131br\u0131s T\u00fcrkleri bu elim harbin ciddi ma\u011fduru olmu\u015flard\u0131r. D\u00fcnyan\u0131n d\u00f6rt bir yan\u0131ndaki T\u00fcrklerin b\u00fct\u00fcn kaynaklar\u0131 seferber edilmi\u015f, y\u00fcz binlercesi askere al\u0131nm\u0131\u015f, yaralanm\u0131\u015f ve hayatlar\u0131n\u0131 kaybetmi\u015flerdir. Kazan ve K\u0131r\u0131m Tatarlar\u0131, Ba\u015fkurtlar, \u00c7uva\u015flar, Sibirya T\u00fcrkleri, Kazaklar, K\u0131rg\u0131zlar, \u00d6zbekler, T\u00fcrkmenler, Azerbaycan T\u00fcrkleri, Ah\u0131ska T\u00fcrkleri, Kara\u00e7ay-Balkarlar, Gagavuzlar ve di\u011ferleri Sovyet ordusunda Nazi Almanyas\u0131\u2019na kar\u015f\u0131 \u00f6n safta sava\u015ft\u0131lar. \u00d6nce Alman esir kamplar\u0131nda insanl\u0131k d\u0131\u015f\u0131 muameleye maruz kald\u0131lar ve y\u00fcz binlercesi hayatlar\u0131n\u0131 kaybetti. Geriye kalanlar\u0131n bir k\u0131sm\u0131 ise hayatlar\u0131n\u0131 ve Sovyet i\u015fgalindeki \u00fclkelerini kurtarma umuduyla Alman ordular\u0131na kat\u0131l\u0131p cephelerde \u00f6ld\u00fcler. Sava\u015f\u0131n sonunda hayatta kalanlar yine esir kamplar\u0131na s\u00fcr\u00fcklendiler. 1945-1950 aras\u0131nda Avrupa\u2019da ve T\u00fcrkiye\u2019de esirler ve m\u00fclteciler meselesi hep g\u00fcndemde kald\u0131. T\u00fcrklerin bir k\u0131sm\u0131 \u0130ngiltere\u2019nin ve ABD\u2019nin duyars\u0131zl\u0131\u011f\u0131 y\u00fcz\u00fcnden Sovyetler Birli\u011fi\u2019ne iade edilip ya \u00f6l\u00fcme ya da Sibirya\u2019da \u00e7al\u0131\u015fma kamplar\u0131na g\u00f6nderildiler. Bu esirlerden az bir k\u0131sm\u0131 Bat\u0131\u2019ya ge\u00e7erek So\u011fuk Sava\u015f d\u00f6neminde Sovyet i\u015fgali alt\u0131ndaki \u00fclkelerinin kurtulu\u015fu i\u00e7in \u00e7al\u0131\u015ft\u0131. Avrupa\u2019n\u0131n de\u011fi\u015fik \u00fclkelerindeki m\u00fclteci kamplar\u0131na savrulmu\u015f binlerce T\u00fcrk de T\u00fcrkiye\u2019ye gelebilmek i\u00e7in yo\u011fun \u00e7aba sarf etti. Prof. Dr. Ali Satan\u2019\u0131n II. D\u00fcnya Sava\u015f\u0131\u2019nda T\u00fcrkler ad\u0131n\u0131 verdi\u011fi, hem T\u00fcrk hem de d\u00fcnya kamuoyu taraf\u0131ndan g\u00f6z ard\u0131 edilen II. D\u00fcnya Sava\u015f\u0131 ma\u011fduru T\u00fcrklerin ger\u00e7ek hik\u00e2yelerini anlatan bu \u00e7al\u0131\u015fma, y\u0131llar s\u00fcren ara\u015ft\u0131rma, g\u00f6zlem ve tespitlerin mahsul\u00fc. Avrupa m\u00fclteci kamplar\u0131ndan gazeteci Ziyad Eb\u00fczziya\u2019ya yaz\u0131lm\u0131\u015f mektuplar ilk defa g\u00fcn y\u00fcz\u00fcne \u00e7\u0131k\u0131yor, d\u00f6nem bas\u0131n\u0131 ve say\u0131s\u0131z ar\u015fiv belgesi ile konu her y\u00f6nden destekleniyor. Ayr\u0131ca, b\u00fct\u00fcn bu olaylar\u0131n tan\u0131\u011f\u0131 Ziyad Eb\u00fczziya, Cabbar Ert\u00fcrk, Baymirza Hayit, Fuat Emircan, Reha O\u011fuz T\u00fcrkkan, Bekir Do\u011fan gibi isimlerin \u015fahitlikleri ve tecr\u00fcbeleri, d\u00fcnya tarihinin en karanl\u0131k sayfalar\u0131ndan birini cesurca g\u00f6zler \u00f6n\u00fcne seriyor.<\/p>\n","protected":false},"excerpt":{"rendered":"<p>II. D\u00fcnya Sava\u015f\u0131\u2019nda T\u00fcrkiye Cumhuriyeti sava\u015fa kat\u0131lmam\u0131\u015f olsa da T\u00fcrkiye d\u0131\u015f\u0131ndaki SSCB, Balkanlar, Do\u011fu T\u00fcrkistan, Orta Do\u011fu ve K\u0131br\u0131s T\u00fcrkleri bu elim harbin ciddi ma\u011fduru olmu\u015flard\u0131r.<span class=\"excerpt-hellip\"> [\u2026]<\/span><\/p>\n","protected":false},"featured_media":0,"template":"","meta":{"_monsterinsights_skip_tracking":false,"_monsterinsights_sitenote_active":false,"_monsterinsights_sitenote_note":"","_monsterinsights_sitenote_category":0},"product_brand":[],"product_cat":[12305,12304],"product_tag":[],"class_list":{"0":"post-775759","1":"product","2":"type-product","3":"status-publish","5":"product_cat-dunya-tarihi","6":"product_cat-tarih","7":"pa_cilt-ciltsiz","8":"pa_tur-kitap","9":"pa_yayinevi-timas-yayinlari","10":"pa_yazar-ali-satan","12":"first","13":"instock","14":"sale","15":"shipping-taxable","16":"purchasable","17":"product-type-simple"},"_links":{"self":[{"href":"https:\/\/roveyayinevi.com.tr\/index.php\/wp-json\/wp\/v2\/product\/775759","targetHints":{"allow":["GET"]}}],"collection":[{"href":"https:\/\/roveyayinevi.com.tr\/index.php\/wp-json\/wp\/v2\/product"}],"about":[{"href":"https:\/\/roveyayinevi.com.tr\/index.php\/wp-json\/wp\/v2\/types\/product"}],"wp:attachment":[{"href":"https:\/\/roveyayinevi.com.tr\/index.php\/wp-json\/wp\/v2\/media?parent=775759"}],"wp:term":[{"taxonomy":"product_brand","embeddable":true,"href":"https:\/\/roveyayinevi.com.tr\/index.php\/wp-json\/wp\/v2\/product_brand?post=775759"},{"taxonomy":"product_cat","embeddable":true,"href":"https:\/\/roveyayinevi.com.tr\/index.php\/wp-json\/wp\/v2\/product_cat?post=775759"},{"taxonomy":"product_tag","embeddable":true,"href":"https:\/\/roveyayinevi.com.tr\/index.php\/wp-json\/wp\/v2\/product_tag?post=775759"}],"curies":[{"name":"wp","href":"https:\/\/api.w.org\/{rel}","templated":true}]}}