{"id":775443,"date":"2025-09-10T06:22:20","date_gmt":"2025-09-10T03:22:20","guid":{"rendered":"https:\/\/roveyayinevi.com.tr\/index.php\/urun\/bal-gibi-felsefe-okula-gitmezsem-ne-olur\/"},"modified":"2026-04-16T02:18:51","modified_gmt":"2026-04-15T23:18:51","slug":"bal-gibi-felsefe-okula-gitmezsem-ne-olur","status":"publish","type":"product","link":"https:\/\/roveyayinevi.com.tr\/index.php\/urun\/bal-gibi-felsefe-okula-gitmezsem-ne-olur\/","title":{"rendered":"Bal Gibi Felsefe &#8211; Okula Gitmezsem Ne Olur"},"content":{"rendered":"<p>\u00c7ocuklar i\u00e7in yazd\u0131\u011f\u0131 felsefe kitaplar\u0131yla t\u00fcm d\u00fcnyada be\u011feni toplayan \u00fcnl\u00fc yazar BrigitteLabb\u00e9\u2019nin usta kaleminden&#8230; Soru sormay\u0131 seven t\u00fcm k\u00fc\u00e7\u00fck filozoflar i\u00e7in\u2026 Filo, anne ve babas\u0131na hi\u00e7 durmadan sorular soruyor. Sohbetleri genelde \u00e7\u00f6z\u00fcms\u00fcz sonlara ula\u015fsa bile Filo\u2019nun her ak\u015fam ona ak\u0131l vermeye gelen bir ziyaret\u00e7isi var: Bilgin ku\u015f Zof Filo\u2019nun babas\u0131 i\u015finden s\u0131k\u0131lm\u0131\u015ft\u0131. Filo, hemen kendine bu durumdan pay \u00e7\u0131kard\u0131 ve ev halk\u0131na duyurusunu yapt\u0131: \u201cBen de okula gitmekten s\u0131k\u0131ld\u0131m&#8230; Okula gitmezsem ne olur?\u201d \ufffc<\/p>\n","protected":false},"excerpt":{"rendered":"<p>\u00c7ocuklar i\u00e7in yazd\u0131\u011f\u0131 felsefe kitaplar\u0131yla t\u00fcm d\u00fcnyada be\u011feni toplayan \u00fcnl\u00fc yazar BrigitteLabb\u00e9\u2019nin usta kaleminden&#8230; Soru sormay\u0131 seven t\u00fcm k\u00fc\u00e7\u00fck filozoflar i\u00e7in\u2026 Filo, anne ve babas\u0131na hi\u00e7<span class=\"excerpt-hellip\"> [\u2026]<\/span><\/p>\n","protected":false},"featured_media":0,"template":"","meta":{"_monsterinsights_skip_tracking":false,"_monsterinsights_sitenote_active":false,"_monsterinsights_sitenote_note":"","_monsterinsights_sitenote_category":0},"product_brand":[],"product_cat":[12312,12304],"product_tag":[],"class_list":{"0":"post-775443","1":"product","2":"type-product","3":"status-publish","5":"product_cat-diger","6":"product_cat-tarih","7":"pa_cilt-ciltsiz","8":"pa_tur-kitap","9":"pa_yayinevi-dogan-egmont-yayincilik","10":"pa_yazar-brigitte-labbe-and-eric-gaste","12":"first","13":"instock","14":"sale","15":"shipping-taxable","16":"purchasable","17":"product-type-simple"},"_links":{"self":[{"href":"https:\/\/roveyayinevi.com.tr\/index.php\/wp-json\/wp\/v2\/product\/775443","targetHints":{"allow":["GET"]}}],"collection":[{"href":"https:\/\/roveyayinevi.com.tr\/index.php\/wp-json\/wp\/v2\/product"}],"about":[{"href":"https:\/\/roveyayinevi.com.tr\/index.php\/wp-json\/wp\/v2\/types\/product"}],"wp:attachment":[{"href":"https:\/\/roveyayinevi.com.tr\/index.php\/wp-json\/wp\/v2\/media?parent=775443"}],"wp:term":[{"taxonomy":"product_brand","embeddable":true,"href":"https:\/\/roveyayinevi.com.tr\/index.php\/wp-json\/wp\/v2\/product_brand?post=775443"},{"taxonomy":"product_cat","embeddable":true,"href":"https:\/\/roveyayinevi.com.tr\/index.php\/wp-json\/wp\/v2\/product_cat?post=775443"},{"taxonomy":"product_tag","embeddable":true,"href":"https:\/\/roveyayinevi.com.tr\/index.php\/wp-json\/wp\/v2\/product_tag?post=775443"}],"curies":[{"name":"wp","href":"https:\/\/api.w.org\/{rel}","templated":true}]}}