{"id":775332,"date":"2025-09-09T18:40:08","date_gmt":"2025-09-09T15:40:08","guid":{"rendered":"https:\/\/roveyayinevi.com.tr\/index.php\/urun\/nutuk-ozel-deri-ciltli-ve-kutulu\/"},"modified":"2026-04-15T03:42:25","modified_gmt":"2026-04-15T00:42:25","slug":"nutuk-ozel-deri-ciltli-ve-kutulu","status":"publish","type":"product","link":"https:\/\/roveyayinevi.com.tr\/index.php\/urun\/nutuk-ozel-deri-ciltli-ve-kutulu\/","title":{"rendered":"Nutuk (\u00d6zel Deri Ciltli ve Kutulu)"},"content":{"rendered":"<p>\u201cNutuk\u201d, sadece bir tarihi anlat\u0131 de\u011fil, ayn\u0131 zamanda bir milletin yeniden do\u011fu\u015funun belgesidir. Biz de Ephesus Yay\u0131nlar\u0131 olarak, alt\u0131 y\u0131ll\u0131k titiz bir \u00e7al\u0131\u015fma sonucunda, bu k\u0131ymetli eseri herkesin rahatl\u0131kla okuyabilmesi i\u00e7in yal\u0131n, a\u00e7\u0131k ve g\u00fcn\u00fcm\u00fcz T\u00fcrk\u00e7esiyle sadele\u015ftirdik. Bu yaln\u0131zca bir sadele\u015ftirme de\u011fil, ayn\u0131 zamanda \u00f6zenle haz\u0131rlanm\u0131\u015f \u00f6zel bir bask\u0131d\u0131r. \u00d6zel deri kapl\u0131 kutusu, deri cildi, yald\u0131z detaylar\u0131 ve koleksiyonluk nitelikte \u00f6zel tasar\u0131m\u0131yla tarihimize ve kurucu \u00f6nderimize yak\u0131\u015f\u0131r b ir sayg\u0131yla haz\u0131rlanan bu eser, hem i\u00e7eri\u011fiyle hem de d\u0131\u015f g\u00f6r\u00fcn\u00fcm\u00fcyle raf\u0131n\u0131zda ayr\u0131 bir yer edinecektir. \u00c7\u00fcnk\u00fc Atat\u00fcrk\u2019\u00fc tan\u0131mak ve fikirlerini de\u011ferlendirebilmek i\u00e7in \u00f6nce onu ger\u00e7ekten anlamak gerekir. Art\u0131k \u201cNutuk\u201d, herkesin anlayabilece\u011fi bir dille elinizde. Y\u00fcz y\u0131l \u00f6ncesine berrak bir pencere a\u00e7mak i\u00e7in\u2026<\/p>\n","protected":false},"excerpt":{"rendered":"<p>\u201cNutuk\u201d, sadece bir tarihi anlat\u0131 de\u011fil, ayn\u0131 zamanda bir milletin yeniden do\u011fu\u015funun belgesidir. Biz de Ephesus Yay\u0131nlar\u0131 olarak, alt\u0131 y\u0131ll\u0131k titiz bir \u00e7al\u0131\u015fma sonucunda, bu k\u0131ymetli<span class=\"excerpt-hellip\"> [\u2026]<\/span><\/p>\n","protected":false},"featured_media":0,"template":"","meta":{"_monsterinsights_skip_tracking":false,"_monsterinsights_sitenote_active":false,"_monsterinsights_sitenote_note":"","_monsterinsights_sitenote_category":0},"product_brand":[],"product_cat":[12530,12304],"product_tag":[],"class_list":{"0":"post-775332","1":"product","2":"type-product","3":"status-publish","5":"product_cat-mustafa-kemal-ataturk","6":"product_cat-tarih","7":"pa_cilt-ciltli","8":"pa_tur-kitap","9":"pa_yayinevi-ephesus-yayinlari","10":"pa_yazar-mustafa-kemal-ataturk","12":"first","13":"instock","14":"sale","15":"shipping-taxable","16":"purchasable","17":"product-type-simple"},"_links":{"self":[{"href":"https:\/\/roveyayinevi.com.tr\/index.php\/wp-json\/wp\/v2\/product\/775332","targetHints":{"allow":["GET"]}}],"collection":[{"href":"https:\/\/roveyayinevi.com.tr\/index.php\/wp-json\/wp\/v2\/product"}],"about":[{"href":"https:\/\/roveyayinevi.com.tr\/index.php\/wp-json\/wp\/v2\/types\/product"}],"wp:attachment":[{"href":"https:\/\/roveyayinevi.com.tr\/index.php\/wp-json\/wp\/v2\/media?parent=775332"}],"wp:term":[{"taxonomy":"product_brand","embeddable":true,"href":"https:\/\/roveyayinevi.com.tr\/index.php\/wp-json\/wp\/v2\/product_brand?post=775332"},{"taxonomy":"product_cat","embeddable":true,"href":"https:\/\/roveyayinevi.com.tr\/index.php\/wp-json\/wp\/v2\/product_cat?post=775332"},{"taxonomy":"product_tag","embeddable":true,"href":"https:\/\/roveyayinevi.com.tr\/index.php\/wp-json\/wp\/v2\/product_tag?post=775332"}],"curies":[{"name":"wp","href":"https:\/\/api.w.org\/{rel}","templated":true}]}}