{"id":774872,"date":"2025-09-09T12:22:00","date_gmt":"2025-09-09T09:22:00","guid":{"rendered":"https:\/\/roveyayinevi.com.tr\/index.php\/urun\/sivil-darbe\/"},"modified":"2026-04-16T02:27:38","modified_gmt":"2026-04-15T23:27:38","slug":"sivil-darbe","status":"publish","type":"product","link":"https:\/\/roveyayinevi.com.tr\/index.php\/urun\/sivil-darbe\/","title":{"rendered":"Sivil Darbe"},"content":{"rendered":"<p>Ataol Behramo\u011flu 4 Ekim 2003 tarihinde Cumhuriyet Gazetesi\u2019nde yay\u0131nlanan k\u00f6\u015fe yaz\u0131s\u0131nda, 3 Kas\u0131m 2002 tarihinde iktidar olu\u015flar\u0131n\u0131n \u00fczerinden hen\u00fcz 1 y\u0131l bile ge\u00e7memi\u015fken, Adalet ve Kalk\u0131nma Partisi iktidar\u0131na \u201csivil darbe\u201d tan\u0131s\u0131n\u0131 koymu\u015ftu.Bu tan\u0131 bir sanat insan\u0131n\u0131n g\u00f6zlem ve sezgilerinin sonucu oldu\u011fu kadar, \u00fclkesinin sorunlar\u0131 \u00fczerine bir toplum bilimci titizli\u011fi ile d\u00fc\u015f\u00fcn\u00fcp ara\u015ft\u0131ran se\u00e7kin bir ayd\u0131n\u0131n ara\u015ft\u0131r\u0131c\u0131 zek\u00e2s\u0131 ve sorumluluk bilincinin de \u00fcr\u00fcn\u00fcd\u00fcr.Aradan ge\u00e7en zaman bu tan\u0131y\u0131 ne yaz\u0131k ki fazlas\u0131yla hakl\u0131 \u00e7\u0131karm\u0131\u015ft\u0131r.\u201cSivil Darbe\u201d bir yaz\u0131lar toplam\u0131 olman\u0131n \u00e7ok \u00f6tesinde; dil ustal\u0131\u011f\u0131yla, mizah duygusunun da eksik olmad\u0131\u011f\u0131 ger\u00e7ek\u00e7i ve ele\u015ftirici bir ak\u0131lla, yanl\u0131\u015f\u0131 ac\u0131mas\u0131zca su\u00e7lay\u0131p yererken do\u011frunun y\u00f6n\u00fcn\u00fc de g\u00f6sterip \u00f6neren bir ayd\u0131nlanma ve yurtta\u015fl\u0131k bilinciyle \u00f6r\u00fclm\u00fc\u015f, hem toplum-bilimsel hem yaz\u0131nsal bir ba\u015fyap\u0131tt\u0131r.2002\u2019den g\u00fcn\u00fcm\u00fcze \u00fclkemizin, ak\u0131c\u0131 bir anlat\u0131mla dile getirilmi\u015f bu yak\u0131n ve g\u00fcncel tarihini sunmakla onur duyuyoruz.<\/p>\n","protected":false},"excerpt":{"rendered":"<p>Ataol Behramo\u011flu 4 Ekim 2003 tarihinde Cumhuriyet Gazetesi\u2019nde yay\u0131nlanan k\u00f6\u015fe yaz\u0131s\u0131nda, 3 Kas\u0131m 2002 tarihinde iktidar olu\u015flar\u0131n\u0131n \u00fczerinden hen\u00fcz 1 y\u0131l bile ge\u00e7memi\u015fken, Adalet ve Kalk\u0131nma<span class=\"excerpt-hellip\"> [\u2026]<\/span><\/p>\n","protected":false},"featured_media":0,"template":"","meta":{"_monsterinsights_skip_tracking":false,"_monsterinsights_sitenote_active":false,"_monsterinsights_sitenote_note":"","_monsterinsights_sitenote_category":0},"product_brand":[],"product_cat":[12346,12337],"product_tag":[],"class_list":{"0":"post-774872","1":"product","2":"type-product","3":"status-publish","5":"product_cat-derin-siyaset-komplo-teorileri","6":"product_cat-politika-siyaset","7":"pa_cilt-ciltsiz","8":"pa_tur-kitap","9":"pa_yayinevi-tekin-yayinevi","10":"pa_yazar-ataol-behramoglu","12":"first","13":"instock","14":"sale","15":"shipping-taxable","16":"purchasable","17":"product-type-simple"},"_links":{"self":[{"href":"https:\/\/roveyayinevi.com.tr\/index.php\/wp-json\/wp\/v2\/product\/774872","targetHints":{"allow":["GET"]}}],"collection":[{"href":"https:\/\/roveyayinevi.com.tr\/index.php\/wp-json\/wp\/v2\/product"}],"about":[{"href":"https:\/\/roveyayinevi.com.tr\/index.php\/wp-json\/wp\/v2\/types\/product"}],"wp:attachment":[{"href":"https:\/\/roveyayinevi.com.tr\/index.php\/wp-json\/wp\/v2\/media?parent=774872"}],"wp:term":[{"taxonomy":"product_brand","embeddable":true,"href":"https:\/\/roveyayinevi.com.tr\/index.php\/wp-json\/wp\/v2\/product_brand?post=774872"},{"taxonomy":"product_cat","embeddable":true,"href":"https:\/\/roveyayinevi.com.tr\/index.php\/wp-json\/wp\/v2\/product_cat?post=774872"},{"taxonomy":"product_tag","embeddable":true,"href":"https:\/\/roveyayinevi.com.tr\/index.php\/wp-json\/wp\/v2\/product_tag?post=774872"}],"curies":[{"name":"wp","href":"https:\/\/api.w.org\/{rel}","templated":true}]}}