{"id":774851,"date":"2025-09-09T12:12:13","date_gmt":"2025-09-09T09:12:13","guid":{"rendered":"https:\/\/roveyayinevi.com.tr\/index.php\/urun\/turklerde-yonetim-sanati-lider-hukumdarlar\/"},"modified":"2026-04-16T02:26:23","modified_gmt":"2026-04-15T23:26:23","slug":"turklerde-yonetim-sanati-lider-hukumdarlar","status":"publish","type":"product","link":"https:\/\/roveyayinevi.com.tr\/index.php\/urun\/turklerde-yonetim-sanati-lider-hukumdarlar\/","title":{"rendered":"T\u00fcrklerde Y\u00f6netim Sanat\u0131, Lider H\u00fck\u00fcmdarlar"},"content":{"rendered":"<p>T\u00fcrkler, M.\u00d6. 209 y\u0131l\u0131ndan itibaren tarihte 16 b\u00fcy\u00fck devlet (imparatorluk) kurmu\u015f, y\u00fczy\u0131llarca cihana h\u00e2kim olmu\u015f; y\u00f6netimleri, k\u00fclt\u00fcr ve medeniyetleriyle \u00f6rnek ve \u00f6nder olmu\u015f, soylu ve y\u00fcce bir millettir. T\u00fcrklerin bu \u00fcst\u00fcn ba\u015far\u0131lar\u0131n\u0131n s\u0131rr\u0131; g\u00fc\u00e7l\u00fc ve k\u00f6kl\u00fc devlet ve y\u00f6netim yap\u0131s\u0131na; ilme ve hukuka, disiplin, adalet ve ho\u015fg\u00f6r\u00fcye dayal\u0131 y\u00f6netim anlay\u0131\u015f\u0131na sahip olmalar\u0131d\u0131r. Bu nedenledir ki T\u00fcrk milleti tarih boyunca emperyalist \u00fclkelerin himayesi ve s\u00f6m\u00fcrgesi olmam\u0131\u015f; h\u00fcr ve ba\u011f\u0131ms\u0131z ya\u015fam\u0131\u015ft\u0131r. \u00c7\u00fcnk\u00fc devlet kurmak ve devlet y\u00f6netmek T\u00fcrklerin ruhunda ve geninde olan bir meziyettir. Nitekim \u00fcnl\u00fc Asya tarih\u00e7isi Rene Grusset&#8221;T\u00fcrkler h\u00fck\u00fcmran olmak i\u00e7in yarat\u0131lm\u0131\u015f bir \u0131rkt\u0131r.\u201ddiyerek bu ger\u00e7e\u011fi ifade etmi\u015ftir.10. y\u00fczy\u0131ldan itibaren M\u00fcsl\u00fcman olan T\u00fcrkler; Karahanl\u0131lar \u0130mparatorlu\u011fu, Gazneliler \u0130mparatorlu\u011fu, B\u00fcy\u00fck Sel\u00e7uklu \u0130mparatorlu\u011fu, Harzem\u015fahlar \u0130mparatorlu\u011fu, Alt\u0131nordu \u0130mparatorlu\u011fu, B\u00fcy\u00fck Timur \u0130mparatorlu\u011fu, Bab\u00fcr \u0130mparatorlu\u011fu ve Osmanl\u0131 \u0130mparatorlu\u011fu\u2019nu kurmu\u015flar; y\u00fczy\u0131llarca \u0130slam dininin ve M\u00fcsl\u00fcmanlar\u0131n h\u00e2misi ve h\u00e2dimi (koruyucusu ve hizmetk\u00e2r\u0131) olmu\u015flar; \u0130slam k\u00fclt\u00fcr ve medeniyetini kurmu\u015f ve geli\u015ftirmi\u015flerdir.T\u00fcrk tarihinde kesintisiz 622 y\u0131l s\u00fcren; y\u00fczy\u0131llarca \u00fc\u00e7 k\u0131taya h\u00fckmeden, en uzun \u00f6m\u00fcrl\u00fc ve en g\u00fc\u00e7l\u00fc T\u00fcrk ve \u0130slam devleti olan Osmanl\u0131 \u0130mparatorlu\u011fu\u2019nun y\u0131k\u0131lmas\u0131yla, 29 Ekim 1923\u2019te kurulan T\u00fcrkiye Cumhuriyeti de, tarihte oldu\u011fu gibi g\u00fcn\u00fcm\u00fczde de T\u00fcrk ve \u0130slam d\u00fcnyas\u0131nda siyasi, sosyal, k\u00fclt\u00fcrel, e\u011fitimsel, bilimsel, ekonomik ve teknolojik bak\u0131mdan en ileri, \u00f6rnek ve \u00f6nder \u00fclkedir. T\u00fcrkiye Cumhuriyeti bug\u00fcn,&#8221;G-20 Geli\u015fmi\u015f \u00dclkeler\u201din bir \u00fcyesi olarak d\u00fcnyada 16\u2019nc\u0131, Avrupa\u2019da 5\u2019inci s\u0131radad\u0131r. Hedefi; 2023\u2019te geli\u015fmi\u015f \u00fclke olarak 10\u2019uncu, 2053\u2019te 5\u2019inci, 2071\u2019de en geli\u015fmi\u015f ve en b\u00fcy\u00fck \u00fclke olarak 16. y\u00fczy\u0131lda oldu\u011fu gibi, 21\u2019inci y\u00fczy\u0131lda da lider \u00fclke olmakt\u0131r.T\u00fcrklerin insanl\u0131k tarihine ve evrensel uygarl\u0131\u011fa en b\u00fcy\u00fck katk\u0131lar\u0131, devlet \u00f6rg\u00fctleme ve y\u00f6netme yetenekleri ile \u00e7e\u015fitli inan\u00e7, din ve etnik k\u00f6kenden olu\u015fan b\u00fct\u00fcn milletleri y\u00fczy\u0131llarca adalet, g\u00fcvenlik, huzur, refah ve ho\u015fg\u00f6r\u00fc i\u00e7inde bir arada ya\u015fatma ve ba\u015far\u0131yla y\u00f6netme bilgi,birikim ve becerileridir. T\u00fcrklerin ikinci b\u00fcy\u00fck \u00f6zelli\u011fi; Sel\u00e7uklulardan itibaren M\u00fcsl\u00fcmanlar\u0131n ve \u0130slam d\u00fcnyas\u0131n\u0131n \u00f6nc\u00fcl\u00fc\u011f\u00fcn\u00fc ve koruyuculu\u011funu \u00fcstlenmi\u015f ve bunu y\u00fczy\u0131llarca ba\u015far\u0131yla ger\u00e7ekle\u015ftirmi\u015f olmalar\u0131d\u0131r. G\u00fcn\u00fcm\u00fczde de bu \u00f6nc\u00fcl\u00fck ve koruyuculuk g\u00f6revi ve hizmeti M\u00fcsl\u00fcmanlar\u0131n ve soyda\u015flar\u0131m\u0131z\u0131n ya\u015fad\u0131\u011f\u0131 her co\u011frafyada ba\u015far\u0131yla devam etmektedir.\u015eu bir ger\u00e7ektir ki; tarihte kurulan ve \u00fcst\u00fcn ba\u015far\u0131yla y\u00f6netilen b\u00fct\u00fcn T\u00fcrk devletleri ve imparatorluklar deh\u00e2 sahibi, ola\u011fan\u00fcst\u00fc yetenekli karizmatik liderlerin eseridir. T\u00fcrkiye Cumhuriyeti devleti de, d\u00e2hi bir lider olan Gazi Mustafa Kemal Atat\u00fcrk\u2019\u00fcn mucizev\u00ee bir \u015faheseridir. Bu y\u00fczdendir ki, T\u00fcrkiye Cumhuriyeti kuruldu\u011fu g\u00fcnden beri b\u00fct\u00fcn \u0130slam \u00fclkelerine, T\u00fcrk Cumhuriyetlerine ve mazlum milletlere \u00f6rnek ve \u00f6nder olmu\u015ftur.Bu Kitap\u2019ta; Mete (O\u011fuz) Han\u2019dan itibaren kurulan b\u00fcy\u00fck T\u00fcrk devletlerinin te\u015fkilat ve y\u00f6netim yap\u0131lar\u0131 ile tarihte imparatorluklar kuran ve bu imparatorluklar\u0131 \u00fcst\u00fcn ba\u015far\u0131yla y\u00f6neten karizmatik mare\u015fal lider olan T\u00fcrk h\u00fck\u00fcmdarlar\u0131n\u0131n \u00fcst\u00fcn ki\u015filik \u00f6zellikleri ve ya\u015fam bi\u00e7imleri ile \u00fcst\u00fcn liderlik nitelik ve yetenekleri, ba\u015far\u0131l\u0131 hizmetleri, eserleri ve zaferleri ele al\u0131nm\u0131\u015f ve anlat\u0131lm\u0131\u015ft\u0131r.<\/p>\n","protected":false},"excerpt":{"rendered":"<p>T\u00fcrkler, M.\u00d6. 209 y\u0131l\u0131ndan itibaren tarihte 16 b\u00fcy\u00fck devlet (imparatorluk) kurmu\u015f, y\u00fczy\u0131llarca cihana h\u00e2kim olmu\u015f; y\u00f6netimleri, k\u00fclt\u00fcr ve medeniyetleriyle \u00f6rnek ve \u00f6nder olmu\u015f, soylu ve y\u00fcce<span class=\"excerpt-hellip\"> [\u2026]<\/span><\/p>\n","protected":false},"featured_media":0,"template":"","meta":{"_monsterinsights_skip_tracking":false,"_monsterinsights_sitenote_active":false,"_monsterinsights_sitenote_note":"","_monsterinsights_sitenote_category":0},"product_brand":[],"product_cat":[12337,14706],"product_tag":[],"class_list":{"0":"post-774851","1":"product","2":"type-product","3":"status-publish","5":"product_cat-politika-siyaset","6":"product_cat-siyaset-bilimi","7":"pa_cilt-ciltsiz","8":"pa_tur-kitap","9":"pa_yayinevi-astana-yayinlari","10":"pa_yazar-nihat-ayturk","12":"first","13":"instock","14":"sale","15":"shipping-taxable","16":"purchasable","17":"product-type-simple"},"_links":{"self":[{"href":"https:\/\/roveyayinevi.com.tr\/index.php\/wp-json\/wp\/v2\/product\/774851","targetHints":{"allow":["GET"]}}],"collection":[{"href":"https:\/\/roveyayinevi.com.tr\/index.php\/wp-json\/wp\/v2\/product"}],"about":[{"href":"https:\/\/roveyayinevi.com.tr\/index.php\/wp-json\/wp\/v2\/types\/product"}],"wp:attachment":[{"href":"https:\/\/roveyayinevi.com.tr\/index.php\/wp-json\/wp\/v2\/media?parent=774851"}],"wp:term":[{"taxonomy":"product_brand","embeddable":true,"href":"https:\/\/roveyayinevi.com.tr\/index.php\/wp-json\/wp\/v2\/product_brand?post=774851"},{"taxonomy":"product_cat","embeddable":true,"href":"https:\/\/roveyayinevi.com.tr\/index.php\/wp-json\/wp\/v2\/product_cat?post=774851"},{"taxonomy":"product_tag","embeddable":true,"href":"https:\/\/roveyayinevi.com.tr\/index.php\/wp-json\/wp\/v2\/product_tag?post=774851"}],"curies":[{"name":"wp","href":"https:\/\/api.w.org\/{rel}","templated":true}]}}