{"id":774842,"date":"2025-09-09T12:03:54","date_gmt":"2025-09-09T09:03:54","guid":{"rendered":"https:\/\/roveyayinevi.com.tr\/index.php\/urun\/hak-kavrami-ve-devletin-donusumu-uzerine-uc-konferans\/"},"modified":"2026-04-16T02:25:08","modified_gmt":"2026-04-15T23:25:08","slug":"hak-kavrami-ve-devletin-donusumu-uzerine-uc-konferans","status":"publish","type":"product","link":"https:\/\/roveyayinevi.com.tr\/index.php\/urun\/hak-kavrami-ve-devletin-donusumu-uzerine-uc-konferans\/","title":{"rendered":"Hak Kavram\u0131 ve Devletin D\u00f6n\u00fc\u015f\u00fcm\u00fc \u00dczerine \u00dc\u00e7 Konferans"},"content":{"rendered":"<p>Leon Duguit\u2019nin hukuk anlay\u0131\u015f\u0131 Auguste Comte ve Emile Durkheim\u2019\u0131n sosyolojisinden k\u00f6k al\u0131r. Duguit\u2019ye g\u00f6re, hak sahibi \u00f6zneyi esas alan hukuk s\u00fcbjektiftir. Ki\u015finin do\u011fu\u015ftan gelen, mutlak birtak\u0131m hakk\u0131 oldu\u011fu d\u00fc\u015f\u00fcncesi metafizik, d\u00fc\u015f\u00fcnsel evreye \u00f6zg\u00fcd\u00fcr. Ona g\u00f6re, Comte\u2019un belirtti\u011fi \u00fczere insanl\u0131\u011f\u0131n pozitif evresinde, metafizik kavramlara dayanan b\u00f6ylesi bir hukuk anlay\u0131\u015f\u0131na yer yoktur.Duguit bireyin mutlak haklar\u0131 oldu\u011fu fikrine dayanan bir hukuk anlay\u0131\u015f\u0131na oldu\u011fu gibi siyasal iktidara mutlak bir irade bah\u015fetti\u011fini d\u00fc\u015f\u00fcnd\u00fc\u011f\u00fc egemenlik d\u00fc\u015f\u00fcncesine de kar\u015f\u0131 \u00e7\u0131kmaktad\u0131r. Bu konudaki ifadeleri \u201cKanun var olmayan bir genel iradenin veya bir devlet iradesinin ifadesi de\u011fildir. Onu tanzim eden birka\u00e7 ki\u015finin iradesinin \u00fcr\u00fcn\u00fcd\u00fcr\u201d ve \u201cKamu g\u00fcc\u00fcn\u00fc esas alan rejimden diktat\u00f6rl\u00fck ve tiranl\u0131k rejimine ge\u00e7mek i\u00e7in sadece bir ad\u0131m atmak yeterlidir\u201d diyecek kadar serttir.Duguit\u2019nin Paris\u2019te L\u2019\u00c9cole des Hautes \u00c9tudes Sociales\u2019de yani \u201cTedkik\u00e2t-\u0131 \u0130ctimaiye Mektebinde\u201d vermi\u015f oldu\u011fu \u00fc\u00e7 konferans\u0131 i\u00e7eren bu \u00e7eviri, Dar\u00fclf\u00fcnun Hukuk Fak\u00fcltesi Mecmuas\u0131\u2019n\u0131n Eyl\u00fcl 1924\u2019te yay\u0131mlanan 16. say\u0131s\u0131ndan itibaren s\u0131ral\u0131 toplam \u00fc\u00e7 say\u0131s\u0131nda tefrika edilmi\u015ftir. Edip Serdenge\u00e7ti\u2019nin \u00e7evirdi\u011fi metnin orijinal ad\u0131 Le Droit Social, Le Droit Individuel et la Transformation de l\u2019\u00c9tat\u2019d\u0131r. \u0130lk bask\u0131s\u0131 1908\u2019de yap\u0131lm\u0131\u015f, 1911\u2019de ikinci bask\u0131ya girmi\u015ftir. Bu ikinci bask\u0131y\u0131 esas alan Serdenge\u00e7ti \u00e7evirisi, ilk kez Latin harfleri ile yay\u0131nlan\u0131yor.<\/p>\n","protected":false},"excerpt":{"rendered":"<p>Leon Duguit\u2019nin hukuk anlay\u0131\u015f\u0131 Auguste Comte ve Emile Durkheim\u2019\u0131n sosyolojisinden k\u00f6k al\u0131r. Duguit\u2019ye g\u00f6re, hak sahibi \u00f6zneyi esas alan hukuk s\u00fcbjektiftir. Ki\u015finin do\u011fu\u015ftan gelen, mutlak birtak\u0131m<span class=\"excerpt-hellip\"> [\u2026]<\/span><\/p>\n","protected":false},"featured_media":0,"template":"","meta":{"_monsterinsights_skip_tracking":false,"_monsterinsights_sitenote_active":false,"_monsterinsights_sitenote_note":"","_monsterinsights_sitenote_category":0},"product_brand":[],"product_cat":[15350,17602],"product_tag":[],"class_list":{"0":"post-774842","1":"product","2":"type-product","3":"status-publish","5":"product_cat-hukuk","6":"product_cat-hukuk-uzerine","7":"pa_cilt-ciltsiz","8":"pa_tur-kitap","9":"pa_yayinevi-pinhan-yayincilik","10":"pa_yazar-leon-duguit","12":"first","13":"instock","14":"sale","15":"shipping-taxable","16":"purchasable","17":"product-type-simple"},"_links":{"self":[{"href":"https:\/\/roveyayinevi.com.tr\/index.php\/wp-json\/wp\/v2\/product\/774842","targetHints":{"allow":["GET"]}}],"collection":[{"href":"https:\/\/roveyayinevi.com.tr\/index.php\/wp-json\/wp\/v2\/product"}],"about":[{"href":"https:\/\/roveyayinevi.com.tr\/index.php\/wp-json\/wp\/v2\/types\/product"}],"wp:attachment":[{"href":"https:\/\/roveyayinevi.com.tr\/index.php\/wp-json\/wp\/v2\/media?parent=774842"}],"wp:term":[{"taxonomy":"product_brand","embeddable":true,"href":"https:\/\/roveyayinevi.com.tr\/index.php\/wp-json\/wp\/v2\/product_brand?post=774842"},{"taxonomy":"product_cat","embeddable":true,"href":"https:\/\/roveyayinevi.com.tr\/index.php\/wp-json\/wp\/v2\/product_cat?post=774842"},{"taxonomy":"product_tag","embeddable":true,"href":"https:\/\/roveyayinevi.com.tr\/index.php\/wp-json\/wp\/v2\/product_tag?post=774842"}],"curies":[{"name":"wp","href":"https:\/\/api.w.org\/{rel}","templated":true}]}}