{"id":774795,"date":"2025-09-09T11:30:55","date_gmt":"2025-09-09T08:30:55","guid":{"rendered":"https:\/\/roveyayinevi.com.tr\/index.php\/urun\/turklerin-islami-kabulu\/"},"modified":"2025-12-30T10:12:08","modified_gmt":"2025-12-30T07:12:08","slug":"turklerin-islami-kabulu","status":"publish","type":"product","link":"https:\/\/roveyayinevi.com.tr\/index.php\/urun\/turklerin-islami-kabulu\/","title":{"rendered":"T\u00fcrklerin \u0130slam\u0131 Kabul\u00fc"},"content":{"rendered":"<p>T\u00fcrklerin \u0130slam&#8217;\u0131 kabul\u00fc tarihteki en \u00f6nemli olaylardan biridir. En az \u0130slam&#8217;\u0131n ortaya \u00e7\u0131k\u0131\u015f\u0131 kadar \u00f6nemli ve etkilidir. Daha \u00f6nce Araplar ve ba\u011fl\u0131lar\u0131n\u0131n dini olan \u0130slam, T\u00fcrklerle birlikte evrensellik kazanm\u0131\u015ft\u0131r. Fakat bu \u00f6nemli konuya tarih\u00e7ice yakla\u015f\u0131m\u0131 fazla bulam\u0131yoruz. Duygu ve yarg\u0131lar daima \u00f6nde duruyor. Mevcut eserlerde \u0130slamla\u015fma s\u00fcrecinin ayr\u0131nt\u0131l\u0131 hikayesi anlat\u0131lsa da, tahlili pek yap\u0131lmam\u0131\u015ft\u0131r. Bu kitap belki herkesi k\u0131zd\u0131racakt\u0131r ama herkesin de onaylayaca\u011f\u0131 ger\u00e7ekleri dile getiriyor. Prof. Dr. Osman Karatay daha \u00f6nce &#8220;\u0130ran ile Turan&#8221; ve &#8220;T\u00fcrklerin K\u00f6keni&#8221; adl\u0131 kitaplar\u0131yla eski Avrasya&#8217;n\u0131n etnik yap\u0131s\u0131n\u0131 halla\u00e7 etti ve &#8220;Bey ile B\u00fcy\u00fcc\u00fc&#8221; adl\u0131 eseriyle \u0130slam \u00f6ncesi toplumun inan\u00e7 d\u00fcnyas\u0131n\u0131 ayr\u0131nt\u0131yla inceledi. &#8220;Hazarlar&#8221; ve &#8220;\u0130lk O\u011fuzlar&#8221; adl\u0131 kitaplar\u0131 ise \u0130slam&#8217;\u0131n ortaya \u00e7\u0131kt\u0131\u011f\u0131 g\u00fcnlerdeki en \u00f6nemli iki T\u00fcrk toplulu\u011funun ayr\u0131nt\u0131l\u0131 tarihlerini i\u00e7eriyor. Bu kitap i\u015fte bu temeller \u00fczerine kurulmu\u015ftur ve T\u00fcrklerin \u0130slamla\u015fma s\u00fcrecinin tahlilini i\u00e7ermektedir.<\/p>\n","protected":false},"excerpt":{"rendered":"<p>T\u00fcrklerin \u0130slam&#8217;\u0131 kabul\u00fc tarihteki en \u00f6nemli olaylardan biridir. En az \u0130slam&#8217;\u0131n ortaya \u00e7\u0131k\u0131\u015f\u0131 kadar \u00f6nemli ve etkilidir. Daha \u00f6nce Araplar ve ba\u011fl\u0131lar\u0131n\u0131n dini olan \u0130slam, T\u00fcrklerle<span class=\"excerpt-hellip\"> [\u2026]<\/span><\/p>\n","protected":false},"featured_media":0,"template":"","meta":{"_monsterinsights_skip_tracking":false,"_monsterinsights_sitenote_active":false,"_monsterinsights_sitenote_note":"","_monsterinsights_sitenote_category":0},"product_brand":[],"product_cat":[12304,13650],"product_tag":[],"class_list":{"0":"post-774795","1":"product","2":"type-product","3":"status-publish","5":"product_cat-tarih","6":"product_cat-turk-tarihi-arastirmalari","7":"pa_cilt-ciltsiz","8":"pa_tur-kitap","9":"pa_yayinevi-kripto-basim-yayin","10":"pa_yazar-osman-karatay","12":"first","13":"instock","14":"sale","15":"shipping-taxable","16":"purchasable","17":"product-type-simple"},"_links":{"self":[{"href":"https:\/\/roveyayinevi.com.tr\/index.php\/wp-json\/wp\/v2\/product\/774795","targetHints":{"allow":["GET"]}}],"collection":[{"href":"https:\/\/roveyayinevi.com.tr\/index.php\/wp-json\/wp\/v2\/product"}],"about":[{"href":"https:\/\/roveyayinevi.com.tr\/index.php\/wp-json\/wp\/v2\/types\/product"}],"wp:attachment":[{"href":"https:\/\/roveyayinevi.com.tr\/index.php\/wp-json\/wp\/v2\/media?parent=774795"}],"wp:term":[{"taxonomy":"product_brand","embeddable":true,"href":"https:\/\/roveyayinevi.com.tr\/index.php\/wp-json\/wp\/v2\/product_brand?post=774795"},{"taxonomy":"product_cat","embeddable":true,"href":"https:\/\/roveyayinevi.com.tr\/index.php\/wp-json\/wp\/v2\/product_cat?post=774795"},{"taxonomy":"product_tag","embeddable":true,"href":"https:\/\/roveyayinevi.com.tr\/index.php\/wp-json\/wp\/v2\/product_tag?post=774795"}],"curies":[{"name":"wp","href":"https:\/\/api.w.org\/{rel}","templated":true}]}}