{"id":774771,"date":"2025-09-09T11:12:22","date_gmt":"2025-09-09T08:12:22","guid":{"rendered":"https:\/\/roveyayinevi.com.tr\/index.php\/urun\/herkes-icin-kisa-osmanli-tarihi-1302-1922\/"},"modified":"2025-11-22T04:14:13","modified_gmt":"2025-11-22T01:14:13","slug":"herkes-icin-kisa-osmanli-tarihi-1302-1922","status":"publish","type":"product","link":"https:\/\/roveyayinevi.com.tr\/index.php\/urun\/herkes-icin-kisa-osmanli-tarihi-1302-1922\/","title":{"rendered":"Herkes \u0130\u00e7in K\u0131sa Osmanl\u0131 Tarihi (1302-1922)"},"content":{"rendered":"<p>Osmanl\u0131 \u0130mparatorlu\u011fu, tarihin g\u00f6rd\u00fc\u011f\u00fc en b\u00fcy\u00fck imparatorluklardan birisiydi. 16. y\u00fczy\u0131lda d\u00fcnya siyasetine y\u00f6n vererek, bug\u00fcnk\u00fc d\u00fcnyan\u0131n siyasi ve dini yap\u0131s\u0131n\u0131n olu\u015fmas\u0131na b\u00fcy\u00fck katk\u0131da bulundu. Osmanl\u0131 \u0130mparatorlu\u011fu, tarih sahnesinden \u00e7ekilmesine ra\u011fmen h\u00e2l\u00e2 izleri duruyor. Ancak hayat\u0131m\u0131z\u0131n hemen hemen her safhas\u0131nda izleriyle kar\u015f\u0131la\u015fmam\u0131za ra\u011fmen Osmanl\u0131 tarihi \u00f6zellikle akademik d\u00fcnyan\u0131n d\u0131\u015f\u0131ndaki okurlar i\u00e7in h\u00e2l\u00e2 karanl\u0131klar i\u00e7erisinde. Son 50-60 y\u0131lda b\u00fct\u00fcn d\u00fcnyada Osmanl\u0131 tarih yaz\u0131c\u0131l\u0131\u011f\u0131 b\u00fcy\u00fck a\u015fama kaydetmesine ra\u011fmen, akademik ara\u015ft\u0131rmalarda ortaya \u00e7\u0131kan sonu\u00e7lar \u00fclkemizde kamuoyuna fazla ula\u015famad\u0131. Bu kitapta Osmanl\u0131 tarihi ana hatlar\u0131yla anlat\u0131l\u0131rken akademik ara\u015ft\u0131rmalar\u0131n sonucunda ortaya \u00e7\u0131kan bilgilerden hareket edilmi\u015f, ancak konular anla\u015f\u0131l\u0131r bir \u00fcslupla verilmeye \u00e7al\u0131\u015f\u0131lm\u0131\u015ft\u0131r. <\/p>\n","protected":false},"excerpt":{"rendered":"<p>Osmanl\u0131 \u0130mparatorlu\u011fu, tarihin g\u00f6rd\u00fc\u011f\u00fc en b\u00fcy\u00fck imparatorluklardan birisiydi. 16. y\u00fczy\u0131lda d\u00fcnya siyasetine y\u00f6n vererek, bug\u00fcnk\u00fc d\u00fcnyan\u0131n siyasi ve dini yap\u0131s\u0131n\u0131n olu\u015fmas\u0131na b\u00fcy\u00fck katk\u0131da bulundu. Osmanl\u0131 \u0130mparatorlu\u011fu,<span class=\"excerpt-hellip\"> [\u2026]<\/span><\/p>\n","protected":false},"featured_media":0,"template":"","meta":{"_monsterinsights_skip_tracking":false,"_monsterinsights_sitenote_active":false,"_monsterinsights_sitenote_note":"","_monsterinsights_sitenote_category":0},"product_brand":[],"product_cat":[13517,12304],"product_tag":[],"class_list":{"0":"post-774771","1":"product","2":"type-product","3":"status-publish","5":"product_cat-osmanli-tarihi","6":"product_cat-tarih","7":"pa_cilt-ciltsiz","8":"pa_tur-kitap","9":"pa_yayinevi-yeditepe-yayinevi","10":"pa_yazar-erhan-afyoncu","12":"first","13":"instock","14":"sale","15":"shipping-taxable","16":"purchasable","17":"product-type-simple"},"_links":{"self":[{"href":"https:\/\/roveyayinevi.com.tr\/index.php\/wp-json\/wp\/v2\/product\/774771","targetHints":{"allow":["GET"]}}],"collection":[{"href":"https:\/\/roveyayinevi.com.tr\/index.php\/wp-json\/wp\/v2\/product"}],"about":[{"href":"https:\/\/roveyayinevi.com.tr\/index.php\/wp-json\/wp\/v2\/types\/product"}],"wp:attachment":[{"href":"https:\/\/roveyayinevi.com.tr\/index.php\/wp-json\/wp\/v2\/media?parent=774771"}],"wp:term":[{"taxonomy":"product_brand","embeddable":true,"href":"https:\/\/roveyayinevi.com.tr\/index.php\/wp-json\/wp\/v2\/product_brand?post=774771"},{"taxonomy":"product_cat","embeddable":true,"href":"https:\/\/roveyayinevi.com.tr\/index.php\/wp-json\/wp\/v2\/product_cat?post=774771"},{"taxonomy":"product_tag","embeddable":true,"href":"https:\/\/roveyayinevi.com.tr\/index.php\/wp-json\/wp\/v2\/product_tag?post=774771"}],"curies":[{"name":"wp","href":"https:\/\/api.w.org\/{rel}","templated":true}]}}