{"id":774758,"date":"2025-09-09T11:02:56","date_gmt":"2025-09-09T08:02:56","guid":{"rendered":"https:\/\/roveyayinevi.com.tr\/index.php\/urun\/osmanli-ve-avrupa\/"},"modified":"2026-04-16T02:16:53","modified_gmt":"2026-04-15T23:16:53","slug":"osmanli-ve-avrupa","status":"publish","type":"product","link":"https:\/\/roveyayinevi.com.tr\/index.php\/urun\/osmanli-ve-avrupa\/","title":{"rendered":"Osmanl\u0131 ve Avrupa"},"content":{"rendered":"<p>Osmanl\u0131 ve AvrupaOsmanl\u0131 Devleti&#8217;nin Avrupa Tarihindeki Yeri Halil \u0130nalc\u0131k-\u201c15. ve 16. y\u00fczy\u0131llar Avrupa\u2019s\u0131, zaman\u0131n b\u00fcy\u00fck politik-ekonomik g\u00fcc\u00fc Osmanl\u0131\u2019y\u0131 hesaba katmadan anla\u015f\u0131lamaz.\u201d\u201cAvrupa tarihiyle Osmanl\u0131 tarihi iki paralel tarihtir; bu nedenle iki d\u00fcnyan\u0131n tarihi kar\u015f\u0131la\u015ft\u0131rmal\u0131 olarak incelenmelidir.\u201dHalil \u0130nalc\u0131k 15. y\u00fczy\u0131l\u0131n ortalar\u0131ndan itibaren Osmanl\u0131, Avrupa tarihini \u015fekillendirmede \u00e7ok \u00f6nemli bir rol oynam\u0131\u015ft\u0131r. Osmanl\u0131&#8217;ya referansta bulunmaks\u0131z\u0131n raison d&#8217;etat, reel politik, g\u00fc\u00e7 dengesi ve hatta Avrupa kimli\u011fi gibi kavramlar\u0131 a\u00e7\u0131klamak m\u00fcmk\u00fcn de\u011fildir. Osmanl\u0131 ile Avrupa aras\u0131nda kar\u015f\u0131l\u0131kl\u0131 etkiler a\u015fik\u00e2r oldu\u011fu halde maalesef bu etkile\u015fim Bat\u0131 tarih\u00e7ili\u011finde \u00e7ok fazla dikkate al\u0131nmam\u0131\u015ft\u0131r.Hristiyan Ha\u00e7l\u0131 gelene\u011fi, uzun s\u00fcren sava\u015flara ba\u011fl\u0131 olarak geli\u015fen d\u00fc\u015fmanl\u0131k, k\u00fclt\u00fcrel yabanc\u0131la\u015fma gibi baz\u0131 tarihsel nedenlerden \u00f6t\u00fcr\u00fc ve belki de Osmanl\u0131&#8217;n\u0131n Ayd\u0131nlanma s\u00fcrecinin d\u0131\u015f\u0131nda kalmas\u0131 dolay\u0131s\u0131yla Osmanl\u0131lar Bat\u0131 tarih\u00e7ili\u011finde genellikle Avrupa ve Avrupal\u0131l\u0131\u011f\u0131n kar\u015f\u0131t\u0131 ve antitezi olarak ele al\u0131nm\u0131\u015ft\u0131r. Oysa taraflar aras\u0131nda \u00e7at\u0131\u015fmadan \u00e7ok daha fazlas\u0131 mevcuttur.Osmanl\u0131 Devleti&#8217;nin modern Avrupa&#8217;y\u0131 \u015fekillendirmedeki etkileriyle birlikte Bat\u0131 tarihindeki yeri ve Avrupa&#8217;yla aras\u0131ndaki siyasi-ekonomik ili\u015fkiler, sosyo-k\u00fclt\u00fcrel bir kar\u015f\u0131la\u015fma olarak en b\u00fcy\u00fck tarih\u00e7ilerimizden Halil \u0130nalc\u0131k&#8217;\u0131n kaleminden, Osmanl\u0131 ve Avrupa&#8217;da&#8230; <\/p>\n","protected":false},"excerpt":{"rendered":"<p>Osmanl\u0131 ve AvrupaOsmanl\u0131 Devleti&#8217;nin Avrupa Tarihindeki Yeri Halil \u0130nalc\u0131k-\u201c15. ve 16. y\u00fczy\u0131llar Avrupa\u2019s\u0131, zaman\u0131n b\u00fcy\u00fck politik-ekonomik g\u00fcc\u00fc Osmanl\u0131\u2019y\u0131 hesaba katmadan anla\u015f\u0131lamaz.\u201d\u201cAvrupa tarihiyle Osmanl\u0131 tarihi iki paralel<span class=\"excerpt-hellip\"> [\u2026]<\/span><\/p>\n","protected":false},"featured_media":0,"template":"","meta":{"_monsterinsights_skip_tracking":false,"_monsterinsights_sitenote_active":false,"_monsterinsights_sitenote_note":"","_monsterinsights_sitenote_category":0},"product_brand":[],"product_cat":[13517,12304],"product_tag":[],"class_list":{"0":"post-774758","1":"product","2":"type-product","3":"status-publish","5":"product_cat-osmanli-tarihi","6":"product_cat-tarih","7":"pa_cilt-ciltsiz","8":"pa_tur-kitap","9":"pa_yayinevi-kronik-kitap","10":"pa_yazar-halil-inalcik","12":"first","13":"instock","14":"sale","15":"shipping-taxable","16":"purchasable","17":"product-type-simple"},"_links":{"self":[{"href":"https:\/\/roveyayinevi.com.tr\/index.php\/wp-json\/wp\/v2\/product\/774758","targetHints":{"allow":["GET"]}}],"collection":[{"href":"https:\/\/roveyayinevi.com.tr\/index.php\/wp-json\/wp\/v2\/product"}],"about":[{"href":"https:\/\/roveyayinevi.com.tr\/index.php\/wp-json\/wp\/v2\/types\/product"}],"wp:attachment":[{"href":"https:\/\/roveyayinevi.com.tr\/index.php\/wp-json\/wp\/v2\/media?parent=774758"}],"wp:term":[{"taxonomy":"product_brand","embeddable":true,"href":"https:\/\/roveyayinevi.com.tr\/index.php\/wp-json\/wp\/v2\/product_brand?post=774758"},{"taxonomy":"product_cat","embeddable":true,"href":"https:\/\/roveyayinevi.com.tr\/index.php\/wp-json\/wp\/v2\/product_cat?post=774758"},{"taxonomy":"product_tag","embeddable":true,"href":"https:\/\/roveyayinevi.com.tr\/index.php\/wp-json\/wp\/v2\/product_tag?post=774758"}],"curies":[{"name":"wp","href":"https:\/\/api.w.org\/{rel}","templated":true}]}}