{"id":774616,"date":"2025-09-09T09:30:27","date_gmt":"2025-09-09T06:30:27","guid":{"rendered":"https:\/\/roveyayinevi.com.tr\/index.php\/urun\/tarlalardan-ocaklara-sefaletten-mucadeleye\/"},"modified":"2026-04-16T02:04:33","modified_gmt":"2026-04-15T23:04:33","slug":"tarlalardan-ocaklara-sefaletten-mucadeleye","status":"publish","type":"product","link":"https:\/\/roveyayinevi.com.tr\/index.php\/urun\/tarlalardan-ocaklara-sefaletten-mucadeleye\/","title":{"rendered":"Tarlalardan Ocaklara, Sefaletten M\u00fccadeleye"},"content":{"rendered":"<p>Zonguldak-Ere\u011fli k\u00f6m\u00fcr havzas\u0131nda madencili\u011fin ba\u015flamas\u0131, hem b\u00f6lge halk\u0131 hem de Osmanl\u0131 \u0130mparatorlu\u011fu i\u00e7in \u00e7ok \u00f6nemli bir geli\u015fmeydi. 1848\u2019den 1922\u2019ye kadar teknoloji, idari yap\u0131, sermaye bile\u015fimi a\u00e7\u0131s\u0131ndan havzada \u00f6nemli de\u011fi\u015fmeler ya\u015fand\u0131; havza, k\u0131sa zamanda \u0130mparatorlu\u011fun en b\u00fcy\u00fck madencilik b\u00f6lgesi haline geldi. B\u00f6lge, y\u00fczy\u0131l d\u00f6n\u00fcm\u00fcnde on bine ula\u015fan i\u015f\u00e7i say\u0131s\u0131yla da Osmanl\u0131 i\u015f\u00e7i s\u0131n\u0131f\u0131 a\u00e7\u0131s\u0131ndan \u00e7ok \u00f6nemliydi. Havzada g\u00f6r\u00fclen de\u011fi\u015fiklikler ve \u0130mparatorluk \u00e7ap\u0131nda ya\u015fanan ekonomik ve siyasi d\u00f6n\u00fc\u015f\u00fcmler, i\u015f\u00e7ilerin \u00e7al\u0131\u015fma ve ya\u015fam \u015fartlar\u0131n\u0131 derinden etkiledi ve incelenen d\u00f6nemin sonuna do\u011fru maden i\u015f\u00e7ileri kayda de\u011fer akt\u00f6rler haline geldiler. Elinizdeki \u00e7al\u0131\u015fma, emek tarih\u00e7ili\u011fine ili\u015fkin bir de\u011ferlendirme yapt\u0131ktan ve havzan\u0131n tarihini genel hatlar\u0131yla aktard\u0131ktan sonra havzadaki i\u015f\u00e7ilerin durumunu ve meydana gelen de\u011fi\u015fmeyi iki ana tema etraf\u0131nda inceliyor: \u0130\u015f\u00e7i \u00fccretleri ve i\u015f kazalar\u0131. <\/p>\n","protected":false},"excerpt":{"rendered":"<p>Zonguldak-Ere\u011fli k\u00f6m\u00fcr havzas\u0131nda madencili\u011fin ba\u015flamas\u0131, hem b\u00f6lge halk\u0131 hem de Osmanl\u0131 \u0130mparatorlu\u011fu i\u00e7in \u00e7ok \u00f6nemli bir geli\u015fmeydi. 1848\u2019den 1922\u2019ye kadar teknoloji, idari yap\u0131, sermaye bile\u015fimi a\u00e7\u0131s\u0131ndan<span class=\"excerpt-hellip\"> [\u2026]<\/span><\/p>\n","protected":false},"featured_media":0,"template":"","meta":{"_monsterinsights_skip_tracking":false,"_monsterinsights_sitenote_active":false,"_monsterinsights_sitenote_note":"","_monsterinsights_sitenote_category":0},"product_brand":[],"product_cat":[13517,12304],"product_tag":[],"class_list":{"0":"post-774616","1":"product","2":"type-product","3":"status-publish","5":"product_cat-osmanli-tarihi","6":"product_cat-tarih","7":"pa_cilt-ciltsiz","8":"pa_tur-kitap","9":"pa_yayinevi-yordam-kitap","10":"pa_yazar-e-attila-aytekin","12":"first","13":"instock","14":"sale","15":"shipping-taxable","16":"purchasable","17":"product-type-simple"},"_links":{"self":[{"href":"https:\/\/roveyayinevi.com.tr\/index.php\/wp-json\/wp\/v2\/product\/774616","targetHints":{"allow":["GET"]}}],"collection":[{"href":"https:\/\/roveyayinevi.com.tr\/index.php\/wp-json\/wp\/v2\/product"}],"about":[{"href":"https:\/\/roveyayinevi.com.tr\/index.php\/wp-json\/wp\/v2\/types\/product"}],"wp:attachment":[{"href":"https:\/\/roveyayinevi.com.tr\/index.php\/wp-json\/wp\/v2\/media?parent=774616"}],"wp:term":[{"taxonomy":"product_brand","embeddable":true,"href":"https:\/\/roveyayinevi.com.tr\/index.php\/wp-json\/wp\/v2\/product_brand?post=774616"},{"taxonomy":"product_cat","embeddable":true,"href":"https:\/\/roveyayinevi.com.tr\/index.php\/wp-json\/wp\/v2\/product_cat?post=774616"},{"taxonomy":"product_tag","embeddable":true,"href":"https:\/\/roveyayinevi.com.tr\/index.php\/wp-json\/wp\/v2\/product_tag?post=774616"}],"curies":[{"name":"wp","href":"https:\/\/api.w.org\/{rel}","templated":true}]}}