{"id":774612,"date":"2025-09-09T09:24:20","date_gmt":"2025-09-09T06:24:20","guid":{"rendered":"https:\/\/roveyayinevi.com.tr\/index.php\/urun\/defterimden-portreler-2\/"},"modified":"2026-04-16T02:03:11","modified_gmt":"2026-04-15T23:03:11","slug":"defterimden-portreler-2","status":"publish","type":"product","link":"https:\/\/roveyayinevi.com.tr\/index.php\/urun\/defterimden-portreler-2\/","title":{"rendered":"Defterimden Portreler"},"content":{"rendered":"<p>Tarihten&#8230; Sezar, \u0130mparator Augustus, Fatih Sultan Mehmed, Yavuz Sultan Selim, V. \u015earl, Kanuni ve H\u00fcrrem, Mimar Sinan, Evliya \u00c7elebi, Beethoven, K\u00f6sem Sultan, III. Selim, \u00c7ari\u00e7e II. Katerina, Kavalal\u0131 Mehmet Ali Pa\u015fa, Tolstoy, Pu\u015fkin, II. Abd\u00fclhamid&#8230; G\u00fcn\u00fcm\u00fczden&#8230; Latife Han\u0131m, Kaz\u0131m Karabekir, Osman Ertu\u011frul Efendi, Nesli\u015fah Sultan, Mehmed Akif Ersoy, B\u00fclent Ecevit, Cemil Meri\u00e7, Halil \u0130nalc\u0131k, \u0130smail Cem, Recep Yaz\u0131c\u0131o\u011flu, Yahya Kemal, Attil\u00e2 \u0130lhan, H\u00fcseyin Hatemi, Y\u0131lmaz \u00d6ztuna, Re\u015fad Ekrem Ko\u00e7u, Irene Melikoff, Oktay Aslanapa, \u00d6zdemir \u0130nce, Sureyya Faruki&#8230; T\u00fcrkiye\u2018nin \u00f6nde gelen tarih\u00e7ilerinden \u0130lber Ortayl\u0131 bu sefer defterini okurlar\u0131yla payla\u015f\u0131yor. Okuduklar\u0131n\u0131, tan\u0131d\u0131klar\u0131n\u0131, hocalar\u0131n\u0131 kendi g\u00f6z\u00fcnden okuyucular\u0131yla payla\u015f\u0131yor. Tarihe y\u00f6n veren ki\u015filer, g\u00fcn\u00fcm\u00fcz\u00fcn tan\u0131nan, tart\u0131\u015f\u0131lan, konu\u015fulan isimleri Ortayl\u0131\u2018n\u0131n kaleminden yeniden canlan\u0131yor.  Her zaman portre kaleme almay\u0131 sevdim. Portre \u00e7izmek ba\u015fl\u0131 ba\u015f\u0131na bir sanatt\u0131r. Ayr\u0131nt\u0131l\u0131 bilgilerle \u00e7izilen b\u00fcy\u00fck tarihi portreler bizde mevcut de\u011fil. Sebebi a\u00e7\u0131k, sanat\u00e7\u0131 de\u011filiz. Bir tarihi ki\u015fili\u011fi \u00e7izmek i\u00e7in her \u015feyden evvel edebiyat\u00e7\u0131 olmak, \u00f6yle bir gelenekten gelmek laz\u0131m. Bu nedenle benim giri\u015fimim bir eskizdir, okuyucunun tepkisini ve ilgisini bekliyorum.  -\u0130lber Ortayl\u0131 <\/p>\n","protected":false},"excerpt":{"rendered":"<p>Tarihten&#8230; Sezar, \u0130mparator Augustus, Fatih Sultan Mehmed, Yavuz Sultan Selim, V. \u015earl, Kanuni ve H\u00fcrrem, Mimar Sinan, Evliya \u00c7elebi, Beethoven, K\u00f6sem Sultan, III. Selim, \u00c7ari\u00e7e II.<span class=\"excerpt-hellip\"> [\u2026]<\/span><\/p>\n","protected":false},"featured_media":0,"template":"","meta":{"_monsterinsights_skip_tracking":false,"_monsterinsights_sitenote_active":false,"_monsterinsights_sitenote_note":"","_monsterinsights_sitenote_category":0},"product_brand":[],"product_cat":[12370,12304],"product_tag":[],"class_list":{"0":"post-774612","1":"product","2":"type-product","3":"status-publish","5":"product_cat-arastirma-inceleme","6":"product_cat-tarih","7":"pa_tur-kitap","8":"pa_yayinevi-timas-yayinlari","9":"pa_yazar-ilber-ortayli","11":"first","12":"instock","13":"sale","14":"shipping-taxable","15":"purchasable","16":"product-type-simple"},"_links":{"self":[{"href":"https:\/\/roveyayinevi.com.tr\/index.php\/wp-json\/wp\/v2\/product\/774612","targetHints":{"allow":["GET"]}}],"collection":[{"href":"https:\/\/roveyayinevi.com.tr\/index.php\/wp-json\/wp\/v2\/product"}],"about":[{"href":"https:\/\/roveyayinevi.com.tr\/index.php\/wp-json\/wp\/v2\/types\/product"}],"wp:attachment":[{"href":"https:\/\/roveyayinevi.com.tr\/index.php\/wp-json\/wp\/v2\/media?parent=774612"}],"wp:term":[{"taxonomy":"product_brand","embeddable":true,"href":"https:\/\/roveyayinevi.com.tr\/index.php\/wp-json\/wp\/v2\/product_brand?post=774612"},{"taxonomy":"product_cat","embeddable":true,"href":"https:\/\/roveyayinevi.com.tr\/index.php\/wp-json\/wp\/v2\/product_cat?post=774612"},{"taxonomy":"product_tag","embeddable":true,"href":"https:\/\/roveyayinevi.com.tr\/index.php\/wp-json\/wp\/v2\/product_tag?post=774612"}],"curies":[{"name":"wp","href":"https:\/\/api.w.org\/{rel}","templated":true}]}}