{"id":774566,"date":"2025-09-09T08:58:50","date_gmt":"2025-09-09T05:58:50","guid":{"rendered":"https:\/\/roveyayinevi.com.tr\/index.php\/urun\/istanbulda-isgal-yillari\/"},"modified":"2026-04-16T01:59:19","modified_gmt":"2026-04-15T22:59:19","slug":"istanbulda-isgal-yillari","status":"publish","type":"product","link":"https:\/\/roveyayinevi.com.tr\/index.php\/urun\/istanbulda-isgal-yillari\/","title":{"rendered":"\u0130stanbul\u2019da \u0130\u015fgal Y\u0131llar\u0131"},"content":{"rendered":"<p>15 May\u0131s g\u00fcn\u00fc Yunanl\u0131lar \u0130zmir\u2019e asker \u00e7\u0131karm\u0131\u015f. Bu, o g\u00fcn \u00f6\u011fleden sonra dedikodu kabilinden s\u00f6ylenmeye ba\u015flad\u0131. 16 May\u0131s tarihli gazetelerde bunun do\u011frulu\u011fu ortaya \u00e7\u0131kt\u0131&#8230; Dedikodular s\u00fcr\u00fcp gidiyor: Yunanlar\u2019\u0131n asker \u00e7\u0131karmas\u0131 \u00fczerine \u0130zmir\u2019de b\u00fcy\u00fck bir ihtilal \u00e7\u0131kt\u0131\u011f\u0131, bizden 600 kadar \u00f6l\u00fc oldu\u011fu, bu miktardan fazla da Yunanl\u0131 \u00f6ld\u00fc\u011f\u00fc ve bu harekete 300 kadar kad\u0131n\u0131n da kat\u0131ld\u0131\u011f\u0131 s\u00f6yleniyor&#8230; \u0130ki g\u00fcnden beri Yunanlar\u2019\u0131n Karadeniz k\u0131y\u0131lar\u0131ndan baz\u0131 yerlere asker \u00e7\u0131karaca\u011f\u0131 s\u00f6yleniyor. D\u00fc\u015fman\u0131n bu hareketleri kar\u015f\u0131s\u0131nda \u0130stanbul\u2019da kollar\u0131m ba\u011fl\u0131 durmak, ne can s\u0131k\u0131c\u0131 durum. \u0130lk imkan\u0131 bulunca o tarafa ge\u00e7meye kararl\u0131y\u0131m&#8230; Eyl\u00fcl\u00fcn yedisi oldu. Bir haftad\u0131r sonsuz bir sevincin saadeti i\u00e7indeyiz. B\u00fct\u00fcn endi\u015fe ve s\u0131k\u0131nt\u0131y\u0131 unuttuk. Hastal\u0131k, paras\u0131zl\u0131k, \u0131st\u0131rap, d\u00fc\u015fmanl\u0131k, gelecek endi\u015fesi, her \u015fey, her \u015fey unutuldu. Yaln\u0131z Anadolu Zaferi ve Yunan yenilgisi&#8230; \u0130. Hakk\u0131 Sunata (1892-1988) \u0130stanbul&#8217;da Vefa \u0130dadisi&#8217;ni bitirdi. \u00c7ocukluk ve gen\u00e7lik y\u0131llar\u0131na ait an\u0131lar\u0131 bu dizimizde \u0130stibdattan Me\u015frutiyete, \u00c7ocukluktan Gen\u00e7li\u011fe ad\u0131yla yay\u0131mland\u0131. Dar\u00fclf\u00fcnun (\u0130stanbul \u00dcniversitesi) Hukuk Fak\u00fcltesi ikinci s\u0131n\u0131f\u0131ndayken, Birinci D\u00fcnya Sava\u015f\u0131 ba\u015flay\u0131nca askere al\u0131nd\u0131. \u00c7anakkale&#8217;de ve Do\u011fu Cephesin&#8217;ndeki an\u0131lar\u0131n\u0131ysa Gelibolu&#8217;dan Kafkaslara kitab\u0131nda toplad\u0131. Mondros M\u00fctarekesi ile terhis edildikten sonra \u0130stanbul&#8217;a d\u00f6nd\u00fc, yar\u0131m kalan hukkuk tahsilini tamamlarken ailesini ge\u00e7indirmek i\u00e7in Dar\u00fclf\u00fcnun&#8217;da \u00e7al\u0131\u015ft\u0131. Bu d\u00f6neme ait az rastlan\u0131r bir bak\u0131\u015f a\u00e7\u0131s\u0131yla tuttu\u011fu g\u00fcnl\u00fckleri bu kitapla okuyucuyla bulu\u015fuyor. Kurtulu\u015f Sava\u015f\u0131&#8217;ndan sonra Turgutlu&#8217;da savc\u0131 olarak i\u015fe ba\u015flad\u0131. Orada evlendi. Denizli&#8217;de sulh hukuk hakimi; Karaman, Artvin, Zonguldak, ve Gaziantep&#8217;de savc\u0131 olarak g\u00f6revlendirildi. \u0130ki k\u0131z\u0131 ve bir o\u011fluna okumay\u0131 sevdirdi; \u00fc\u00e7\u00fc de t\u0131p doktoru oldu. 1958&#8217;de Tekirda\u011f a\u011f\u0131r ceza reisli\u011finden emekli oldu. Tuttu\u011fu \u00e7ocukluk, gen\u00e7lik, sava\u015f ve \u0130stanbul&#8217;da i\u015fgal zaman\u0131na ait g\u00fcnl\u00fckleriyle an\u0131lar\u0131n\u0131, emeklilik d\u00f6neminde yeni harflerle yaz\u0131p unutulmamas\u0131 i\u00e7in \u00e7ocuklar\u0131na b\u0131rakt\u0131. Tarih okudu ve yurt gezilerine \u00e7\u0131kt\u0131. Ailesiyle huzur i\u00e7inde ya\u015fad\u0131. \u0130stanbul&#8217;da vefat etti. \ufffcTan\u0131t\u0131m Metni<\/p>\n","protected":false},"excerpt":{"rendered":"<p>15 May\u0131s g\u00fcn\u00fc Yunanl\u0131lar \u0130zmir\u2019e asker \u00e7\u0131karm\u0131\u015f. Bu, o g\u00fcn \u00f6\u011fleden sonra dedikodu kabilinden s\u00f6ylenmeye ba\u015flad\u0131. 16 May\u0131s tarihli gazetelerde bunun do\u011frulu\u011fu ortaya \u00e7\u0131kt\u0131&#8230; Dedikodular s\u00fcr\u00fcp<span class=\"excerpt-hellip\"> [\u2026]<\/span><\/p>\n","protected":false},"featured_media":0,"template":"","meta":{"_monsterinsights_skip_tracking":false,"_monsterinsights_sitenote_active":false,"_monsterinsights_sitenote_note":"","_monsterinsights_sitenote_category":0},"product_brand":[],"product_cat":[12312,12304],"product_tag":[],"class_list":{"0":"post-774566","1":"product","2":"type-product","3":"status-publish","5":"product_cat-diger","6":"product_cat-tarih","7":"pa_cilt-ciltsiz","8":"pa_tur-kitap","9":"pa_yayinevi-is-bankasi-kultur-yayinlari","10":"pa_yazar-i-hakki-sunata","12":"first","13":"instock","14":"sale","15":"shipping-taxable","16":"purchasable","17":"product-type-simple"},"_links":{"self":[{"href":"https:\/\/roveyayinevi.com.tr\/index.php\/wp-json\/wp\/v2\/product\/774566","targetHints":{"allow":["GET"]}}],"collection":[{"href":"https:\/\/roveyayinevi.com.tr\/index.php\/wp-json\/wp\/v2\/product"}],"about":[{"href":"https:\/\/roveyayinevi.com.tr\/index.php\/wp-json\/wp\/v2\/types\/product"}],"wp:attachment":[{"href":"https:\/\/roveyayinevi.com.tr\/index.php\/wp-json\/wp\/v2\/media?parent=774566"}],"wp:term":[{"taxonomy":"product_brand","embeddable":true,"href":"https:\/\/roveyayinevi.com.tr\/index.php\/wp-json\/wp\/v2\/product_brand?post=774566"},{"taxonomy":"product_cat","embeddable":true,"href":"https:\/\/roveyayinevi.com.tr\/index.php\/wp-json\/wp\/v2\/product_cat?post=774566"},{"taxonomy":"product_tag","embeddable":true,"href":"https:\/\/roveyayinevi.com.tr\/index.php\/wp-json\/wp\/v2\/product_tag?post=774566"}],"curies":[{"name":"wp","href":"https:\/\/api.w.org\/{rel}","templated":true}]}}