{"id":774513,"date":"2025-08-29T01:42:40","date_gmt":"2025-08-28T22:42:40","guid":{"rendered":"https:\/\/roveyayinevi.com.tr\/index.php\/urun\/arsivler-isiginda-sindirgi-tarihi-20-yuzyila-kadar\/"},"modified":"2026-04-15T03:41:44","modified_gmt":"2026-04-15T00:41:44","slug":"arsivler-isiginda-sindirgi-tarihi-20-yuzyila-kadar","status":"publish","type":"product","link":"https:\/\/roveyayinevi.com.tr\/index.php\/urun\/arsivler-isiginda-sindirgi-tarihi-20-yuzyila-kadar\/","title":{"rendered":"Ar\u015fivler I\u015f\u0131\u011f\u0131nda S\u0131nd\u0131rg\u0131 Tarihi (20. Y\u00fczy\u0131la Kadar)"},"content":{"rendered":"<p>Bu kitap, Bal\u0131kesir\u2019in S\u0131nd\u0131rg\u0131 il\u00e7esinin 20. y\u00fczy\u0131la kadar olan tarihsel ser\u00fcvenini, ar\u015fiv belgeleri \u0131\u015f\u0131\u011f\u0131nda g\u00fcn y\u00fcz\u00fcne \u00e7\u0131kar\u0131yor. Osmanl\u0131 d\u00f6nemi defterlerinden, n\u00fcfus kay\u0131tlar\u0131na; tahrirlerden, tapu tahrirlerine kadar \u00e7ok say\u0131da birincil kaynak kullan\u0131larak haz\u0131rlanan bu \u00e7al\u0131\u015fma, sadece S\u0131nd\u0131rg\u0131\u2019n\u0131n de\u011fil, Anadolu ta\u015fras\u0131n\u0131n sosyal, idari ve ekonomik yap\u0131s\u0131n\u0131 da anlamak i\u00e7in \u00f6nemli bir ba\u015fvuru kayna\u011f\u0131d\u0131r. Bug\u00fcn Bal\u0131kesir\u2019in sakin il\u00e7elerinden biri olan S\u0131nd\u0131rg\u0131, 20. y\u00fczy\u0131la kadar k\u00f6ylerden olu\u015fan sade bir yerle\u015fim yap\u0131s\u0131na sahipti. Elinizde tuttu\u011funuz bu kitap, Osmanl\u0131 ar\u015fivlerinde sakl\u0131 kalan belgeler \u0131\u015f\u0131\u011f\u0131nda S\u0131nd\u0131rg\u0131&#8217;n\u0131n sosyal, ekonomik ve k\u00fclt\u00fcrel ge\u00e7mi\u015fine dair zengin bir panorama sunuyor. Tahrir, avar\u0131z, temettuat ve n\u00fcfus defterleri ile salnameler gibi birincil kaynaklara dayanan bu \u00e7al\u0131\u015fma; k\u00f6ylerin \u00fcretim bi\u00e7imlerinden aile yap\u0131s\u0131na, toplumsal ili\u015fkilerden g\u00fcndelik ya\u015fama, k\u00f6ylerin eski isimlerinden g\u00fcn\u00fcm\u00fczde kullan\u0131lan isimlerine, yerle\u015fim yerlerindeki s\u00fclalelerden konarg\u00f6\u00e7er s\u00fclalelere kadar pek \u00e7ok unsuru detaylar\u0131yla ortaya koyuyor.        Y\u00fczy\u0131llar \u00f6ncesinden gelen belgelerden s\u00fcz\u00fclen bilgilerle haz\u0131rlanan bu \u00e7al\u0131\u015fma, yaln\u0131zca tarih merakl\u0131lar\u0131na de\u011fil, kendi k\u00f6klerini ve k\u00fclt\u00fcr\u00fcn\u00fc daha iyi tan\u0131mak isteyen herkese \u0131\u015f\u0131k tutuyor. S\u0131nd\u0131rg\u0131\u2019n\u0131n ge\u00e7mi\u015fine duyulan sevgiyle yaz\u0131lan bu kitap, y\u00f6renin belle\u011fini canl\u0131 tutmak i\u00e7in bir davet niteli\u011finde. S\u0131nd\u0131rg\u0131\u2019n\u0131n ge\u00e7mi\u015fini belgelerle sunan bu eser hem yerel tarih ara\u015ft\u0131rmac\u0131lar\u0131 hem de Osmanl\u0131 ta\u015fras\u0131n\u0131n izlerini s\u00fcrmek isteyenler i\u00e7in vazge\u00e7ilmez bir kaynak. S\u0131nd\u0131rg\u0131\u2019n\u0131n bilinmeyen hik\u00e2yesine siz de tan\u0131kl\u0131k edin&#8230; <\/p>\n","protected":false},"excerpt":{"rendered":"<p>Bu kitap, Bal\u0131kesir\u2019in S\u0131nd\u0131rg\u0131 il\u00e7esinin 20. y\u00fczy\u0131la kadar olan tarihsel ser\u00fcvenini, ar\u015fiv belgeleri \u0131\u015f\u0131\u011f\u0131nda g\u00fcn y\u00fcz\u00fcne \u00e7\u0131kar\u0131yor. Osmanl\u0131 d\u00f6nemi defterlerinden, n\u00fcfus kay\u0131tlar\u0131na; tahrirlerden, tapu tahrirlerine kadar<span class=\"excerpt-hellip\"> [\u2026]<\/span><\/p>\n","protected":false},"featured_media":0,"template":"","meta":{"_monsterinsights_skip_tracking":false,"_monsterinsights_sitenote_active":false,"_monsterinsights_sitenote_note":"","_monsterinsights_sitenote_category":0},"product_brand":[],"product_cat":[12370,12304],"product_tag":[],"class_list":{"0":"post-774513","1":"product","2":"type-product","3":"status-publish","5":"product_cat-arastirma-inceleme","6":"product_cat-tarih","7":"pa_cilt-ciltsiz","8":"pa_tur-kitap","9":"pa_yayinevi-kalyora-yayincilik","10":"pa_yazar-murat-bektas","12":"first","13":"instock","14":"sale","15":"shipping-taxable","16":"purchasable","17":"product-type-simple"},"_links":{"self":[{"href":"https:\/\/roveyayinevi.com.tr\/index.php\/wp-json\/wp\/v2\/product\/774513","targetHints":{"allow":["GET"]}}],"collection":[{"href":"https:\/\/roveyayinevi.com.tr\/index.php\/wp-json\/wp\/v2\/product"}],"about":[{"href":"https:\/\/roveyayinevi.com.tr\/index.php\/wp-json\/wp\/v2\/types\/product"}],"wp:attachment":[{"href":"https:\/\/roveyayinevi.com.tr\/index.php\/wp-json\/wp\/v2\/media?parent=774513"}],"wp:term":[{"taxonomy":"product_brand","embeddable":true,"href":"https:\/\/roveyayinevi.com.tr\/index.php\/wp-json\/wp\/v2\/product_brand?post=774513"},{"taxonomy":"product_cat","embeddable":true,"href":"https:\/\/roveyayinevi.com.tr\/index.php\/wp-json\/wp\/v2\/product_cat?post=774513"},{"taxonomy":"product_tag","embeddable":true,"href":"https:\/\/roveyayinevi.com.tr\/index.php\/wp-json\/wp\/v2\/product_tag?post=774513"}],"curies":[{"name":"wp","href":"https:\/\/api.w.org\/{rel}","templated":true}]}}