{"id":774482,"date":"2025-08-29T01:38:05","date_gmt":"2025-08-28T22:38:05","guid":{"rendered":"https:\/\/roveyayinevi.com.tr\/index.php\/urun\/alginin-anatomisi\/"},"modified":"2026-04-15T03:39:54","modified_gmt":"2026-04-15T00:39:54","slug":"alginin-anatomisi","status":"publish","type":"product","link":"https:\/\/roveyayinevi.com.tr\/index.php\/urun\/alginin-anatomisi\/","title":{"rendered":"Alg\u0131n\u0131n Anatomisi"},"content":{"rendered":"<p>Alg\u0131n\u0131n Anatomisi: Psikoloji, Medya ve Gen\u00e7lik, g\u00fcn\u00fcm\u00fcz toplumunun en dinamik \u00fc\u00e7 alan\u0131n\u0131 bir araya getiren \u00f6zg\u00fcn bir \u00e7al\u0131\u015fmad\u0131r. Kitap, gen\u00e7 bireylerin medya ile kurdu\u011fu \u00e7ok y\u00f6nl\u00fc ili\u015fkiyi psikolojik perspektiften ele al\u0131rken, bu ili\u015fkinin birey \u00fczerindeki etkilerini sorgulay\u0131c\u0131 bir dille inceliyor. \u00d6zellikle dijitalle\u015fmenin h\u0131z kazand\u0131\u011f\u0131 son y\u0131llarda, medya i\u00e7eriklerinin gen\u00e7 zihinler \u00fczerindeki etkisi g\u00f6z ard\u0131 edilemeyecek kadar derinle\u015fmi\u015f durumdad\u0131r. Bu kitap, s\u00f6z konusu etkileri y\u00fczeysel bir de\u011ferlendirmeden ziyade, bilimsel verilere ve g\u00fcncel \u00f6rneklere dayand\u0131rarak a\u00e7\u0131klamaya \u00e7al\u0131\u015f\u0131r. Alg\u0131n\u0131n Anatomisi, yaln\u0131zca akademik \u00e7evrelere de\u011fil, ayn\u0131 zamanda ebeveynlere, \u00f6\u011fretmenlere ve medya \u00fcreticilerine de seslenmektedir. Gen\u00e7 bireylerin medya ile olan ili\u015fkilerini daha sa\u011fl\u0131kl\u0131 kurabilmeleri i\u00e7in \u00f6neriler sunarken, ayn\u0131 zamanda ele\u015ftirel d\u00fc\u015f\u00fcnme becerilerinin geli\u015fmesine katk\u0131 sa\u011flamay\u0131 hedefler. Kitap, gen\u00e7lik ile medya aras\u0131nda kurulan bu ince k\u00f6pr\u00fcy\u00fc anlamaya ve anlamland\u0131rmaya \u00e7al\u0131\u015fan herkes i\u00e7in g\u00fc\u00e7l\u00fc bir kaynak niteli\u011findedir.     <\/p>\n","protected":false},"excerpt":{"rendered":"<p>Alg\u0131n\u0131n Anatomisi: Psikoloji, Medya ve Gen\u00e7lik, g\u00fcn\u00fcm\u00fcz toplumunun en dinamik \u00fc\u00e7 alan\u0131n\u0131 bir araya getiren \u00f6zg\u00fcn bir \u00e7al\u0131\u015fmad\u0131r. Kitap, gen\u00e7 bireylerin medya ile kurdu\u011fu \u00e7ok y\u00f6nl\u00fc<span class=\"excerpt-hellip\"> [\u2026]<\/span><\/p>\n","protected":false},"featured_media":0,"template":"","meta":{"_monsterinsights_skip_tracking":false,"_monsterinsights_sitenote_active":false,"_monsterinsights_sitenote_note":"","_monsterinsights_sitenote_category":0},"product_brand":[],"product_cat":[12357],"product_tag":[],"class_list":{"0":"post-774482","1":"product","2":"type-product","3":"status-publish","5":"product_cat-psikoloji","6":"pa_cilt-ciltsiz","7":"pa_tur-kitap","8":"pa_yayinevi-zet-akademi-yayinlari","9":"pa_yazar-ufuk-yilmaz","11":"first","12":"instock","13":"sale","14":"shipping-taxable","15":"purchasable","16":"product-type-simple"},"_links":{"self":[{"href":"https:\/\/roveyayinevi.com.tr\/index.php\/wp-json\/wp\/v2\/product\/774482","targetHints":{"allow":["GET"]}}],"collection":[{"href":"https:\/\/roveyayinevi.com.tr\/index.php\/wp-json\/wp\/v2\/product"}],"about":[{"href":"https:\/\/roveyayinevi.com.tr\/index.php\/wp-json\/wp\/v2\/types\/product"}],"wp:attachment":[{"href":"https:\/\/roveyayinevi.com.tr\/index.php\/wp-json\/wp\/v2\/media?parent=774482"}],"wp:term":[{"taxonomy":"product_brand","embeddable":true,"href":"https:\/\/roveyayinevi.com.tr\/index.php\/wp-json\/wp\/v2\/product_brand?post=774482"},{"taxonomy":"product_cat","embeddable":true,"href":"https:\/\/roveyayinevi.com.tr\/index.php\/wp-json\/wp\/v2\/product_cat?post=774482"},{"taxonomy":"product_tag","embeddable":true,"href":"https:\/\/roveyayinevi.com.tr\/index.php\/wp-json\/wp\/v2\/product_tag?post=774482"}],"curies":[{"name":"wp","href":"https:\/\/api.w.org\/{rel}","templated":true}]}}